{"id":43,"date":"2022-07-07T11:11:09","date_gmt":"2022-07-07T09:11:09","guid":{"rendered":"http:\/\/iskranet.com\/wmm\/?page_id=43"},"modified":"2023-07-28T12:07:44","modified_gmt":"2023-07-28T10:07:44","slug":"docenti","status":"publish","type":"page","link":"https:\/\/www.webmediamaster.unipr.it\/wmm\/docenti\/","title":{"rendered":"Docenti"},"content":{"rendered":"<p>[et_pb_section fb_built=&#8221;1&#8243; _builder_version=&#8221;4.17.4&#8243; _module_preset=&#8221;default&#8221; background_image=&#8221;https:\/\/www.webmediamaster.unipr.it\/wmm\/wp-content\/uploads\/2022\/08\/dom-fou-YRMWVcdyhmI-unsplash-scaled.jpg&#8221; background_position=&#8221;center_left&#8221; background_blend=&#8221;darken&#8221; custom_margin=&#8221;0px|0px|0px|0px|false|false&#8221; custom_padding=&#8221;0px|0px|4px|0px|false|false&#8221; locked=&#8221;off&#8221; global_colors_info=&#8221;{}&#8221;][et_pb_row column_structure=&#8221;1_2,1_2&#8243; use_custom_gutter=&#8221;on&#8221; gutter_width=&#8221;4&#8243; _builder_version=&#8221;4.17.4&#8243; _module_preset=&#8221;default&#8221; width=&#8221;100%&#8221; max_width=&#8221;1260px&#8221; module_alignment=&#8221;center&#8221; height=&#8221;607px&#8221; max_height=&#8221;1000px&#8221; custom_margin=&#8221;0px||||false|false&#8221; custom_padding=&#8221;120px|32px|68px||false|false&#8221; global_colors_info=&#8221;{}&#8221;][et_pb_column type=&#8221;1_2&#8243; _builder_version=&#8221;4.17.4&#8243; _module_preset=&#8221;default&#8221; background_enable_image=&#8221;off&#8221; custom_padding=&#8221;||||false|false&#8221; global_colors_info=&#8221;{}&#8221;][\/et_pb_column][et_pb_column type=&#8221;1_2&#8243; _builder_version=&#8221;4.17.4&#8243; _module_preset=&#8221;default&#8221; background_color=&#8221;#0C71C3&#8243; global_colors_info=&#8221;{}&#8221;][et_pb_text _builder_version=&#8221;4.17.4&#8243; _module_preset=&#8221;default&#8221; text_font=&#8221;Montserrat|700|||||||&#8221; text_text_color=&#8221;#FFFFFF&#8221; text_font_size=&#8221;38px&#8221; text_line_height=&#8221;1em&#8221; width=&#8221;100%&#8221; custom_margin=&#8221;60px||40px|100px|false|false&#8221; custom_margin_tablet=&#8221;-50px|30px|30px|30px|false|true&#8221; custom_margin_phone=&#8221;1px|0px|30px|10px|false|false&#8221; custom_margin_last_edited=&#8221;on|desktop&#8221; custom_padding=&#8221;|16px|0px||false|false&#8221; global_colors_info=&#8221;{}&#8221;]<\/p>\n<p>I nostri Docenti<\/p>\n<p>[\/et_pb_text][et_pb_button button_text=&#8221;Scarica la brochure &#8221; _builder_version=&#8221;4.19.2&#8243; _module_preset=&#8221;default&#8221; custom_button=&#8221;on&#8221; button_text_color=&#8221;#FFFFFF&#8221; custom_margin=&#8221;-3px||50px|100px|false|false&#8221; custom_margin_tablet=&#8221;-100px|280px||280px|false|true&#8221; custom_margin_phone=&#8221;30px|100px||100px|false|true&#8221; custom_margin_last_edited=&#8221;on|phone&#8221; custom_padding=&#8221;||||false|false&#8221; hover_enabled=&#8221;0&#8243; box_shadow_style=&#8221;preset4&#8243; box_shadow_vertical=&#8221;5px&#8221; box_shadow_color=&#8221;#FFFFFF&#8221; global_colors_info=&#8221;{}&#8221; button_url=&#8221;https:\/\/www.webmediamaster.unipr.it\/wmm\/wp-content\/uploads\/2023\/07\/brochure-MASTER-IN-COMUNICSZIONE-DIGITALE-2023-2024-rid.pdf&#8221; sticky_enabled=&#8221;0&#8243;][\/et_pb_button][\/et_pb_column][\/et_pb_row][\/et_pb_section][et_pb_section fb_built=&#8221;1&#8243; specialty=&#8221;on&#8221; _builder_version=&#8221;4.17.4&#8243; _module_preset=&#8221;default&#8221; custom_margin=&#8221;-1px|||||&#8221; global_colors_info=&#8221;{}&#8221;][et_pb_column type=&#8221;1_2&#8243; _builder_version=&#8221;4.16&#8243; custom_padding=&#8221;|||&#8221; global_colors_info=&#8221;{}&#8221; custom_padding__hover=&#8221;|||&#8221;][et_pb_image src=&#8221;https:\/\/www.webmediamaster.unipr.it\/wmm\/wp-content\/uploads\/2022\/08\/Argante_Enzo.jpg&#8221; title_text=&#8221;Argante_Enzo&#8221; align=&#8221;center&#8221; show_bottom_space_tablet=&#8221;&#8221; show_bottom_space_phone=&#8221;&#8221; show_bottom_space_last_edited=&#8221;on|tablet&#8221; _builder_version=&#8221;4.17.4&#8243; _module_preset=&#8221;default&#8221; background_color=&#8221;RGBA(255,255,255,0)&#8221; width=&#8221;98.7%&#8221; custom_margin=&#8221;|0px|0px||false|false&#8221; custom_margin_tablet=&#8221;180px||||false|false&#8221; custom_margin_phone=&#8221;150px||||false|false&#8221; custom_margin_last_edited=&#8221;on|desktop&#8221; custom_padding=&#8221;0px|0px|0px||false|false&#8221; box_shadow_style=&#8221;preset2&#8243; global_colors_info=&#8221;{}&#8221;][\/et_pb_image][\/et_pb_column][et_pb_column type=&#8221;1_2&#8243; specialty_columns=&#8221;2&#8243; _builder_version=&#8221;4.16&#8243; custom_padding=&#8221;|||&#8221; global_colors_info=&#8221;{}&#8221; custom_padding__hover=&#8221;|||&#8221;][et_pb_row_inner column_structure=&#8221;1_2,1_2&#8243; _builder_version=&#8221;4.17.4&#8243; _module_preset=&#8221;default&#8221; global_colors_info=&#8221;{}&#8221;][et_pb_column_inner type=&#8221;1_2&#8243; saved_specialty_column_type=&#8221;1_2&#8243; _builder_version=&#8221;4.17.4&#8243; _module_preset=&#8221;default&#8221; global_colors_info=&#8221;{}&#8221;][et_pb_text _builder_version=&#8221;4.17.4&#8243; _module_preset=&#8221;default&#8221; text_font=&#8221;Montserrat||||||||&#8221; text_text_color=&#8221;#000000&#8243; text_font_size=&#8221;40px&#8221; text_line_height=&#8221;1em&#8221; custom_margin=&#8221;-6px||30px||false|false&#8221; custom_margin_tablet=&#8221;0px||||false|false&#8221; custom_margin_phone=&#8221;0px||||false|false&#8221; custom_margin_last_edited=&#8221;on|phone&#8221; custom_padding=&#8221;0px||0px||false|false&#8221; global_colors_info=&#8221;{}&#8221;]<\/p>\n<p>Enzo Argante<\/p>\n<p>[\/et_pb_text][et_pb_social_media_follow _builder_version=&#8221;4.19.2&#8243; _module_preset=&#8221;default&#8221; hover_enabled=&#8221;0&#8243; global_colors_info=&#8221;{}&#8221; background_color=&#8221;RGBA(255,255,255,0)&#8221; sticky_enabled=&#8221;0&#8243;][et_pb_social_media_follow_network social_network=&#8221;facebook&#8221; url=&#8221;http:\/\/www.facebook.com\/giorgio.triani&#8221; _builder_version=&#8221;4.17.4&#8243; _module_preset=&#8221;default&#8221; background_color=&#8221;#3b5998&#8243; global_colors_info=&#8221;{}&#8221; follow_button=&#8221;off&#8221; url_new_window=&#8221;on&#8221;]facebook[\/et_pb_social_media_follow_network][et_pb_social_media_follow_network social_network=&#8221;twitter&#8221; url=&#8221;https:\/\/twitter.com\/giorgiotriani&#8221; _builder_version=&#8221;4.17.4&#8243; _module_preset=&#8221;default&#8221; background_color=&#8221;#00aced&#8221; global_colors_info=&#8221;{}&#8221; follow_button=&#8221;off&#8221; url_new_window=&#8221;on&#8221;]twitter[\/et_pb_social_media_follow_network][et_pb_social_media_follow_network social_network=&#8221;linkedin&#8221; url=&#8221;https:\/\/www.linkedin.com\/in\/giorgio-triani&#8221; _builder_version=&#8221;4.17.4&#8243; _module_preset=&#8221;default&#8221; background_color=&#8221;#007bb6&#8243; global_colors_info=&#8221;{}&#8221; follow_button=&#8221;off&#8221; url_new_window=&#8221;on&#8221;]linkedin[\/et_pb_social_media_follow_network][\/et_pb_social_media_follow][\/et_pb_column_inner][et_pb_column_inner type=&#8221;1_2&#8243; saved_specialty_column_type=&#8221;1_2&#8243; _builder_version=&#8221;4.17.4&#8243; _module_preset=&#8221;default&#8221; global_colors_info=&#8221;{}&#8221;][et_pb_toggle title=&#8221;Video&#038;visual strategy e realt\u00e0 aumentata (AR)&#8221; open_toggle_text_color=&#8221;#000000&#8243; open_toggle_background_color=&#8221;rgba(70,77,91,0.08)&#8221; closed_toggle_background_color=&#8221;#FFFFFF&#8221; icon_color=&#8221;#000000&#8243; toggle_icon=&#8221;&#x3b;||divi||400&#8243; open_icon_color=&#8221;#000000&#8243; open_toggle_icon=&#8221;&#x4d;||divi||400&#8243; _builder_version=&#8221;4.17.4&#8243; _module_preset=&#8221;default&#8221; title_text_color=&#8221;#000000&#8243; title_font=&#8221;Montserrat|600|||||||&#8221; title_text_align=&#8221;left&#8221; title_font_size=&#8221;14px&#8221; closed_title_font=&#8221;Montserrat||||||||&#8221; closed_title_text_align=&#8221;left&#8221; closed_title_font_size=&#8221;14px&#8221; body_font=&#8221;Montserrat||||||||&#8221; body_text_color=&#8221;#000000&#8243; text_orientation=&#8221;left&#8221; custom_margin=&#8221;||||false|false&#8221; border_radii=&#8221;on|4px|4px|4px|4px&#8221; border_width_all=&#8221;2px&#8221; border_color_all=&#8221;rgba(70,77,91,0.87)&#8221; box_shadow_style=&#8221;preset4&#8243; box_shadow_color=&#8221;#0C71C3&#8243; global_colors_info=&#8221;{}&#8221;]<\/p>\n<p>Dalla mixed information all&#8217;intelligence of things.<br \/>La gestione della conoscenza \u00e8 stata riscritta alla base e nelle visioni, abilitando frontiere inesplorate. <br \/>Quindi nuove regole e nuovi mondi (metaverso compreso). Occorre anche esplorare e ridefinire i confini della relazione fra macchine e macchine e macchine e umani. La gestione della conoscenza con al centro l&#8217;intelligenza artificiale. Gli studenti saranno coinvolti nella realizzazione del magazine video Siamo Jedi su BFC Forbes e SiamoJedi\/ilsole24ore.com in collaborazione con Nuvolaverde.<\/p>\n<p>I contenuti del corso comprendono: metodologie per raccogliere e studiare l&#8217;atteggiamento e la disposizione dei propri clienti e dei clienti della concorrenza, degli attori del mercato reale e potenziale nei confronti di marchi e fenomeni; tecniche di raccolta dati tramite i social media (blog, forum, wiki, mainstream, videosharing) allo scopo di evidenziare la reputazione di un marchio, un&#8217;attivit\u00e0, un&#8217;impresa; strumenti, soluzioni e buone pratiche per la redazione di report e infografiche.<\/p>\n<p>[\/et_pb_toggle][\/et_pb_column_inner][\/et_pb_row_inner][et_pb_row_inner _builder_version=&#8221;4.17.4&#8243; _module_preset=&#8221;default&#8221; global_colors_info=&#8221;{}&#8221;][et_pb_column_inner saved_specialty_column_type=&#8221;1_2&#8243; _builder_version=&#8221;4.17.4&#8243; _module_preset=&#8221;default&#8221; global_colors_info=&#8221;{}&#8221;][et_pb_text _builder_version=&#8221;4.17.4&#8243; _module_preset=&#8221;default&#8221; text_font=&#8221;Montserrat||||||||&#8221; text_text_color=&#8221;#000000&#8243; custom_margin=&#8221;-25px||||false|false&#8221; custom_margin_tablet=&#8221;0px||||false|false&#8221; custom_margin_phone=&#8221;0px||||false|false&#8221; custom_margin_last_edited=&#8221;on|phone&#8221; border_color_all=&#8221;RGBA(255,255,255,0)&#8221; border_style_all=&#8221;none&#8221; border_width_top=&#8221;5px&#8221; global_colors_info=&#8221;{}&#8221;]<\/p>\n<p>Giornalista professionista.<br \/>Responsibility Forbes Italia.<br \/>Presidente di Nuvolverde.<\/p>\n<p>Fondatore della scuola Jedi Accademia+. Presidente del Premio Aret\u00e9 alla Comunicazione Responsabile con Confindustria e Abi, con Gruppo 24 Ore.<\/p>\n<p>[\/et_pb_text][\/et_pb_column_inner][\/et_pb_row_inner][\/et_pb_column][\/et_pb_section][et_pb_section fb_built=&#8221;1&#8243; specialty=&#8221;on&#8221; _builder_version=&#8221;4.17.4&#8243; _module_preset=&#8221;default&#8221; global_colors_info=&#8221;{}&#8221;][et_pb_column type=&#8221;1_2&#8243; specialty_columns=&#8221;2&#8243; _builder_version=&#8221;4.16&#8243; custom_padding=&#8221;|||&#8221; global_colors_info=&#8221;{}&#8221; custom_padding__hover=&#8221;|||&#8221;][et_pb_row_inner column_structure=&#8221;1_2,1_2&#8243; _builder_version=&#8221;4.17.4&#8243; _module_preset=&#8221;default&#8221; global_colors_info=&#8221;{}&#8221;][et_pb_column_inner type=&#8221;1_2&#8243; saved_specialty_column_type=&#8221;1_2&#8243; _builder_version=&#8221;4.17.4&#8243; _module_preset=&#8221;default&#8221; global_colors_info=&#8221;{}&#8221;][et_pb_text _builder_version=&#8221;4.17.4&#8243; _module_preset=&#8221;default&#8221; text_font=&#8221;Montserrat||||||||&#8221; text_text_color=&#8221;#000000&#8243; text_font_size=&#8221;40px&#8221; text_line_height=&#8221;1em&#8221; custom_margin=&#8221;-6px||0px||false|false&#8221; custom_margin_tablet=&#8221;0px||||false|false&#8221; custom_margin_phone=&#8221;0px||||false|false&#8221; custom_margin_last_edited=&#8221;on|phone&#8221; custom_padding=&#8221;0px||0px||false|false&#8221; global_colors_info=&#8221;{}&#8221;]<\/p>\n<p>Enrico Bassi\u00a0<\/p>\n<p>[\/et_pb_text][\/et_pb_column_inner][et_pb_column_inner type=&#8221;1_2&#8243; saved_specialty_column_type=&#8221;1_2&#8243; _builder_version=&#8221;4.17.4&#8243; _module_preset=&#8221;default&#8221; global_colors_info=&#8221;{}&#8221;][et_pb_toggle title=&#8221;Start up communication. Raccontare l\u2019innovazione.&#8221; open_toggle_text_color=&#8221;#000000&#8243; open_toggle_background_color=&#8221;rgba(70,77,91,0.09)&#8221; closed_toggle_background_color=&#8221;#FFFFFF&#8221; icon_color=&#8221;#000000&#8243; toggle_icon=&#8221;&#x3b;||divi||400&#8243; open_icon_color=&#8221;#000000&#8243; open_toggle_icon=&#8221;&#x4d;||divi||400&#8243; _builder_version=&#8221;4.17.4&#8243; _module_preset=&#8221;default&#8221; title_text_color=&#8221;#000000&#8243; title_font=&#8221;Montserrat|600|||||||&#8221; title_font_size=&#8221;14px&#8221; closed_title_font=&#8221;Montserrat||||||||&#8221; closed_title_font_size=&#8221;14px&#8221; body_font=&#8221;Montserrat||||||||&#8221; body_text_color=&#8221;#000000&#8243; custom_margin=&#8221;||11px|||&#8221; border_radii=&#8221;on|4px|4px|4px|4px&#8221; border_width_all=&#8221;2px&#8221; border_color_all=&#8221;#464d5b&#8221; box_shadow_style=&#8221;preset4&#8243; box_shadow_color=&#8221;#0C71C3&#8243; global_colors_info=&#8221;{}&#8221;]<\/p>\n<p>Durante il corso si analizzeranno varie forme di comunicazione legate all&#8217;innovazione, dalla divulgazione scientifica alla comunicazione per le startup, dalla spiegazione dello scenario al racconto tecnologico. Gli studenti saranno invitati ad un lavoro ispirato alla flipped classroom, con un ampio tempo dedicato alla discussione e analisi tra pari.<\/p>\n<p>[\/et_pb_toggle][\/et_pb_column_inner][\/et_pb_row_inner][et_pb_row_inner _builder_version=&#8221;4.17.4&#8243; _module_preset=&#8221;default&#8221; global_colors_info=&#8221;{}&#8221;][et_pb_column_inner saved_specialty_column_type=&#8221;1_2&#8243; _builder_version=&#8221;4.17.4&#8243; _module_preset=&#8221;default&#8221; global_colors_info=&#8221;{}&#8221;][et_pb_text _builder_version=&#8221;4.17.4&#8243; _module_preset=&#8221;default&#8221; text_font=&#8221;Montserrat||||||||&#8221; text_text_color=&#8221;#000000&#8243; custom_margin=&#8221;-25px||||false|false&#8221; custom_margin_tablet=&#8221;0px||||false|false&#8221; custom_margin_phone=&#8221;0px||||false|false&#8221; custom_margin_last_edited=&#8221;on|phone&#8221; border_color_all=&#8221;RGBA(255,255,255,0)&#8221; border_style_all=&#8221;none&#8221; border_width_top=&#8221;5px&#8221; global_colors_info=&#8221;{}&#8221;]<\/p>\n<p>Laureato in \u201cDesign &amp; Engineering\u201d e \u201cDesign del Prodotto\u201d al politecnico di Milano, ha lavorato come Innovation Designer tra Milano e Miami per tre anni. Ha coordinato il primo <strong>Fab Lab<\/strong> (laboratorio di fabbricazione digitale) italiano nel 2011, Fab Lab Italia.<\/p>\n<p>Ha completato nel 2015 il corso internazionale \u201cFab Academy&#8221;.<br \/>Attualmente insegna in diverse universit\u00e0 e accademie, tra cui: <strong>NABA<\/strong> (nuova accedemia di belle arti di Milano), <strong>Domus Academy<\/strong> (Milano) e al Master of advanced studies in interaction design della<strong> SUPSI<\/strong> (Lugano)<\/p>\n<p>[\/et_pb_text][\/et_pb_column_inner][\/et_pb_row_inner][\/et_pb_column][et_pb_column type=&#8221;1_2&#8243; _builder_version=&#8221;4.16&#8243; custom_padding=&#8221;|||&#8221; global_colors_info=&#8221;{}&#8221; custom_padding__hover=&#8221;|||&#8221;][et_pb_image src=&#8221;https:\/\/www.webmediamaster.unipr.it\/wmm\/wp-content\/uploads\/2022\/08\/Enrico-Bassi.jpg&#8221; title_text=&#8221;Enrico-Bassi&#8221; align=&#8221;center&#8221; _builder_version=&#8221;4.17.4&#8243; _module_preset=&#8221;default&#8221; background_color=&#8221;RGBA(255,255,255,0)&#8221; max_width=&#8221;375%&#8221; module_alignment=&#8221;center&#8221; min_height=&#8221;379px&#8221; height=&#8221;379px&#8221; max_height=&#8221;379px&#8221; custom_margin=&#8221;-30px|0px|0px||false|false&#8221; custom_padding=&#8221;0px|0px|0px||false|false&#8221; box_shadow_style=&#8221;preset2&#8243; locked=&#8221;off&#8221; global_colors_info=&#8221;{}&#8221;][\/et_pb_image][\/et_pb_column][\/et_pb_section][et_pb_section fb_built=&#8221;1&#8243; specialty=&#8221;on&#8221; _builder_version=&#8221;4.17.4&#8243; _module_preset=&#8221;default&#8221; custom_margin=&#8221;51px|||||&#8221; global_colors_info=&#8221;{}&#8221;][et_pb_column type=&#8221;1_2&#8243; _builder_version=&#8221;4.16&#8243; custom_padding=&#8221;|||&#8221; global_colors_info=&#8221;{}&#8221; custom_padding__hover=&#8221;|||&#8221;][et_pb_image src=&#8221;https:\/\/www.webmediamaster.unipr.it\/wmm\/wp-content\/uploads\/2022\/09\/principal-guido-conti-e1664223202710.jpg&#8221; title_text=&#8221;principal-guido-conti&#8221; align=&#8221;center&#8221; _builder_version=&#8221;4.19.2&#8243; _module_preset=&#8221;default&#8221; background_color=&#8221;RGBA(255,255,255,0)&#8221; width=&#8221;98.7%&#8221; height=&#8221;400px&#8221; custom_margin=&#8221;||0px||false|false&#8221; custom_padding=&#8221;0px|0px|0px||false|false&#8221; box_shadow_style=&#8221;preset2&#8243; global_colors_info=&#8221;{}&#8221;][\/et_pb_image][\/et_pb_column][et_pb_column type=&#8221;1_2&#8243; specialty_columns=&#8221;2&#8243; _builder_version=&#8221;4.16&#8243; custom_padding=&#8221;|||&#8221; global_colors_info=&#8221;{}&#8221; custom_padding__hover=&#8221;|||&#8221;][et_pb_row_inner column_structure=&#8221;1_2,1_2&#8243; _builder_version=&#8221;4.17.4&#8243; _module_preset=&#8221;default&#8221; global_colors_info=&#8221;{}&#8221;][et_pb_column_inner type=&#8221;1_2&#8243; saved_specialty_column_type=&#8221;1_2&#8243; _builder_version=&#8221;4.17.4&#8243; _module_preset=&#8221;default&#8221; global_colors_info=&#8221;{}&#8221;][et_pb_text _builder_version=&#8221;4.17.4&#8243; _module_preset=&#8221;default&#8221; text_font=&#8221;Montserrat||||||||&#8221; text_text_color=&#8221;#000000&#8243; text_font_size=&#8221;40px&#8221; text_line_height=&#8221;1em&#8221; custom_margin=&#8221;-6px||0px||false|false&#8221; custom_margin_tablet=&#8221;0px||||false|false&#8221; custom_margin_phone=&#8221;0px||||false|false&#8221; custom_margin_last_edited=&#8221;on|phone&#8221; custom_padding=&#8221;0px||0px||false|false&#8221; global_colors_info=&#8221;{}&#8221;]<\/p>\n<p>Guido Conti<\/p>\n<p>[\/et_pb_text][et_pb_social_media_follow _builder_version=&#8221;4.19.2&#8243; _module_preset=&#8221;default&#8221; hover_enabled=&#8221;0&#8243; global_colors_info=&#8221;{}&#8221; background_color=&#8221;RGBA(255,255,255,0)&#8221; sticky_enabled=&#8221;0&#8243;][et_pb_social_media_follow_network social_network=&#8221;facebook&#8221; url=&#8221;http:\/\/www.facebook.com\/giorgio.triani&#8221; _builder_version=&#8221;4.17.4&#8243; _module_preset=&#8221;default&#8221; background_color=&#8221;#3b5998&#8243; global_colors_info=&#8221;{}&#8221; follow_button=&#8221;off&#8221; url_new_window=&#8221;on&#8221;]facebook[\/et_pb_social_media_follow_network][et_pb_social_media_follow_network social_network=&#8221;twitter&#8221; url=&#8221;https:\/\/twitter.com\/giorgiotriani&#8221; _builder_version=&#8221;4.17.4&#8243; _module_preset=&#8221;default&#8221; background_color=&#8221;#00aced&#8221; global_colors_info=&#8221;{}&#8221; follow_button=&#8221;off&#8221; url_new_window=&#8221;on&#8221;]twitter[\/et_pb_social_media_follow_network][et_pb_social_media_follow_network social_network=&#8221;linkedin&#8221; url=&#8221;https:\/\/www.linkedin.com\/in\/giorgio-triani&#8221; _builder_version=&#8221;4.17.4&#8243; _module_preset=&#8221;default&#8221; background_color=&#8221;#007bb6&#8243; global_colors_info=&#8221;{}&#8221; follow_button=&#8221;off&#8221; url_new_window=&#8221;on&#8221;]linkedin[\/et_pb_social_media_follow_network][\/et_pb_social_media_follow][\/et_pb_column_inner][et_pb_column_inner type=&#8221;1_2&#8243; saved_specialty_column_type=&#8221;1_2&#8243; _builder_version=&#8221;4.17.4&#8243; _module_preset=&#8221;default&#8221; global_colors_info=&#8221;{}&#8221;][et_pb_toggle title=&#8221;Scrittura creativa&#8221; open_toggle_text_color=&#8221;#000000&#8243; open_toggle_background_color=&#8221;rgba(70,77,91,0.08)&#8221; closed_toggle_background_color=&#8221;#FFFFFF&#8221; icon_color=&#8221;#000000&#8243; toggle_icon=&#8221;&#x3b;||divi||400&#8243; open_icon_color=&#8221;#000000&#8243; open_toggle_icon=&#8221;&#x4d;||divi||400&#8243; _builder_version=&#8221;4.17.4&#8243; _module_preset=&#8221;default&#8221; title_text_color=&#8221;#000000&#8243; title_font=&#8221;Montserrat|600|||||||&#8221; title_text_align=&#8221;left&#8221; title_font_size=&#8221;14px&#8221; closed_title_font=&#8221;Montserrat||||||||&#8221; closed_title_text_align=&#8221;left&#8221; closed_title_font_size=&#8221;14px&#8221; body_font=&#8221;Montserrat||||||||&#8221; body_text_color=&#8221;#000000&#8243; text_orientation=&#8221;left&#8221; custom_margin=&#8221;||||false|false&#8221; border_radii=&#8221;on|4px|4px|4px|4px&#8221; border_width_all=&#8221;2px&#8221; border_color_all=&#8221;rgba(70,77,91,0.87)&#8221; box_shadow_style=&#8221;preset4&#8243; box_shadow_color=&#8221;#0C71C3&#8243; global_colors_info=&#8221;{}&#8221;]<\/p>\n<p>Racconto breve e pubblicit\u00e0. Leggeremo racconti brevi e brevissimi di scrittori e autori del Novecento, che non si leggono abitualmente, impareremo le loro tecniche di scrittura e vedremo come queste si applicano alla pubblicit\u00e0. Saranno forniti materiali, testi e documenti prima e dopo le lezioni con una ricca bibliografia.<\/p>\n<p>[\/et_pb_toggle][\/et_pb_column_inner][\/et_pb_row_inner][et_pb_row_inner _builder_version=&#8221;4.17.4&#8243; _module_preset=&#8221;default&#8221; global_colors_info=&#8221;{}&#8221;][et_pb_column_inner saved_specialty_column_type=&#8221;1_2&#8243; _builder_version=&#8221;4.17.4&#8243; _module_preset=&#8221;default&#8221; global_colors_info=&#8221;{}&#8221;][et_pb_text _builder_version=&#8221;4.17.4&#8243; _module_preset=&#8221;default&#8221; text_font=&#8221;Montserrat||||||||&#8221; text_text_color=&#8221;#000000&#8243; custom_margin=&#8221;-25px||||false|false&#8221; custom_margin_tablet=&#8221;0px||||false|false&#8221; custom_margin_phone=&#8221;0px||||false|false&#8221; custom_margin_last_edited=&#8221;on|phone&#8221; border_color_all=&#8221;RGBA(255,255,255,0)&#8221; border_style_all=&#8221;none&#8221; border_width_top=&#8221;5px&#8221; global_colors_info=&#8221;{}&#8221;]<\/p>\n<p>Scrittore, saggista e illustratore. Ha pubblicato antologie di racconti e romanzi per importanti case editrici, vincendo numerosi premi. Per i ragazzi ha scritto e illustrato la saga della cicogna Nilou tradotta all&#8217;estero. Per Parma Capitale della Cultura 2020-2021 ha pubblicato La citt\u00e0 d\u2019oro, Parma e la letteratura, 1200-2020, (Libreria Ticinum Editore, 2020. Tiene corsi di scrittura da oltre vent&#8217;anni, e insegna didattica nelle varie scuole di ordine e grado. Insegna scrittura creativa al web Communication, social media e Io T dell\u2019Universit\u00e0 di Parma.<\/p>\n<p>[\/et_pb_text][\/et_pb_column_inner][\/et_pb_row_inner][\/et_pb_column][\/et_pb_section][et_pb_section fb_built=&#8221;1&#8243; specialty=&#8221;on&#8221; _builder_version=&#8221;4.17.4&#8243; _module_preset=&#8221;default&#8221; global_colors_info=&#8221;{}&#8221;][et_pb_column type=&#8221;1_2&#8243; specialty_columns=&#8221;2&#8243; _builder_version=&#8221;4.16&#8243; custom_padding=&#8221;|||&#8221; global_colors_info=&#8221;{}&#8221; custom_padding__hover=&#8221;|||&#8221;][et_pb_row_inner column_structure=&#8221;1_2,1_2&#8243; _builder_version=&#8221;4.17.4&#8243; _module_preset=&#8221;default&#8221; global_colors_info=&#8221;{}&#8221;][et_pb_column_inner type=&#8221;1_2&#8243; saved_specialty_column_type=&#8221;1_2&#8243; _builder_version=&#8221;4.17.4&#8243; _module_preset=&#8221;default&#8221; global_colors_info=&#8221;{}&#8221;][et_pb_text _builder_version=&#8221;4.17.4&#8243; _module_preset=&#8221;default&#8221; text_font=&#8221;Montserrat||||||||&#8221; text_text_color=&#8221;#000000&#8243; text_font_size=&#8221;40px&#8221; text_line_height=&#8221;1em&#8221; custom_margin=&#8221;-6px||0px||false|false&#8221; custom_margin_tablet=&#8221;0px||||false|false&#8221; custom_margin_phone=&#8221;0px||||false|false&#8221; custom_margin_last_edited=&#8221;on|phone&#8221; custom_padding=&#8221;0px||0px||false|false&#8221; global_colors_info=&#8221;{}&#8221;]<\/p>\n<p>Paolo Ferrandi <\/p>\n<p>[\/et_pb_text][\/et_pb_column_inner][et_pb_column_inner type=&#8221;1_2&#8243; saved_specialty_column_type=&#8221;1_2&#8243; _builder_version=&#8221;4.17.4&#8243; _module_preset=&#8221;default&#8221; global_colors_info=&#8221;{}&#8221;][\/et_pb_column_inner][\/et_pb_row_inner][et_pb_row_inner _builder_version=&#8221;4.17.4&#8243; _module_preset=&#8221;default&#8221; global_colors_info=&#8221;{}&#8221;][et_pb_column_inner saved_specialty_column_type=&#8221;1_2&#8243; _builder_version=&#8221;4.17.4&#8243; _module_preset=&#8221;default&#8221; global_colors_info=&#8221;{}&#8221;][et_pb_text _builder_version=&#8221;4.17.4&#8243; _module_preset=&#8221;default&#8221; text_font=&#8221;Montserrat||||||||&#8221; text_text_color=&#8221;#000000&#8243; custom_margin=&#8221;-25px||||false|false&#8221; custom_margin_tablet=&#8221;0px||||false|false&#8221; custom_margin_phone=&#8221;0px||||false|false&#8221; custom_margin_last_edited=&#8221;on|phone&#8221; border_color_all=&#8221;RGBA(255,255,255,0)&#8221; border_style_all=&#8221;none&#8221; border_width_top=&#8221;5px&#8221; global_colors_info=&#8221;{}&#8221;]<\/p>\n<p>Giornalista della Gazzetta di Parma dove si occupa prevalentemente di web, politica interna, esteri ed economia. Da qualche anno \u00e8 professore a contratto di \u00abTeorie e tecniche del linguaggio giornalistico\u00bb all\u2019Universit\u00e0 di Parma. Ha scritto anche per Problemi dell\u2019informazione. \u00c8 attivo &#8211; fin troppo attivo, in verit\u00e0 \u2013 su Twitter come @paferro.<\/p>\n<p>[\/et_pb_text][\/et_pb_column_inner][\/et_pb_row_inner][\/et_pb_column][et_pb_column type=&#8221;1_2&#8243; _builder_version=&#8221;4.16&#8243; custom_padding=&#8221;|||&#8221; global_colors_info=&#8221;{}&#8221; custom_padding__hover=&#8221;|||&#8221;][et_pb_image src=&#8221;https:\/\/www.webmediamaster.unipr.it\/wmm\/wp-content\/uploads\/2022\/09\/paolo-ferrandi-214&#215;300-1.jpeg&#8221; title_text=&#8221;paolo-ferrandi-214&#215;300&#8243; align=&#8221;center&#8221; _builder_version=&#8221;4.17.4&#8243; _module_preset=&#8221;default&#8221; background_color=&#8221;RGBA(255,255,255,0)&#8221; max_width=&#8221;375%&#8221; module_alignment=&#8221;center&#8221; min_height=&#8221;379px&#8221; height=&#8221;379px&#8221; max_height=&#8221;379px&#8221; custom_margin=&#8221;-30px|0px|0px||false|false&#8221; custom_padding=&#8221;0px|0px|0px||false|false&#8221; box_shadow_style=&#8221;preset2&#8243; locked=&#8221;off&#8221; global_colors_info=&#8221;{}&#8221;][\/et_pb_image][\/et_pb_column][\/et_pb_section][et_pb_section fb_built=&#8221;1&#8243; specialty=&#8221;on&#8221; _builder_version=&#8221;4.17.4&#8243; _module_preset=&#8221;default&#8221; custom_margin=&#8221;51px|||||&#8221; global_colors_info=&#8221;{}&#8221;][et_pb_column type=&#8221;1_2&#8243; _builder_version=&#8221;4.16&#8243; custom_padding=&#8221;|||&#8221; global_colors_info=&#8221;{}&#8221; custom_padding__hover=&#8221;|||&#8221;][et_pb_image src=&#8221;https:\/\/www.webmediamaster.unipr.it\/wmm\/wp-content\/uploads\/2022\/09\/franchi.jpg&#8221; title_text=&#8221;franchi&#8221; align=&#8221;center&#8221; _builder_version=&#8221;4.17.4&#8243; _module_preset=&#8221;default&#8221; background_color=&#8221;RGBA(255,255,255,0)&#8221; width=&#8221;98.7%&#8221; custom_margin=&#8221;||0px||false|false&#8221; custom_padding=&#8221;0px|0px|0px||false|false&#8221; box_shadow_style=&#8221;preset2&#8243; global_colors_info=&#8221;{}&#8221;][\/et_pb_image][\/et_pb_column][et_pb_column type=&#8221;1_2&#8243; specialty_columns=&#8221;2&#8243; _builder_version=&#8221;4.16&#8243; custom_padding=&#8221;|||&#8221; global_colors_info=&#8221;{}&#8221; custom_padding__hover=&#8221;|||&#8221;][et_pb_row_inner column_structure=&#8221;1_2,1_2&#8243; _builder_version=&#8221;4.17.4&#8243; _module_preset=&#8221;default&#8221; global_colors_info=&#8221;{}&#8221;][et_pb_column_inner type=&#8221;1_2&#8243; saved_specialty_column_type=&#8221;1_2&#8243; _builder_version=&#8221;4.17.4&#8243; _module_preset=&#8221;default&#8221; global_colors_info=&#8221;{}&#8221;][et_pb_text _builder_version=&#8221;4.17.4&#8243; _module_preset=&#8221;default&#8221; text_font=&#8221;Montserrat||||||||&#8221; text_text_color=&#8221;#000000&#8243; text_font_size=&#8221;40px&#8221; text_line_height=&#8221;1em&#8221; custom_margin=&#8221;-6px||0px||false|false&#8221; custom_margin_tablet=&#8221;0px||||false|false&#8221; custom_margin_phone=&#8221;0px||||false|false&#8221; custom_margin_last_edited=&#8221;on|phone&#8221; custom_padding=&#8221;0px||0px||false|false&#8221; global_colors_info=&#8221;{}&#8221;]<\/p>\n<p>Maura Franchi<\/p>\n<p>[\/et_pb_text][et_pb_social_media_follow _builder_version=&#8221;4.19.2&#8243; _module_preset=&#8221;default&#8221; hover_enabled=&#8221;0&#8243; global_colors_info=&#8221;{}&#8221; background_color=&#8221;RGBA(255,255,255,0)&#8221; sticky_enabled=&#8221;0&#8243;][et_pb_social_media_follow_network social_network=&#8221;facebook&#8221; url=&#8221;http:\/\/www.facebook.com\/giorgio.triani&#8221; _builder_version=&#8221;4.17.4&#8243; _module_preset=&#8221;default&#8221; background_color=&#8221;#3b5998&#8243; global_colors_info=&#8221;{}&#8221; follow_button=&#8221;off&#8221; url_new_window=&#8221;on&#8221;]facebook[\/et_pb_social_media_follow_network][et_pb_social_media_follow_network social_network=&#8221;twitter&#8221; url=&#8221;https:\/\/twitter.com\/giorgiotriani&#8221; _builder_version=&#8221;4.17.4&#8243; _module_preset=&#8221;default&#8221; background_color=&#8221;#00aced&#8221; global_colors_info=&#8221;{}&#8221; follow_button=&#8221;off&#8221; url_new_window=&#8221;on&#8221;]twitter[\/et_pb_social_media_follow_network][et_pb_social_media_follow_network social_network=&#8221;linkedin&#8221; url=&#8221;https:\/\/www.linkedin.com\/in\/giorgio-triani&#8221; _builder_version=&#8221;4.17.4&#8243; _module_preset=&#8221;default&#8221; background_color=&#8221;#007bb6&#8243; global_colors_info=&#8221;{}&#8221; follow_button=&#8221;off&#8221; url_new_window=&#8221;on&#8221;]linkedin[\/et_pb_social_media_follow_network][\/et_pb_social_media_follow][\/et_pb_column_inner][et_pb_column_inner type=&#8221;1_2&#8243; saved_specialty_column_type=&#8221;1_2&#8243; _builder_version=&#8221;4.17.4&#8243; _module_preset=&#8221;default&#8221; global_colors_info=&#8221;{}&#8221;][et_pb_toggle title=&#8221;Le regole dello storytelling&#8221; open_toggle_text_color=&#8221;#000000&#8243; open_toggle_background_color=&#8221;rgba(70,77,91,0.08)&#8221; closed_toggle_background_color=&#8221;#FFFFFF&#8221; icon_color=&#8221;#000000&#8243; toggle_icon=&#8221;&#x3b;||divi||400&#8243; open_icon_color=&#8221;#000000&#8243; open_toggle_icon=&#8221;&#x4d;||divi||400&#8243; _builder_version=&#8221;4.17.4&#8243; _module_preset=&#8221;default&#8221; title_text_color=&#8221;#000000&#8243; title_font=&#8221;Montserrat|600|||||||&#8221; title_text_align=&#8221;left&#8221; title_font_size=&#8221;14px&#8221; closed_title_font=&#8221;Montserrat||||||||&#8221; closed_title_text_align=&#8221;left&#8221; closed_title_font_size=&#8221;14px&#8221; body_font=&#8221;Montserrat||||||||&#8221; body_text_color=&#8221;#000000&#8243; text_orientation=&#8221;left&#8221; custom_margin=&#8221;||||false|false&#8221; border_radii=&#8221;on|4px|4px|4px|4px&#8221; border_width_all=&#8221;2px&#8221; border_color_all=&#8221;rgba(70,77,91,0.87)&#8221; box_shadow_style=&#8221;preset4&#8243; box_shadow_color=&#8221;#0C71C3&#8243; global_colors_info=&#8221;{}&#8221;]<\/p>\n<p>Sulla base del social media marketing, considerato nella sua dimensione quasi esclusiva di storytelling, verranno individuati i fattori della viralit\u00e0 e sottolineati i necessari punti di attenzione delle campagne di comunicazione. Perch\u00e9 vince la comunicazione dei sentimenti? Cosa cercano gli individui in una storia?<br \/>I partecipanti presenteranno l\u2019analisi di un caso, utilizzando in autonomia quanto esposto in aula.<\/p>\n<p>[\/et_pb_toggle][\/et_pb_column_inner][\/et_pb_row_inner][et_pb_row_inner _builder_version=&#8221;4.17.4&#8243; _module_preset=&#8221;default&#8221; global_colors_info=&#8221;{}&#8221;][et_pb_column_inner saved_specialty_column_type=&#8221;1_2&#8243; _builder_version=&#8221;4.17.4&#8243; _module_preset=&#8221;default&#8221; global_colors_info=&#8221;{}&#8221;][et_pb_text _builder_version=&#8221;4.17.4&#8243; _module_preset=&#8221;default&#8221; text_font=&#8221;Montserrat||||||||&#8221; text_text_color=&#8221;#000000&#8243; custom_margin=&#8221;-25px||||false|false&#8221; custom_margin_tablet=&#8221;0px||||false|false&#8221; custom_margin_phone=&#8221;0px||||false|false&#8221; custom_margin_last_edited=&#8221;on|phone&#8221; border_color_all=&#8221;RGBA(255,255,255,0)&#8221; border_style_all=&#8221;none&#8221; border_width_top=&#8221;5px&#8221; global_colors_info=&#8221;{}&#8221;]<\/p>\n<p>Laureata in Sociologia (Universit\u00e0 di Trento) e in Pedagogia (Universit\u00e0 di Ferrara).Ha insegnato Sociologia dei Consumi e della Comunicazione (Laurea magistrale in Trade Marketing e Strategie Commerciali) all\u2019Universit\u00e0 di Parma. Svolge docenze in diversi Master Universitari sulle strategie di comunicazione e sulle tendenze sociali.<\/p>\n<p><strong>Tra le pubblicazioni pi\u00f9 recenti:<\/strong><\/p>\n<p>&#8211; <strong>Dopo la pandemia. Lavoro, citt\u00e0, democrazia<\/strong>, (con A. Schianchi), Diabasis, 2021.<br \/>&#8211; <strong>C\u2019era una volta il \u201968. Prima e dopo<\/strong> (con A. Schianchi), Rubettino, 2018<br \/>&#8211; <strong>La democrazia del nostro scontento<\/strong>. 1989-2016: il mondo tra due date (con A. Schianchi), Carocci, 2018<\/p>\n<p>[\/et_pb_text][\/et_pb_column_inner][\/et_pb_row_inner][\/et_pb_column][\/et_pb_section][et_pb_section fb_built=&#8221;1&#8243; specialty=&#8221;on&#8221; _builder_version=&#8221;4.17.4&#8243; _module_preset=&#8221;default&#8221; global_colors_info=&#8221;{}&#8221;][et_pb_column type=&#8221;1_2&#8243; specialty_columns=&#8221;2&#8243; _builder_version=&#8221;4.16&#8243; custom_padding=&#8221;|||&#8221; global_colors_info=&#8221;{}&#8221; custom_padding__hover=&#8221;|||&#8221;][et_pb_row_inner column_structure=&#8221;1_2,1_2&#8243; _builder_version=&#8221;4.17.4&#8243; _module_preset=&#8221;default&#8221; custom_padding=&#8221;||29px|||&#8221; global_colors_info=&#8221;{}&#8221;][et_pb_column_inner type=&#8221;1_2&#8243; saved_specialty_column_type=&#8221;1_2&#8243; _builder_version=&#8221;4.17.4&#8243; _module_preset=&#8221;default&#8221; global_colors_info=&#8221;{}&#8221;][et_pb_text _builder_version=&#8221;4.17.4&#8243; _module_preset=&#8221;default&#8221; text_font=&#8221;Montserrat||||||||&#8221; text_text_color=&#8221;#000000&#8243; text_font_size=&#8221;40px&#8221; text_line_height=&#8221;1em&#8221; custom_margin=&#8221;-6px||0px||false|false&#8221; custom_margin_tablet=&#8221;0px||||false|false&#8221; custom_margin_phone=&#8221;0px||||false|false&#8221; custom_margin_last_edited=&#8221;on|phone&#8221; custom_padding=&#8221;0px||0px||false|false&#8221; global_colors_info=&#8221;{}&#8221;]<\/p>\n<p>Roberto Gagliardini<\/p>\n<p>[\/et_pb_text][\/et_pb_column_inner][et_pb_column_inner type=&#8221;1_2&#8243; saved_specialty_column_type=&#8221;1_2&#8243; _builder_version=&#8221;4.17.4&#8243; _module_preset=&#8221;default&#8221; global_colors_info=&#8221;{}&#8221;][et_pb_toggle title=&#8221;News, talks and web&#8221; open_toggle_text_color=&#8221;#000000&#8243; open_toggle_background_color=&#8221;rgba(70,77,91,0.09)&#8221; closed_toggle_background_color=&#8221;#FFFFFF&#8221; icon_color=&#8221;#000000&#8243; toggle_icon=&#8221;&#x3b;||divi||400&#8243; open_icon_color=&#8221;#000000&#8243; open_toggle_icon=&#8221;&#x4d;||divi||400&#8243; _builder_version=&#8221;4.17.4&#8243; _module_preset=&#8221;default&#8221; title_text_color=&#8221;#000000&#8243; title_font=&#8221;Montserrat|600|||||||&#8221; title_font_size=&#8221;14px&#8221; closed_title_font=&#8221;Montserrat||||||||&#8221; closed_title_font_size=&#8221;14px&#8221; body_font=&#8221;Montserrat||||||||&#8221; body_text_color=&#8221;#000000&#8243; custom_margin=&#8221;||11px|||&#8221; border_radii=&#8221;on|4px|4px|4px|4px&#8221; border_width_all=&#8221;2px&#8221; border_color_all=&#8221;#464d5b&#8221; box_shadow_style=&#8221;preset4&#8243; box_shadow_color=&#8221;#0C71C3&#8243; global_colors_info=&#8221;{}&#8221;]<\/p>\n<p>I media stanno attraversando una fase rivoluzionaria e con essa anche il mestiere del giornalista e del comunicatore. Con esercitazioni pratiche in aula, il corso ha l\u2019obiettivo di offrire gli strumenti necessari per comprendere l\u2019organizzazione del lavoro in redazione, le tecniche di selezione delle notizie e la realizzazione del prodotto giornale (web, carta, radio o tv), oltre che le competenze per operare all\u2019interno di un ufficio stampa e comunicazione.<\/p>\n<p>[\/et_pb_toggle][\/et_pb_column_inner][\/et_pb_row_inner][et_pb_row_inner _builder_version=&#8221;4.17.4&#8243; _module_preset=&#8221;default&#8221; global_colors_info=&#8221;{}&#8221;][et_pb_column_inner saved_specialty_column_type=&#8221;1_2&#8243; _builder_version=&#8221;4.17.4&#8243; _module_preset=&#8221;default&#8221; global_colors_info=&#8221;{}&#8221;][et_pb_social_media_follow _builder_version=&#8221;4.19.2&#8243; _module_preset=&#8221;default&#8221; custom_margin=&#8221;-46px|||||&#8221; hover_enabled=&#8221;0&#8243; global_colors_info=&#8221;{}&#8221; background_color=&#8221;RGBA(255,255,255,0)&#8221; sticky_enabled=&#8221;0&#8243;][et_pb_social_media_follow_network social_network=&#8221;instagram&#8221; url=&#8221;https:\/\/www.instagram.com\/robertogagliardini\/&#8221; _builder_version=&#8221;4.17.4&#8243; _module_preset=&#8221;default&#8221; background_color=&#8221;#ea2c59&#8243; global_colors_info=&#8221;{}&#8221; follow_button=&#8221;off&#8221; url_new_window=&#8221;on&#8221;]instagram[\/et_pb_social_media_follow_network][et_pb_social_media_follow_network social_network=&#8221;twitter&#8221; url=&#8221;https:\/\/twitter.com\/rgagliardini&#8221; _builder_version=&#8221;4.17.4&#8243; _module_preset=&#8221;default&#8221; background_color=&#8221;#00aced&#8221; global_colors_info=&#8221;{}&#8221; follow_button=&#8221;off&#8221; url_new_window=&#8221;on&#8221;]twitter[\/et_pb_social_media_follow_network][et_pb_social_media_follow_network social_network=&#8221;linkedin&#8221; url=&#8221;https:\/\/it.linkedin.com\/in\/roberto-gagliardini-b6533120&#8243; _builder_version=&#8221;4.17.4&#8243; _module_preset=&#8221;default&#8221; background_color=&#8221;#007bb6&#8243; global_colors_info=&#8221;{}&#8221; follow_button=&#8221;off&#8221; url_new_window=&#8221;on&#8221;]linkedin[\/et_pb_social_media_follow_network][\/et_pb_social_media_follow][et_pb_text _builder_version=&#8221;4.17.4&#8243; _module_preset=&#8221;default&#8221; text_font=&#8221;Montserrat||||||||&#8221; text_text_color=&#8221;#000000&#8243; custom_margin=&#8221;-3px||||false|false&#8221; custom_margin_tablet=&#8221;0px||||false|false&#8221; custom_margin_phone=&#8221;0px||||false|false&#8221; custom_margin_last_edited=&#8221;on|phone&#8221; border_color_all=&#8221;RGBA(255,255,255,0)&#8221; border_style_all=&#8221;none&#8221; border_width_top=&#8221;5px&#8221; global_colors_info=&#8221;{}&#8221;]<\/p>\n<p>Giornalista professionista, classe 1973, attualmente \u00e8 Segretario Generale e Direttore Comunicazione dell\u2019Istituto per la Competitivit\u00e0 (I-Com). Dopo aver lavorato nel controllo di gestione del Gruppo Editoriale l\u2019Espresso (oggi Gedi), dal 2001 al 2022 \u00e8 stato a ItaliaOggi dove si \u00e8 occupato di MarketingOggi, l\u2019inserto quotidiano dedicato almondo della comunicazione. Nel 2006-2007 \u00e8 stato Portavoce e Capo ufficio stampa del Viceministro dello Sviluppo Economico.<\/p>\n<p>[\/et_pb_text][\/et_pb_column_inner][\/et_pb_row_inner][\/et_pb_column][et_pb_column type=&#8221;1_2&#8243; _builder_version=&#8221;4.16&#8243; custom_padding=&#8221;|||&#8221; global_colors_info=&#8221;{}&#8221; custom_padding__hover=&#8221;|||&#8221;][et_pb_image src=&#8221;https:\/\/www.webmediamaster.unipr.it\/wmm\/wp-content\/uploads\/2022\/09\/roberto-gagliardini.jpg&#8221; title_text=&#8221;roberto-gagliardini&#8221; align=&#8221;center&#8221; _builder_version=&#8221;4.17.4&#8243; _module_preset=&#8221;default&#8221; background_color=&#8221;RGBA(255,255,255,0)&#8221; max_width=&#8221;375%&#8221; module_alignment=&#8221;center&#8221; min_height=&#8221;379px&#8221; height=&#8221;379px&#8221; max_height=&#8221;379px&#8221; custom_margin=&#8221;-30px|0px|0px||false|false&#8221; custom_padding=&#8221;0px|0px|0px||false|false&#8221; box_shadow_style=&#8221;preset2&#8243; locked=&#8221;off&#8221; global_colors_info=&#8221;{}&#8221;][\/et_pb_image][\/et_pb_column][\/et_pb_section][et_pb_section fb_built=&#8221;1&#8243; specialty=&#8221;on&#8221; _builder_version=&#8221;4.17.4&#8243; _module_preset=&#8221;default&#8221; custom_margin=&#8221;51px|||||&#8221; global_colors_info=&#8221;{}&#8221;][et_pb_column type=&#8221;1_2&#8243; _builder_version=&#8221;4.16&#8243; custom_padding=&#8221;|||&#8221; global_colors_info=&#8221;{}&#8221; custom_padding__hover=&#8221;|||&#8221;][et_pb_image src=&#8221;https:\/\/www.webmediamaster.unipr.it\/wmm\/wp-content\/uploads\/2022\/08\/Laura-Gherardi.jpg&#8221; title_text=&#8221;Laura Gherardi&#8221; align=&#8221;center&#8221; force_fullwidth=&#8221;on&#8221; _builder_version=&#8221;4.17.4&#8243; _module_preset=&#8221;default&#8221; background_color=&#8221;RGBA(255,255,255,0)&#8221; min_height=&#8221;300px&#8221; custom_margin=&#8221;-30px|-30px|0px||false|false&#8221; custom_padding=&#8221;0px|0px|0px||false|false&#8221; box_shadow_style=&#8221;preset2&#8243; global_colors_info=&#8221;{}&#8221;][\/et_pb_image][\/et_pb_column][et_pb_column type=&#8221;1_2&#8243; specialty_columns=&#8221;2&#8243; _builder_version=&#8221;4.16&#8243; custom_padding=&#8221;|||&#8221; global_colors_info=&#8221;{}&#8221; custom_padding__hover=&#8221;|||&#8221;][et_pb_row_inner column_structure=&#8221;1_2,1_2&#8243; _builder_version=&#8221;4.17.4&#8243; _module_preset=&#8221;default&#8221; global_colors_info=&#8221;{}&#8221;][et_pb_column_inner type=&#8221;1_2&#8243; saved_specialty_column_type=&#8221;1_2&#8243; _builder_version=&#8221;4.17.4&#8243; _module_preset=&#8221;default&#8221; global_colors_info=&#8221;{}&#8221;][et_pb_text _builder_version=&#8221;4.17.4&#8243; _module_preset=&#8221;default&#8221; text_font=&#8221;Montserrat||||||||&#8221; text_text_color=&#8221;#000000&#8243; text_font_size=&#8221;40px&#8221; text_line_height=&#8221;1em&#8221; custom_margin=&#8221;-6px||0px||false|false&#8221; custom_margin_tablet=&#8221;0px||||false|false&#8221; custom_margin_phone=&#8221;0px||||false|false&#8221; custom_margin_last_edited=&#8221;on|phone&#8221; custom_padding=&#8221;0px||0px||false|false&#8221; global_colors_info=&#8221;{}&#8221;]<\/p>\n<p>Laura Gherardi<\/p>\n<p>[\/et_pb_text][\/et_pb_column_inner][et_pb_column_inner type=&#8221;1_2&#8243; saved_specialty_column_type=&#8221;1_2&#8243; _builder_version=&#8221;4.17.4&#8243; _module_preset=&#8221;default&#8221; global_colors_info=&#8221;{}&#8221;][et_pb_toggle title=&#8221;La societ\u00e0 delle reti&#8221; open_toggle_text_color=&#8221;#000000&#8243; open_toggle_background_color=&#8221;rgba(70,77,91,0.09)&#8221; closed_toggle_background_color=&#8221;#FFFFFF&#8221; icon_color=&#8221;#000000&#8243; toggle_icon=&#8221;&#x3b;||divi||400&#8243; open_icon_color=&#8221;#000000&#8243; open_toggle_icon=&#8221;&#x4d;||divi||400&#8243; _builder_version=&#8221;4.17.4&#8243; _module_preset=&#8221;default&#8221; title_text_color=&#8221;#000000&#8243; title_font=&#8221;Montserrat|600|||||||&#8221; title_font_size=&#8221;14px&#8221; closed_title_font=&#8221;Montserrat||||||||&#8221; closed_title_font_size=&#8221;14px&#8221; body_font=&#8221;Montserrat||||||||&#8221; body_text_color=&#8221;#000000&#8243; custom_margin=&#8221;||11px|||&#8221; border_radii=&#8221;on|4px|4px|4px|4px&#8221; border_width_all=&#8221;2px&#8221; border_color_all=&#8221;#464d5b&#8221; box_shadow_style=&#8221;preset4&#8243; box_shadow_color=&#8221;#0C71C3&#8243; global_colors_info=&#8221;{}&#8221;]<\/p>\n<p>Nella societ\u00e0 delle reti, frutto di globalizzazione e digitalizzazione, cambia il nostro modo di esperire il mondo e di pensarlo. Dopo aver introdotto le caratteristiche fondamentali della societ\u00e0 delle reti, il corso fornisce gli strumenti per indagarne, con metodi qualitativi e quantitativi, le opinioni pubbliche.<\/p>\n<p>[\/et_pb_toggle][\/et_pb_column_inner][\/et_pb_row_inner][et_pb_row_inner _builder_version=&#8221;4.17.4&#8243; _module_preset=&#8221;default&#8221; global_colors_info=&#8221;{}&#8221;][et_pb_column_inner saved_specialty_column_type=&#8221;1_2&#8243; _builder_version=&#8221;4.17.4&#8243; _module_preset=&#8221;default&#8221; global_colors_info=&#8221;{}&#8221;][et_pb_text _builder_version=&#8221;4.17.4&#8243; _module_preset=&#8221;default&#8221; text_font=&#8221;Montserrat||||||||&#8221; text_text_color=&#8221;#000000&#8243; custom_margin=&#8221;-25px||||false|false&#8221; custom_margin_tablet=&#8221;0px||||false|false&#8221; custom_margin_phone=&#8221;0px||||false|false&#8221; custom_margin_last_edited=&#8221;on|phone&#8221; border_color_all=&#8221;RGBA(255,255,255,0)&#8221; border_style_all=&#8221;none&#8221; border_width_top=&#8221;5px&#8221; global_colors_info=&#8221;{}&#8221;]<\/p>\n<p>Insegna <strong>Sociologia, critica sociale e opinione pubblica<\/strong> presso l&#8217;Universit\u00e0 di Parma in cui \u00e8 Professore Associato e membro dei laboratori<strong> ESH<\/strong> e <strong>CIRS<\/strong>. Si occupa di teoria sociale e trasformazioni del capitalismo.<\/p>\n<p>Tra i suoi libri:<strong> Scoprire la sociologia<\/strong> (a cura di, Pearson 2021) e<br \/><strong>La dotazione<\/strong> (Mimesis 2018).\u00a0<\/p>\n<p>[\/et_pb_text][\/et_pb_column_inner][\/et_pb_row_inner][\/et_pb_column][\/et_pb_section][et_pb_section fb_built=&#8221;1&#8243; specialty=&#8221;on&#8221; _builder_version=&#8221;4.17.4&#8243; _module_preset=&#8221;default&#8221; global_colors_info=&#8221;{}&#8221;][et_pb_column type=&#8221;1_2&#8243; specialty_columns=&#8221;2&#8243; _builder_version=&#8221;4.16&#8243; custom_padding=&#8221;|||&#8221; global_colors_info=&#8221;{}&#8221; custom_padding__hover=&#8221;|||&#8221;][et_pb_row_inner column_structure=&#8221;1_2,1_2&#8243; _builder_version=&#8221;4.17.4&#8243; _module_preset=&#8221;default&#8221; custom_padding=&#8221;||29px|||&#8221; global_colors_info=&#8221;{}&#8221;][et_pb_column_inner type=&#8221;1_2&#8243; saved_specialty_column_type=&#8221;1_2&#8243; _builder_version=&#8221;4.17.4&#8243; _module_preset=&#8221;default&#8221; global_colors_info=&#8221;{}&#8221;][et_pb_text _builder_version=&#8221;4.17.4&#8243; _module_preset=&#8221;default&#8221; text_font=&#8221;Montserrat||||||||&#8221; text_text_color=&#8221;#000000&#8243; text_font_size=&#8221;40px&#8221; text_line_height=&#8221;1em&#8221; custom_margin=&#8221;-6px||0px||false|false&#8221; custom_margin_tablet=&#8221;0px||||false|false&#8221; custom_margin_phone=&#8221;0px||||false|false&#8221; custom_margin_last_edited=&#8221;on|phone&#8221; custom_padding=&#8221;0px||0px||false|false&#8221; global_colors_info=&#8221;{}&#8221;]<\/p>\n<p>Alessandro Giaume<\/p>\n<p>[\/et_pb_text][\/et_pb_column_inner][et_pb_column_inner type=&#8221;1_2&#8243; saved_specialty_column_type=&#8221;1_2&#8243; _builder_version=&#8221;4.17.4&#8243; _module_preset=&#8221;default&#8221; global_colors_info=&#8221;{}&#8221;][et_pb_toggle title=&#8221;Comunicazione e intelligenza artificiale (AI)&#8221; open_toggle_text_color=&#8221;#000000&#8243; open_toggle_background_color=&#8221;rgba(70,77,91,0.09)&#8221; closed_toggle_background_color=&#8221;#FFFFFF&#8221; icon_color=&#8221;#000000&#8243; toggle_icon=&#8221;&#x3b;||divi||400&#8243; open_icon_color=&#8221;#000000&#8243; open_toggle_icon=&#8221;&#x4d;||divi||400&#8243; _builder_version=&#8221;4.17.4&#8243; _module_preset=&#8221;default&#8221; title_text_color=&#8221;#000000&#8243; title_font=&#8221;Montserrat|600|||||||&#8221; title_font_size=&#8221;14px&#8221; closed_title_font=&#8221;Montserrat||||||||&#8221; closed_title_font_size=&#8221;14px&#8221; body_font=&#8221;Montserrat||||||||&#8221; body_text_color=&#8221;#000000&#8243; custom_margin=&#8221;||11px|||&#8221; border_radii=&#8221;on|4px|4px|4px|4px&#8221; border_width_all=&#8221;2px&#8221; border_color_all=&#8221;#464d5b&#8221; box_shadow_style=&#8221;preset4&#8243; box_shadow_color=&#8221;#0C71C3&#8243; global_colors_info=&#8221;{}&#8221;]<\/p>\n<p>Il laboratorio &#8220;Comunicazione e intelligenza artificiale (AI)&#8221; \u00e8 progettato per avvicinare gli studenti ad alcuni strumenti operativi, principalmente Business Model Canvas , Value Proposition Canvas e Lean Canvas, che possano aiutarli a individuare il modo pi\u00f9 corretto di introdurre le soluzioni di intelligenza artificiale nel mondo reale, impattando sulle strategie di comunicazione e marketing. Sono previsti momenti di condivisione degli strumenti operativi, cos\u00ec come di aspetti precipui della tecnologia, intervallati a momenti di lavoro di gruppo, con l&#8217;obiettivo di permettere agli studenti di consolidare quanto appreso.<\/p>\n<p>[\/et_pb_toggle][\/et_pb_column_inner][\/et_pb_row_inner][et_pb_row_inner _builder_version=&#8221;4.17.4&#8243; _module_preset=&#8221;default&#8221; global_colors_info=&#8221;{}&#8221;][et_pb_column_inner saved_specialty_column_type=&#8221;1_2&#8243; _builder_version=&#8221;4.17.4&#8243; _module_preset=&#8221;default&#8221; global_colors_info=&#8221;{}&#8221;][et_pb_text _builder_version=&#8221;4.17.4&#8243; _module_preset=&#8221;default&#8221; text_font=&#8221;Montserrat||||||||&#8221; text_text_color=&#8221;#000000&#8243; custom_margin=&#8221;-3px||||false|false&#8221; custom_margin_tablet=&#8221;0px||||false|false&#8221; custom_margin_phone=&#8221;0px||||false|false&#8221; custom_margin_last_edited=&#8221;on|phone&#8221; border_color_all=&#8221;RGBA(255,255,255,0)&#8221; border_style_all=&#8221;none&#8221; border_width_top=&#8221;5px&#8221; global_colors_info=&#8221;{}&#8221;]<\/p>\n<p>Il laboratorio &#8220;Comunicazione e intelligenza artificiale (AI)&#8221; \u00e8 progettato per avvicinare gli studenti ad alcuni strumenti operativi, principalmente Business Model Canvas , Value Proposition Canvas e Lean Canvas, che possano aiutarli a individuare il modo pi\u00f9 corretto di introdurre le soluzioni di intelligenza artificiale nel mondo reale, impattando sulle strategie di comunicazione e marketing. Sono previsti momenti di condivisione degli strumenti operativi, cos\u00ec come di aspetti precipui della tecnologia, intervallati a momenti di lavoro di gruppo, con l&#8217;obiettivo di permettere agli studenti di consolidare quanto appreso.<\/p>\n<p>[\/et_pb_text][\/et_pb_column_inner][\/et_pb_row_inner][\/et_pb_column][et_pb_column type=&#8221;1_2&#8243; _builder_version=&#8221;4.16&#8243; custom_padding=&#8221;|||&#8221; global_colors_info=&#8221;{}&#8221; custom_padding__hover=&#8221;|||&#8221;][et_pb_image src=&#8221;https:\/\/www.webmediamaster.unipr.it\/wmm\/wp-content\/uploads\/2022\/09\/alessandro-giaume-300&#215;300-1.jpg&#8221; alt=&#8221; alessandro-giaume&#8221; title_text=&#8221;alessandro-giaume-300&#215;300&#8243; align=&#8221;center&#8221; _builder_version=&#8221;4.17.4&#8243; _module_preset=&#8221;default&#8221; background_color=&#8221;RGBA(255,255,255,0)&#8221; max_width=&#8221;375%&#8221; module_alignment=&#8221;center&#8221; min_height=&#8221;379px&#8221; height=&#8221;379px&#8221; max_height=&#8221;379px&#8221; custom_margin=&#8221;-30px|0px|0px||false|false&#8221; custom_padding=&#8221;0px|0px|0px||false|false&#8221; box_shadow_style=&#8221;preset2&#8243; locked=&#8221;off&#8221; global_colors_info=&#8221;{}&#8221;][\/et_pb_image][\/et_pb_column][\/et_pb_section][et_pb_section fb_built=&#8221;1&#8243; specialty=&#8221;on&#8221; _builder_version=&#8221;4.17.4&#8243; _module_preset=&#8221;default&#8221; custom_margin=&#8221;51px|||||&#8221; global_colors_info=&#8221;{}&#8221;][et_pb_column type=&#8221;1_2&#8243; _builder_version=&#8221;4.16&#8243; custom_padding=&#8221;|||&#8221; global_colors_info=&#8221;{}&#8221; custom_padding__hover=&#8221;|||&#8221;][et_pb_image src=&#8221;https:\/\/www.webmediamaster.unipr.it\/wmm\/wp-content\/uploads\/2022\/09\/domenico-ioppolo-200.jpg&#8221; title_text=&#8221;domenico-ioppolo-200&#8243; align=&#8221;center&#8221; _builder_version=&#8221;4.17.4&#8243; _module_preset=&#8221;default&#8221; background_color=&#8221;RGBA(255,255,255,0)&#8221; width=&#8221;100%&#8221; max_width=&#8221;61%&#8221; min_height=&#8221;400px&#8221; height=&#8221;434px&#8221; max_height=&#8221;443px&#8221; custom_margin=&#8221;||0px||false|false&#8221; custom_padding=&#8221;0px|0px|0px||false|false&#8221; box_shadow_style=&#8221;preset2&#8243; global_colors_info=&#8221;{}&#8221;][\/et_pb_image][\/et_pb_column][et_pb_column type=&#8221;1_2&#8243; specialty_columns=&#8221;2&#8243; _builder_version=&#8221;4.16&#8243; custom_padding=&#8221;|||&#8221; global_colors_info=&#8221;{}&#8221; custom_padding__hover=&#8221;|||&#8221;][et_pb_row_inner column_structure=&#8221;1_2,1_2&#8243; _builder_version=&#8221;4.17.4&#8243; _module_preset=&#8221;default&#8221; global_colors_info=&#8221;{}&#8221;][et_pb_column_inner type=&#8221;1_2&#8243; saved_specialty_column_type=&#8221;1_2&#8243; _builder_version=&#8221;4.17.4&#8243; _module_preset=&#8221;default&#8221; global_colors_info=&#8221;{}&#8221;][et_pb_text _builder_version=&#8221;4.17.4&#8243; _module_preset=&#8221;default&#8221; text_font=&#8221;Montserrat||||||||&#8221; text_text_color=&#8221;#000000&#8243; text_font_size=&#8221;40px&#8221; text_line_height=&#8221;1em&#8221; custom_margin=&#8221;-6px||0px||false|false&#8221; custom_margin_tablet=&#8221;0px||||false|false&#8221; custom_margin_phone=&#8221;0px||||false|false&#8221; custom_margin_last_edited=&#8221;on|phone&#8221; custom_padding=&#8221;0px||0px||false|false&#8221; global_colors_info=&#8221;{}&#8221;]<\/p>\n<p>Domenico Ioppolo<\/p>\n<p>[\/et_pb_text][\/et_pb_column_inner][et_pb_column_inner type=&#8221;1_2&#8243; saved_specialty_column_type=&#8221;1_2&#8243; _builder_version=&#8221;4.17.4&#8243; _module_preset=&#8221;default&#8221; global_colors_info=&#8221;{}&#8221;][et_pb_toggle title=&#8221;Pubblicit\u00e0 on line&#8221; open_toggle_text_color=&#8221;#000000&#8243; open_toggle_background_color=&#8221;rgba(70,77,91,0.08)&#8221; closed_toggle_background_color=&#8221;#FFFFFF&#8221; icon_color=&#8221;#000000&#8243; toggle_icon=&#8221;&#x3b;||divi||400&#8243; open_icon_color=&#8221;#000000&#8243; open_toggle_icon=&#8221;&#x4d;||divi||400&#8243; _builder_version=&#8221;4.17.4&#8243; _module_preset=&#8221;default&#8221; title_text_color=&#8221;#000000&#8243; title_font=&#8221;Montserrat|600|||||||&#8221; title_text_align=&#8221;left&#8221; title_font_size=&#8221;14px&#8221; closed_title_font=&#8221;Montserrat||||||||&#8221; closed_title_text_align=&#8221;left&#8221; closed_title_font_size=&#8221;14px&#8221; body_font=&#8221;Montserrat||||||||&#8221; body_text_color=&#8221;#000000&#8243; text_orientation=&#8221;left&#8221; custom_margin=&#8221;||||false|false&#8221; border_radii=&#8221;on|4px|4px|4px|4px&#8221; border_width_all=&#8221;2px&#8221; border_color_all=&#8221;rgba(70,77,91,0.87)&#8221; box_shadow_style=&#8221;preset4&#8243; box_shadow_color=&#8221;#0C71C3&#8243; global_colors_info=&#8221;{}&#8221;]<\/p>\n<p>Nell\u2019insegnamento si analizzeranno i concetti fondamentali alla base della definizione di una strategia pubblicitaria, dal punto di vista dei contenuti e dal punto di vista dei Media, studiando anche i sistemi di misurazione e ricerca e le tecniche di gestione di un piano media. Un focus particolare sar\u00e0 dedicato ai cambiamenti introdotti nel mercato pubblicitario dall\u2019avvento di internet.<\/p>\n<p>[\/et_pb_toggle][\/et_pb_column_inner][\/et_pb_row_inner][et_pb_row_inner _builder_version=&#8221;4.17.4&#8243; _module_preset=&#8221;default&#8221; global_colors_info=&#8221;{}&#8221;][et_pb_column_inner saved_specialty_column_type=&#8221;1_2&#8243; _builder_version=&#8221;4.17.4&#8243; _module_preset=&#8221;default&#8221; global_colors_info=&#8221;{}&#8221;][et_pb_text _builder_version=&#8221;4.17.4&#8243; _module_preset=&#8221;default&#8221; text_font=&#8221;Montserrat||||||||&#8221; text_text_color=&#8221;#000000&#8243; custom_margin=&#8221;-25px||||false|false&#8221; custom_margin_tablet=&#8221;0px||||false|false&#8221; custom_margin_phone=&#8221;0px||||false|false&#8221; custom_margin_last_edited=&#8221;on|phone&#8221; border_color_all=&#8221;RGBA(255,255,255,0)&#8221; border_style_all=&#8221;none&#8221; border_width_top=&#8221;5px&#8221; global_colors_info=&#8221;{}&#8221;]<\/p>\n<p>Amministratore Delegato Campus e Direttore Scientifico del Milano Marketing Festival. Per anni ai vertici di Nielsen Media Italia ed EMEA dove ha fatto parte del team che ha disegnato il sistema di misurazione di internet (Net rating). <\/p>\n<p>\u00c8 stato alla guida di importanti agenzie ed aziende media italiane ed internazionali. Presidente di FCP Quotidiani, ha fatto parte del CdA di Auditel ed Audiweb. Ha insegnato in diverse Universit\u00e0. Autore di diverse pubblicazioni sulla Pubblicit\u00e0 e i Media.<\/p>\n<p>[\/et_pb_text][\/et_pb_column_inner][\/et_pb_row_inner][\/et_pb_column][\/et_pb_section][et_pb_section fb_built=&#8221;1&#8243; specialty=&#8221;on&#8221; _builder_version=&#8221;4.17.4&#8243; _module_preset=&#8221;default&#8221; global_colors_info=&#8221;{}&#8221;][et_pb_column type=&#8221;1_2&#8243; specialty_columns=&#8221;2&#8243; _builder_version=&#8221;4.16&#8243; custom_padding=&#8221;|||&#8221; global_colors_info=&#8221;{}&#8221; custom_padding__hover=&#8221;|||&#8221;][et_pb_row_inner column_structure=&#8221;1_2,1_2&#8243; _builder_version=&#8221;4.17.4&#8243; _module_preset=&#8221;default&#8221; custom_padding=&#8221;||29px|||&#8221; global_colors_info=&#8221;{}&#8221;][et_pb_column_inner type=&#8221;1_2&#8243; saved_specialty_column_type=&#8221;1_2&#8243; _builder_version=&#8221;4.17.4&#8243; _module_preset=&#8221;default&#8221; global_colors_info=&#8221;{}&#8221;][et_pb_text _builder_version=&#8221;4.17.4&#8243; _module_preset=&#8221;default&#8221; text_font=&#8221;Montserrat||||||||&#8221; text_text_color=&#8221;#000000&#8243; text_font_size=&#8221;40px&#8221; text_line_height=&#8221;1em&#8221; custom_margin=&#8221;-6px||30px||false|false&#8221; custom_margin_tablet=&#8221;0px||||false|false&#8221; custom_margin_phone=&#8221;0px||||false|false&#8221; custom_margin_last_edited=&#8221;on|phone&#8221; custom_padding=&#8221;0px||0px||false|false&#8221; global_colors_info=&#8221;{}&#8221;]<\/p>\n<p>Alberto Maestri<\/p>\n<p>[\/et_pb_text][et_pb_social_media_follow _builder_version=&#8221;4.19.2&#8243; _module_preset=&#8221;default&#8221; hover_enabled=&#8221;0&#8243; global_colors_info=&#8221;{}&#8221; background_color=&#8221;RGBA(255,255,255,0)&#8221; sticky_enabled=&#8221;0&#8243;][et_pb_social_media_follow_network social_network=&#8221;researchgate&#8221; url=&#8221;http:\/\/www.albertomaestri.com&#8221; _builder_version=&#8221;4.17.4&#8243; _module_preset=&#8221;default&#8221; background_color=&#8221;#04467c&#8221; background_enable_color=&#8221;on&#8221; global_colors_info=&#8221;{}&#8221; follow_button=&#8221;off&#8221; url_new_window=&#8221;on&#8221;]researchgate[\/et_pb_social_media_follow_network][\/et_pb_social_media_follow][\/et_pb_column_inner][et_pb_column_inner type=&#8221;1_2&#8243; saved_specialty_column_type=&#8221;1_2&#8243; _builder_version=&#8221;4.17.4&#8243; _module_preset=&#8221;default&#8221; global_colors_info=&#8221;{}&#8221;][et_pb_toggle title=&#8221;Social media marketing&#8221; open_toggle_text_color=&#8221;#000000&#8243; open_toggle_background_color=&#8221;rgba(70,77,91,0.08)&#8221; closed_toggle_background_color=&#8221;#FFFFFF&#8221; icon_color=&#8221;#000000&#8243; toggle_icon=&#8221;&#x3b;||divi||400&#8243; open_icon_color=&#8221;#000000&#8243; open_toggle_icon=&#8221;&#x4d;||divi||400&#8243; _builder_version=&#8221;4.17.4&#8243; _module_preset=&#8221;default&#8221; title_text_color=&#8221;#000000&#8243; title_font=&#8221;Montserrat|600|||||||&#8221; title_text_align=&#8221;left&#8221; title_font_size=&#8221;14px&#8221; closed_title_font=&#8221;Montserrat||||||||&#8221; closed_title_text_align=&#8221;left&#8221; closed_title_font_size=&#8221;14px&#8221; body_font=&#8221;Montserrat||||||||&#8221; body_text_color=&#8221;#000000&#8243; text_orientation=&#8221;left&#8221; custom_margin=&#8221;||||false|false&#8221; border_radii=&#8221;on|4px|4px|4px|4px&#8221; border_width_all=&#8221;2px&#8221; border_color_all=&#8221;rgba(70,77,91,0.87)&#8221; box_shadow_style=&#8221;preset4&#8243; box_shadow_color=&#8221;#0C71C3&#8243; global_colors_info=&#8221;{}&#8221;]<\/p>\n<p>Il corso di Content &amp; Social Media Marketing affronta i principali argomenti indispensabili per impostare una content strategy: dalla progettazione delle personas alla mappatura dei digital customer journey, passando per la progettazione di contenuti e di un ecosistema di comunicazione integrato.<\/p>\n<p>L&#8217;approccio \u00e8 prettamente laboratoriale e &#8220;hands-on&#8221;: pi\u00f9 del 60% del monte ore viene infatti dedicato a esercitazioni, esplorazioni di business case study e simulazioni.<\/p>\n<p>[\/et_pb_toggle][\/et_pb_column_inner][\/et_pb_row_inner][et_pb_row_inner _builder_version=&#8221;4.17.4&#8243; _module_preset=&#8221;default&#8221; global_colors_info=&#8221;{}&#8221;][et_pb_column_inner saved_specialty_column_type=&#8221;1_2&#8243; _builder_version=&#8221;4.17.4&#8243; _module_preset=&#8221;default&#8221; global_colors_info=&#8221;{}&#8221;][et_pb_text _builder_version=&#8221;4.17.4&#8243; _module_preset=&#8221;default&#8221; text_font=&#8221;Montserrat||||||||&#8221; text_text_color=&#8221;#000000&#8243; custom_margin=&#8221;-25px||||false|false&#8221; custom_margin_tablet=&#8221;0px||||false|false&#8221; custom_margin_phone=&#8221;0px||||false|false&#8221; custom_margin_last_edited=&#8221;on|phone&#8221; border_color_all=&#8221;RGBA(255,255,255,0)&#8221; border_style_all=&#8221;none&#8221; border_width_top=&#8221;5px&#8221; global_colors_info=&#8221;{}&#8221;]<\/p>\n<p><strong>Autore, keynote speaker, docente.<\/strong><br \/>Equity Partner in<strong> GreatPixel<\/strong>, \u00e8 consulente per brand, amministrazioni ed executive e Direttore della Collana &#8220;<strong>Professioni Digitali<\/strong>&#8221; per FrancoAngeli, la prima in Italia dedicata ai lavori del futuro.<\/p>\n<p><strong>Docente di Marketing, Content e Storytelling<\/strong> per le principali business &amp; communication school italiane. Ha scritto centinaia di articoli sulle principali riviste di management.<br \/>Tra le sue ultime pubblicazioni in libreria: \u201c<strong>AI Brands<\/strong>\u201d (2020), \u201c<strong>Platform Brand<\/strong>\u201d (2019), \u201c<strong>Giochi da Prendere sul Serio<\/strong>\u201d (nuova edizione, 2018) e \u201c<strong>Customer Experience Design<\/strong>\u201d (2017).<\/p>\n<p>[\/et_pb_text][\/et_pb_column_inner][\/et_pb_row_inner][\/et_pb_column][et_pb_column type=&#8221;1_2&#8243; _builder_version=&#8221;4.16&#8243; custom_padding=&#8221;|||&#8221; global_colors_info=&#8221;{}&#8221; custom_padding__hover=&#8221;|||&#8221;][et_pb_image src=&#8221;https:\/\/www.webmediamaster.unipr.it\/wmm\/wp-content\/uploads\/2022\/09\/maestro-alberto.jpg&#8221; title_text=&#8221;maestro alberto&#8221; align=&#8221;center&#8221; _builder_version=&#8221;4.17.4&#8243; _module_preset=&#8221;default&#8221; background_color=&#8221;RGBA(255,255,255,0)&#8221; width=&#8221;100%&#8221; min_height=&#8221;460px&#8221; height=&#8221;460px&#8221; max_height=&#8221;460px&#8221; custom_margin=&#8221;-30px|0px|0px||false|false&#8221; custom_padding=&#8221;0px|0px|0px||false|false&#8221; box_shadow_style=&#8221;preset2&#8243; locked=&#8221;off&#8221; global_colors_info=&#8221;{}&#8221;][\/et_pb_image][\/et_pb_column][\/et_pb_section][et_pb_section fb_built=&#8221;1&#8243; specialty=&#8221;on&#8221; _builder_version=&#8221;4.17.4&#8243; _module_preset=&#8221;default&#8221; global_colors_info=&#8221;{}&#8221;][et_pb_column type=&#8221;1_2&#8243; specialty_columns=&#8221;2&#8243; _builder_version=&#8221;4.16&#8243; custom_padding=&#8221;|||&#8221; global_colors_info=&#8221;{}&#8221; custom_padding__hover=&#8221;|||&#8221;][et_pb_row_inner column_structure=&#8221;1_2,1_2&#8243; _builder_version=&#8221;4.17.4&#8243; _module_preset=&#8221;default&#8221; global_colors_info=&#8221;{}&#8221;][et_pb_column_inner type=&#8221;1_2&#8243; saved_specialty_column_type=&#8221;1_2&#8243; _builder_version=&#8221;4.17.4&#8243; _module_preset=&#8221;default&#8221; global_colors_info=&#8221;{}&#8221;][et_pb_text _builder_version=&#8221;4.17.4&#8243; _module_preset=&#8221;default&#8221; text_font=&#8221;Montserrat||||||||&#8221; text_text_color=&#8221;#000000&#8243; text_font_size=&#8221;40px&#8221; text_line_height=&#8221;1em&#8221; custom_margin=&#8221;-6px||0px||false|false&#8221; custom_margin_tablet=&#8221;0px||||false|false&#8221; custom_margin_phone=&#8221;0px||||false|false&#8221; custom_margin_last_edited=&#8221;on|phone&#8221; custom_padding=&#8221;0px||0px||false|false&#8221; global_colors_info=&#8221;{}&#8221;]<\/p>\n<p>Marco Maltraversi<\/p>\n<p>[\/et_pb_text][\/et_pb_column_inner][et_pb_column_inner type=&#8221;1_2&#8243; saved_specialty_column_type=&#8221;1_2&#8243; _builder_version=&#8221;4.17.4&#8243; _module_preset=&#8221;default&#8221; global_colors_info=&#8221;{}&#8221;][et_pb_toggle title=&#8221;SEO e SEM: Search Engine Optimization &#038; Marketing &#8221; open_toggle_text_color=&#8221;#000000&#8243; open_toggle_background_color=&#8221;rgba(70,77,91,0.08)&#8221; closed_toggle_background_color=&#8221;#FFFFFF&#8221; icon_color=&#8221;#000000&#8243; toggle_icon=&#8221;&#x3b;||divi||400&#8243; open_icon_color=&#8221;#000000&#8243; open_toggle_icon=&#8221;&#x4d;||divi||400&#8243; _builder_version=&#8221;4.17.4&#8243; _module_preset=&#8221;default&#8221; title_text_color=&#8221;#000000&#8243; title_font=&#8221;Montserrat|600|||||||&#8221; title_text_align=&#8221;left&#8221; title_font_size=&#8221;14px&#8221; closed_title_font=&#8221;Montserrat||||||||&#8221; closed_title_text_align=&#8221;left&#8221; closed_title_font_size=&#8221;14px&#8221; body_font=&#8221;Montserrat||||||||&#8221; body_text_color=&#8221;#000000&#8243; text_orientation=&#8221;left&#8221; custom_margin=&#8221;||||false|false&#8221; border_radii=&#8221;on|4px|4px|4px|4px&#8221; border_width_all=&#8221;2px&#8221; border_color_all=&#8221;rgba(70,77,91,0.87)&#8221; box_shadow_style=&#8221;preset4&#8243; box_shadow_color=&#8221;#0C71C3&#8243; global_colors_info=&#8221;{}&#8221;]<\/p>\n<p>In questo insegnamento si affronteranno i temi della visibilit\u00e0 e algoritmi di ricerca; ottimizzazione del contenuto web on-site e off-site e struttura e monitoraggio di una campagna SEO.<\/p>\n<p>[\/et_pb_toggle][\/et_pb_column_inner][\/et_pb_row_inner][et_pb_row_inner _builder_version=&#8221;4.17.4&#8243; _module_preset=&#8221;default&#8221; global_colors_info=&#8221;{}&#8221;][et_pb_column_inner saved_specialty_column_type=&#8221;1_2&#8243; _builder_version=&#8221;4.17.4&#8243; _module_preset=&#8221;default&#8221; global_colors_info=&#8221;{}&#8221;][et_pb_text _builder_version=&#8221;4.17.4&#8243; _module_preset=&#8221;default&#8221; text_font=&#8221;Montserrat||||||||&#8221; text_text_color=&#8221;#000000&#8243; custom_margin=&#8221;-25px||||false|false&#8221; custom_margin_tablet=&#8221;0px||||false|false&#8221; custom_margin_phone=&#8221;0px||||false|false&#8221; custom_margin_last_edited=&#8221;on|phone&#8221; border_color_all=&#8221;RGBA(255,255,255,0)&#8221; border_style_all=&#8221;none&#8221; border_width_top=&#8221;5px&#8221; global_colors_info=&#8221;{}&#8221;]<\/p>\n<p>Marco Maltraversi \u00e8 laureato magistrale in Ingegneria Informatica, SEO Specialist e docente in Master Universitari in Web Communication. Collabora con diverse agenzie web italiane ed estere come consulente SEO e Web Marketing Strategist.<br \/>Autore del libro Best Seller \u201cSEO E SEM GUIDA AVANZATA AL WEB MARKETING\u201d e di \u201cSEO Audit Avanzato\u201d<br \/>Ideatore del Corso SEO online www.deepseo.it e titolare dell\u2019agenzia.<br \/>YourDigitalweb www.yourdigitalweb.com<br \/>Lo potete contattare su:<br \/>marco@yourdigitalweb.com<br \/>@seo_libro<\/p>\n<p>[\/et_pb_text][\/et_pb_column_inner][\/et_pb_row_inner][\/et_pb_column][et_pb_column type=&#8221;1_2&#8243; _builder_version=&#8221;4.16&#8243; custom_padding=&#8221;|||&#8221; global_colors_info=&#8221;{}&#8221; custom_padding__hover=&#8221;|||&#8221;][et_pb_image src=&#8221;https:\/\/www.webmediamaster.unipr.it\/wmm\/wp-content\/uploads\/2022\/09\/marco-maltraversi-seo-specialist.jpg&#8221; title_text=&#8221;marco-maltraversi-seo-specialist&#8221; align=&#8221;center&#8221; _builder_version=&#8221;4.17.4&#8243; _module_preset=&#8221;default&#8221; max_width=&#8221;100%&#8221; min_height=&#8221;100px&#8221; custom_margin=&#8221;-33px|0px|0px|0px|false|false&#8221; custom_margin_tablet=&#8221;||-200px||false|false&#8221; custom_margin_phone=&#8221;||-200px||false|false&#8221; custom_margin_last_edited=&#8221;on|phone&#8221; custom_padding=&#8221;0px|0px|0px|0px|false|false&#8221; box_shadow_style=&#8221;preset2&#8243; global_colors_info=&#8221;{}&#8221;][\/et_pb_image][\/et_pb_column][\/et_pb_section][et_pb_section fb_built=&#8221;1&#8243; specialty=&#8221;on&#8221; _builder_version=&#8221;4.17.4&#8243; _module_preset=&#8221;default&#8221; custom_margin=&#8221;51px|||||&#8221; global_colors_info=&#8221;{}&#8221;][et_pb_column type=&#8221;1_2&#8243; _builder_version=&#8221;4.16&#8243; custom_padding=&#8221;|||&#8221; global_colors_info=&#8221;{}&#8221; custom_padding__hover=&#8221;|||&#8221;][et_pb_image src=&#8221;https:\/\/www.webmediamaster.unipr.it\/wmm\/wp-content\/uploads\/2022\/09\/Official_Unipr-300&#215;278-1.jpg&#8221; title_text=&#8221;Official_Unipr-300&#215;278&#8243; align=&#8221;center&#8221; _builder_version=&#8221;4.17.4&#8243; _module_preset=&#8221;default&#8221; background_color=&#8221;RGBA(255,255,255,0)&#8221; width=&#8221;98.7%&#8221; height=&#8221;400px&#8221; custom_margin=&#8221;-30px||0px||false|false&#8221; custom_padding=&#8221;0px|0px|0px||false|false&#8221; box_shadow_style=&#8221;preset2&#8243; global_colors_info=&#8221;{}&#8221;][\/et_pb_image][\/et_pb_column][et_pb_column type=&#8221;1_2&#8243; specialty_columns=&#8221;2&#8243; _builder_version=&#8221;4.16&#8243; custom_padding=&#8221;|||&#8221; global_colors_info=&#8221;{}&#8221; custom_padding__hover=&#8221;|||&#8221;][et_pb_row_inner column_structure=&#8221;1_2,1_2&#8243; _builder_version=&#8221;4.17.4&#8243; _module_preset=&#8221;default&#8221; global_colors_info=&#8221;{}&#8221;][et_pb_column_inner type=&#8221;1_2&#8243; saved_specialty_column_type=&#8221;1_2&#8243; _builder_version=&#8221;4.17.4&#8243; _module_preset=&#8221;default&#8221; global_colors_info=&#8221;{}&#8221;][et_pb_text _builder_version=&#8221;4.17.4&#8243; _module_preset=&#8221;default&#8221; text_font=&#8221;Montserrat||||||||&#8221; text_text_color=&#8221;#000000&#8243; text_font_size=&#8221;40px&#8221; text_line_height=&#8221;1em&#8221; custom_margin=&#8221;-6px||0px||false|false&#8221; custom_margin_tablet=&#8221;0px||||false|false&#8221; custom_margin_phone=&#8221;0px||||false|false&#8221; custom_margin_last_edited=&#8221;on|phone&#8221; custom_padding=&#8221;0px||0px||false|false&#8221; global_colors_info=&#8221;{}&#8221;]<\/p>\n<p>Jennifer Malvezzi<\/p>\n<p>[\/et_pb_text][\/et_pb_column_inner][et_pb_column_inner type=&#8221;1_2&#8243; saved_specialty_column_type=&#8221;1_2&#8243; _builder_version=&#8221;4.17.4&#8243; _module_preset=&#8221;default&#8221; global_colors_info=&#8221;{}&#8221;][et_pb_toggle title=&#8221;Mezzi audiovisivi. Cinema, media e web &#8221; open_toggle_text_color=&#8221;#000000&#8243; open_toggle_background_color=&#8221;rgba(70,77,91,0.08)&#8221; closed_toggle_background_color=&#8221;#FFFFFF&#8221; icon_color=&#8221;#000000&#8243; toggle_icon=&#8221;&#x3b;||divi||400&#8243; open_icon_color=&#8221;#000000&#8243; open_toggle_icon=&#8221;&#x4d;||divi||400&#8243; _builder_version=&#8221;4.17.4&#8243; _module_preset=&#8221;default&#8221; title_text_color=&#8221;#000000&#8243; title_font=&#8221;Montserrat|600|||||||&#8221; title_text_align=&#8221;left&#8221; title_font_size=&#8221;14px&#8221; closed_title_font=&#8221;Montserrat||||||||&#8221; closed_title_text_align=&#8221;left&#8221; closed_title_font_size=&#8221;14px&#8221; body_font=&#8221;Montserrat||||||||&#8221; body_text_color=&#8221;#000000&#8243; text_orientation=&#8221;left&#8221; custom_margin=&#8221;||||false|false&#8221; border_radii=&#8221;on|4px|4px|4px|4px&#8221; border_width_all=&#8221;2px&#8221; border_color_all=&#8221;rgba(70,77,91,0.87)&#8221; box_shadow_style=&#8221;preset4&#8243; box_shadow_color=&#8221;#0C71C3&#8243; global_colors_info=&#8221;{}&#8221;]<\/p>\n<p>Attraverso la storia dell\u2019evoluzione dei media e del loro rapporto con la percezione umana, durante le lezioni si illustreranno i modi in cui l\u2019umanit\u00e0 ha elaborato forme complesse di comunicazione (gif, meme, viral video, emoji, filtri, sticker) e come esse possano essere impiegate in differenti contesti all\u2019interno della cultura audiovisiva contemporanea.<\/p>\n<p>[\/et_pb_toggle][\/et_pb_column_inner][\/et_pb_row_inner][et_pb_row_inner _builder_version=&#8221;4.17.4&#8243; _module_preset=&#8221;default&#8221; global_colors_info=&#8221;{}&#8221;][et_pb_column_inner saved_specialty_column_type=&#8221;1_2&#8243; _builder_version=&#8221;4.17.4&#8243; _module_preset=&#8221;default&#8221; global_colors_info=&#8221;{}&#8221;][et_pb_text _builder_version=&#8221;4.17.4&#8243; _module_preset=&#8221;default&#8221; text_font=&#8221;Montserrat||||||||&#8221; text_text_color=&#8221;#000000&#8243; custom_margin=&#8221;-25px||||false|false&#8221; custom_margin_tablet=&#8221;0px||||false|false&#8221; custom_margin_phone=&#8221;0px||||false|false&#8221; custom_margin_last_edited=&#8221;on|phone&#8221; border_color_all=&#8221;RGBA(255,255,255,0)&#8221; border_style_all=&#8221;none&#8221; border_width_top=&#8221;5px&#8221; global_colors_info=&#8221;{}&#8221;]<\/p>\n<p>E\u2019 ricercatrice all&#8217;Universit\u00e0 di Parma dove insegna Estetica dei Nuovi Media e Storia della Radio e della Televisione e coordina il Corso di Alta Formazione in Cinema Documentario e Sperimentale. Le sue ricerche si muovono tra gli studi di cultura visuale e l\u2019archeologia dei media concentrandosi sulle forme audiovisive sperimentali. \u00c8 autrice di Remedi-Action. Dieci anni di videoteatro italiano (Postmedia Books, 2015).<\/p>\n<p>[\/et_pb_text][\/et_pb_column_inner][\/et_pb_row_inner][\/et_pb_column][\/et_pb_section][et_pb_section fb_built=&#8221;1&#8243; specialty=&#8221;on&#8221; _builder_version=&#8221;4.17.4&#8243; _module_preset=&#8221;default&#8221; custom_margin=&#8221;-1px|||||&#8221; global_colors_info=&#8221;{}&#8221;][et_pb_column type=&#8221;1_2&#8243; _builder_version=&#8221;4.16&#8243; custom_padding=&#8221;|||&#8221; global_colors_info=&#8221;{}&#8221; custom_padding__hover=&#8221;|||&#8221;][et_pb_image src=&#8221;https:\/\/www.webmediamaster.unipr.it\/wmm\/wp-content\/uploads\/2022\/08\/foto-_Davide_Morante-1.jpg&#8221; title_text=&#8221;Davide_Morante&#8221; align=&#8221;center&#8221; _builder_version=&#8221;4.17.4&#8243; _module_preset=&#8221;default&#8221; background_color=&#8221;RGBA(255,255,255,0)&#8221; width=&#8221;100%&#8221; min_height=&#8221;460px&#8221; height=&#8221;460px&#8221; max_height=&#8221;460px&#8221; custom_margin=&#8221;-30px|0px|0px||false|false&#8221; custom_padding=&#8221;0px|0px|0px||false|false&#8221; box_shadow_style=&#8221;preset2&#8243; locked=&#8221;off&#8221; global_colors_info=&#8221;{}&#8221;][\/et_pb_image][\/et_pb_column][et_pb_column type=&#8221;1_2&#8243; specialty_columns=&#8221;2&#8243; _builder_version=&#8221;4.16&#8243; custom_padding=&#8221;|||&#8221; global_colors_info=&#8221;{}&#8221; custom_padding__hover=&#8221;|||&#8221;][et_pb_row_inner column_structure=&#8221;1_2,1_2&#8243; _builder_version=&#8221;4.17.4&#8243; _module_preset=&#8221;default&#8221; global_colors_info=&#8221;{}&#8221;][et_pb_column_inner type=&#8221;1_2&#8243; saved_specialty_column_type=&#8221;1_2&#8243; _builder_version=&#8221;4.17.4&#8243; _module_preset=&#8221;default&#8221; global_colors_info=&#8221;{}&#8221;][et_pb_text _builder_version=&#8221;4.17.4&#8243; _module_preset=&#8221;default&#8221; text_font=&#8221;Montserrat||||||||&#8221; text_text_color=&#8221;#000000&#8243; text_font_size=&#8221;40px&#8221; text_line_height=&#8221;1em&#8221; custom_margin=&#8221;-6px||30px||false|false&#8221; custom_margin_tablet=&#8221;0px||||false|false&#8221; custom_margin_phone=&#8221;0px||||false|false&#8221; custom_margin_last_edited=&#8221;on|phone&#8221; custom_padding=&#8221;0px||0px||false|false&#8221; global_colors_info=&#8221;{}&#8221;]<\/p>\n<p>Davide Morante<\/p>\n<p>[\/et_pb_text][et_pb_social_media_follow _builder_version=&#8221;4.19.2&#8243; _module_preset=&#8221;default&#8221; hover_enabled=&#8221;0&#8243; global_colors_info=&#8221;{}&#8221; background_color=&#8221;RGBA(255,255,255,0)&#8221; sticky_enabled=&#8221;0&#8243;][et_pb_social_media_follow_network social_network=&#8221;researchgate&#8221; url=&#8221;http:\/\/www.davidemorante.it%20&#8243; _builder_version=&#8221;4.17.4&#8243; _module_preset=&#8221;default&#8221; background_color=&#8221;#04467c&#8221; background_enable_color=&#8221;on&#8221; global_colors_info=&#8221;{}&#8221; follow_button=&#8221;off&#8221; url_new_window=&#8221;on&#8221;]researchgate[\/et_pb_social_media_follow_network][et_pb_social_media_follow_network social_network=&#8221;instagram&#8221; url=&#8221;http:\/\/www.instagram.com\/morantedavide&#8221; _builder_version=&#8221;4.17.4&#8243; _module_preset=&#8221;default&#8221; background_color=&#8221;#ea2c59&#8243; global_colors_info=&#8221;{}&#8221; follow_button=&#8221;off&#8221; url_new_window=&#8221;on&#8221;]instagram[\/et_pb_social_media_follow_network][et_pb_social_media_follow_network social_network=&#8221;linkedin&#8221; url=&#8221;https:\/\/www.linkedin.com\/in\/davidemorante\/%20&#8243; _builder_version=&#8221;4.17.4&#8243; _module_preset=&#8221;default&#8221; background_color=&#8221;#007bb6&#8243; global_colors_info=&#8221;{}&#8221; follow_button=&#8221;off&#8221; url_new_window=&#8221;on&#8221;]linkedin[\/et_pb_social_media_follow_network][\/et_pb_social_media_follow][\/et_pb_column_inner][et_pb_column_inner type=&#8221;1_2&#8243; saved_specialty_column_type=&#8221;1_2&#8243; _builder_version=&#8221;4.17.4&#8243; _module_preset=&#8221;default&#8221; global_colors_info=&#8221;{}&#8221;][et_pb_toggle title=&#8221;Social media marketing&#8221; open_toggle_text_color=&#8221;#000000&#8243; open_toggle_background_color=&#8221;rgba(70,77,91,0.08)&#8221; closed_toggle_background_color=&#8221;#FFFFFF&#8221; icon_color=&#8221;#000000&#8243; toggle_icon=&#8221;&#x3b;||divi||400&#8243; open_icon_color=&#8221;#000000&#8243; open_toggle_icon=&#8221;&#x4d;||divi||400&#8243; _builder_version=&#8221;4.17.4&#8243; _module_preset=&#8221;default&#8221; title_text_color=&#8221;#000000&#8243; title_font=&#8221;Montserrat|600|||||||&#8221; title_text_align=&#8221;left&#8221; title_font_size=&#8221;14px&#8221; closed_title_font=&#8221;Montserrat||||||||&#8221; closed_title_text_align=&#8221;left&#8221; closed_title_font_size=&#8221;14px&#8221; body_font=&#8221;Montserrat||||||||&#8221; body_text_color=&#8221;#000000&#8243; text_orientation=&#8221;left&#8221; custom_margin=&#8221;||||false|false&#8221; border_radii=&#8221;on|4px|4px|4px|4px&#8221; border_width_all=&#8221;2px&#8221; border_color_all=&#8221;rgba(70,77,91,0.87)&#8221; box_shadow_style=&#8221;preset4&#8243; box_shadow_color=&#8221;#0C71C3&#8243; global_colors_info=&#8221;{}&#8221;]<\/p>\n<ul>\n<li>Principi di social media marketing e strumenti.<\/li>\n<li>Facebook marketing.<\/li>\n<li>Instagram per il business.<\/li>\n<li>Meta Ads: la pubblicit\u00e0 su Facebook e Instagram<\/li>\n<\/ul>\n<p>Agli studenti verr\u00e0 chiesto di scegliere un business e\/o un\u2019associazione: in modo da avere una traccia da seguire durante gli esercizi che man mano verranno proposti<br \/>A fine modulo chieder\u00f2 di inviarmi un documento con definizione della strategia, esempio di piano editoriale e di strategia ads.<\/p>\n<p>[\/et_pb_toggle][\/et_pb_column_inner][\/et_pb_row_inner][et_pb_row_inner _builder_version=&#8221;4.17.4&#8243; _module_preset=&#8221;default&#8221; global_colors_info=&#8221;{}&#8221;][et_pb_column_inner saved_specialty_column_type=&#8221;1_2&#8243; _builder_version=&#8221;4.17.4&#8243; _module_preset=&#8221;default&#8221; global_colors_info=&#8221;{}&#8221;][et_pb_text _builder_version=&#8221;4.17.4&#8243; _module_preset=&#8221;default&#8221; text_font=&#8221;Montserrat||||||||&#8221; text_text_color=&#8221;#000000&#8243; custom_margin=&#8221;-25px||||false|false&#8221; custom_margin_tablet=&#8221;0px||||false|false&#8221; custom_margin_phone=&#8221;0px||||false|false&#8221; custom_margin_last_edited=&#8221;on|phone&#8221; border_color_all=&#8221;RGBA(255,255,255,0)&#8221; border_style_all=&#8221;none&#8221; border_width_top=&#8221;5px&#8221; global_colors_info=&#8221;{}&#8221;]<\/p>\n<p>Consulente in social media marketing, supporta le aziende nel trovare il giusto posizionamento all\u2019interno dei social network, affinch\u00e9 comunichino in modo efficace con il proprio pubblico.<\/p>\n<p>[\/et_pb_text][\/et_pb_column_inner][\/et_pb_row_inner][\/et_pb_column][\/et_pb_section][et_pb_section fb_built=&#8221;1&#8243; specialty=&#8221;on&#8221; _builder_version=&#8221;4.17.4&#8243; _module_preset=&#8221;default&#8221; custom_margin=&#8221;51px|||||&#8221; global_colors_info=&#8221;{}&#8221;][et_pb_column type=&#8221;1_2&#8243; _builder_version=&#8221;4.16&#8243; custom_padding=&#8221;|||&#8221; global_colors_info=&#8221;{}&#8221; custom_padding__hover=&#8221;|||&#8221;][et_pb_image src=&#8221;https:\/\/www.webmediamaster.unipr.it\/wmm\/wp-content\/uploads\/2022\/09\/milani-carlo-1-scaled.jpg&#8221; title_text=&#8221;milani-carlo-1&#8243; align=&#8221;center&#8221; _builder_version=&#8221;4.17.4&#8243; _module_preset=&#8221;default&#8221; background_color=&#8221;RGBA(255,255,255,0)&#8221; width=&#8221;98.7%&#8221; min_height=&#8221;338px&#8221; height=&#8221;647px&#8221; max_height=&#8221;429px&#8221; custom_margin=&#8221;-30px||0px||false|false&#8221; custom_padding=&#8221;0px|0px|0px||false|false&#8221; box_shadow_style=&#8221;preset2&#8243; global_colors_info=&#8221;{}&#8221;][\/et_pb_image][\/et_pb_column][et_pb_column type=&#8221;1_2&#8243; specialty_columns=&#8221;2&#8243; _builder_version=&#8221;4.16&#8243; custom_padding=&#8221;|||&#8221; global_colors_info=&#8221;{}&#8221; custom_padding__hover=&#8221;|||&#8221;][et_pb_row_inner column_structure=&#8221;1_2,1_2&#8243; _builder_version=&#8221;4.17.4&#8243; _module_preset=&#8221;default&#8221; global_colors_info=&#8221;{}&#8221;][et_pb_column_inner type=&#8221;1_2&#8243; saved_specialty_column_type=&#8221;1_2&#8243; _builder_version=&#8221;4.17.4&#8243; _module_preset=&#8221;default&#8221; global_colors_info=&#8221;{}&#8221;][et_pb_text _builder_version=&#8221;4.17.4&#8243; _module_preset=&#8221;default&#8221; text_font=&#8221;Montserrat||||||||&#8221; text_text_color=&#8221;#000000&#8243; text_font_size=&#8221;40px&#8221; text_line_height=&#8221;1em&#8221; custom_margin=&#8221;-6px||0px||false|false&#8221; custom_margin_tablet=&#8221;0px||||false|false&#8221; custom_margin_phone=&#8221;0px||||false|false&#8221; custom_margin_last_edited=&#8221;on|phone&#8221; custom_padding=&#8221;0px||0px||false|false&#8221; global_colors_info=&#8221;{}&#8221;]<\/p>\n<p>Carlo Milani<\/p>\n<p>[\/et_pb_text][\/et_pb_column_inner][et_pb_column_inner type=&#8221;1_2&#8243; saved_specialty_column_type=&#8221;1_2&#8243; _builder_version=&#8221;4.17.4&#8243; _module_preset=&#8221;default&#8221; global_colors_info=&#8221;{}&#8221;][et_pb_toggle title=&#8221;Orientering digitale&#8221; open_toggle_text_color=&#8221;#000000&#8243; open_toggle_background_color=&#8221;rgba(70,77,91,0.08)&#8221; closed_toggle_background_color=&#8221;#FFFFFF&#8221; icon_color=&#8221;#000000&#8243; toggle_icon=&#8221;&#x3b;||divi||400&#8243; open_icon_color=&#8221;#000000&#8243; open_toggle_icon=&#8221;&#x4d;||divi||400&#8243; _builder_version=&#8221;4.17.4&#8243; _module_preset=&#8221;default&#8221; title_text_color=&#8221;#000000&#8243; title_font=&#8221;Montserrat|600|||||||&#8221; title_text_align=&#8221;left&#8221; title_font_size=&#8221;14px&#8221; closed_title_font=&#8221;Montserrat||||||||&#8221; closed_title_text_align=&#8221;left&#8221; closed_title_font_size=&#8221;14px&#8221; body_font=&#8221;Montserrat||||||||&#8221; body_text_color=&#8221;#000000&#8243; text_orientation=&#8221;left&#8221; custom_margin=&#8221;||||false|false&#8221; border_radii=&#8221;on|4px|4px|4px|4px&#8221; border_width_all=&#8221;2px&#8221; border_color_all=&#8221;rgba(70,77,91,0.87)&#8221; box_shadow_style=&#8221;preset4&#8243; box_shadow_color=&#8221;#0C71C3&#8243; global_colors_info=&#8221;{}&#8221;]<\/p>\n<p>Orientarsi nei mondi digitali vuol dire saper selezionare le tecnologie<br \/>appropriate per cercare, ri-cercare e trovare ci\u00f2 che cerchiamo online;<br \/>imparare a valutare la credibilit\u00e0 delle fonti e a diffondere in maniera<br \/>ecologica comunicazioni adeguate.<\/p>\n<p>[\/et_pb_toggle][\/et_pb_column_inner][\/et_pb_row_inner][et_pb_row_inner _builder_version=&#8221;4.17.4&#8243; _module_preset=&#8221;default&#8221; global_colors_info=&#8221;{}&#8221;][et_pb_column_inner saved_specialty_column_type=&#8221;1_2&#8243; _builder_version=&#8221;4.17.4&#8243; _module_preset=&#8221;default&#8221; global_colors_info=&#8221;{}&#8221;][et_pb_text _builder_version=&#8221;4.17.4&#8243; _module_preset=&#8221;default&#8221; text_font=&#8221;Montserrat||||||||&#8221; text_text_color=&#8221;#000000&#8243; custom_margin=&#8221;-25px||||false|false&#8221; custom_margin_tablet=&#8221;0px||||false|false&#8221; custom_margin_phone=&#8221;0px||||false|false&#8221; custom_margin_last_edited=&#8221;on|phone&#8221; border_color_all=&#8221;RGBA(255,255,255,0)&#8221; border_style_all=&#8221;none&#8221; border_width_top=&#8221;5px&#8221; global_colors_info=&#8221;{}&#8221;]<\/p>\n<p>Carlo Milani (PhD) \u00e8 traduttore. All&#8217;attivit\u00e0 editoriale affianca l&#8217;informatica per lo sviluppo di tecnologie appropriate. Insegna genealogia delle fonti digitali. Ha scritto con l&#8217;eteronimo Ippolita fino al 2018. Tiene conferenze e formazioni di pedagogia hacker con C.I.R.C.E.<\/p>\n<p>[\/et_pb_text][\/et_pb_column_inner][\/et_pb_row_inner][\/et_pb_column][\/et_pb_section][et_pb_section fb_built=&#8221;1&#8243; specialty=&#8221;on&#8221; _builder_version=&#8221;4.17.4&#8243; _module_preset=&#8221;default&#8221; global_colors_info=&#8221;{}&#8221;][et_pb_column type=&#8221;1_2&#8243; specialty_columns=&#8221;2&#8243; _builder_version=&#8221;4.16&#8243; custom_padding=&#8221;|||&#8221; global_colors_info=&#8221;{}&#8221; custom_padding__hover=&#8221;|||&#8221;][et_pb_row_inner column_structure=&#8221;1_2,1_2&#8243; _builder_version=&#8221;4.17.4&#8243; _module_preset=&#8221;default&#8221; global_colors_info=&#8221;{}&#8221;][et_pb_column_inner type=&#8221;1_2&#8243; saved_specialty_column_type=&#8221;1_2&#8243; _builder_version=&#8221;4.17.4&#8243; _module_preset=&#8221;default&#8221; global_colors_info=&#8221;{}&#8221;][et_pb_text _builder_version=&#8221;4.17.4&#8243; _module_preset=&#8221;default&#8221; text_font=&#8221;Montserrat||||||||&#8221; text_text_color=&#8221;#000000&#8243; text_font_size=&#8221;40px&#8221; text_line_height=&#8221;1em&#8221; custom_margin=&#8221;-6px||0px||false|false&#8221; custom_margin_tablet=&#8221;0px||||false|false&#8221; custom_margin_phone=&#8221;0px||||false|false&#8221; custom_margin_last_edited=&#8221;on|phone&#8221; custom_padding=&#8221;0px||0px||false|false&#8221; global_colors_info=&#8221;{}&#8221;]<\/p>\n<p>Francesca Mulas<\/p>\n<p>[\/et_pb_text][\/et_pb_column_inner][et_pb_column_inner type=&#8221;1_2&#8243; saved_specialty_column_type=&#8221;1_2&#8243; _builder_version=&#8221;4.17.4&#8243; _module_preset=&#8221;default&#8221; global_colors_info=&#8221;{}&#8221;][et_pb_toggle title=&#8221;La gara creativa. Fasi e modalit\u00e0 di esecuzione.&#8221; open_toggle_text_color=&#8221;#000000&#8243; open_toggle_background_color=&#8221;rgba(70,77,91,0.09)&#8221; closed_toggle_background_color=&#8221;#FFFFFF&#8221; icon_color=&#8221;#000000&#8243; toggle_icon=&#8221;&#x3b;||divi||400&#8243; open_icon_color=&#8221;#000000&#8243; open_toggle_icon=&#8221;&#x4d;||divi||400&#8243; _builder_version=&#8221;4.17.4&#8243; _module_preset=&#8221;default&#8221; title_text_color=&#8221;#000000&#8243; title_font=&#8221;Montserrat|600|||||||&#8221; title_font_size=&#8221;14px&#8221; closed_title_font=&#8221;Montserrat||||||||&#8221; closed_title_font_size=&#8221;14px&#8221; body_font=&#8221;Montserrat||||||||&#8221; body_text_color=&#8221;#000000&#8243; custom_margin=&#8221;||11px|||&#8221; border_radii=&#8221;on|4px|4px|4px|4px&#8221; border_width_all=&#8221;2px&#8221; border_color_all=&#8221;#464d5b&#8221; box_shadow_style=&#8221;preset4&#8243; box_shadow_color=&#8221;#0C71C3&#8243; global_colors_info=&#8221;{}&#8221;]<\/p>\n<p>Il workshop restituisce un&#8217;overview del mercato pubblicitario, delineandone i principali attori con un focus sulle agenzie di comunicazione. L&#8217;obiettivo del workshop, che comprende anche una esercitazione pratica, \u00e8 quello di fornire uno sguardo sulle principali attivit\u00e0 delle agenzie nella fase di acquisizione dei nuovi clienti.<\/p>\n<p>[\/et_pb_toggle][\/et_pb_column_inner][\/et_pb_row_inner][et_pb_row_inner _builder_version=&#8221;4.17.4&#8243; _module_preset=&#8221;default&#8221; global_colors_info=&#8221;{}&#8221;][et_pb_column_inner saved_specialty_column_type=&#8221;1_2&#8243; _builder_version=&#8221;4.17.4&#8243; _module_preset=&#8221;default&#8221; global_colors_info=&#8221;{}&#8221;][et_pb_text _builder_version=&#8221;4.17.4&#8243; _module_preset=&#8221;default&#8221; text_font=&#8221;Montserrat||||||||&#8221; text_text_color=&#8221;#000000&#8243; custom_margin=&#8221;-25px||||false|false&#8221; custom_margin_tablet=&#8221;0px||||false|false&#8221; custom_margin_phone=&#8221;0px||||false|false&#8221; custom_margin_last_edited=&#8221;on|phone&#8221; border_color_all=&#8221;RGBA(255,255,255,0)&#8221; border_style_all=&#8221;none&#8221; border_width_top=&#8221;5px&#8221; global_colors_info=&#8221;{}&#8221;]<\/p>\n<p>Dopo una laurea in economia manageriale e un passato da revisore contabile e controller, da 10 anni lavoro nel mondo dei media come responsabile del business development per un&#8217;agenzia di comunicazione milanese.<br \/>Sono giornalista pubblicista e collaboro come docente con enti di formazione e Universit\u00e0.<\/p>\n<p>[\/et_pb_text][\/et_pb_column_inner][\/et_pb_row_inner][\/et_pb_column][et_pb_column type=&#8221;1_2&#8243; _builder_version=&#8221;4.16&#8243; custom_padding=&#8221;|||&#8221; global_colors_info=&#8221;{}&#8221; custom_padding__hover=&#8221;|||&#8221;][et_pb_image src=&#8221;https:\/\/www.webmediamaster.unipr.it\/wmm\/wp-content\/uploads\/2022\/09\/Francesca-Mulas.png&#8221; title_text=&#8221;Francesca-Mulas&#8221; align=&#8221;center&#8221; _builder_version=&#8221;4.17.4&#8243; _module_preset=&#8221;default&#8221; max_width=&#8221;100%&#8221; min_height=&#8221;100px&#8221; custom_margin=&#8221;-33px|0px|0px|0px|false|false&#8221; custom_margin_tablet=&#8221;||-200px||false|false&#8221; custom_margin_phone=&#8221;||-200px||false|false&#8221; custom_margin_last_edited=&#8221;on|phone&#8221; custom_padding=&#8221;0px|0px|0px|0px|false|false&#8221; box_shadow_style=&#8221;preset2&#8243; global_colors_info=&#8221;{}&#8221;][\/et_pb_image][\/et_pb_column][\/et_pb_section][et_pb_section fb_built=&#8221;1&#8243; specialty=&#8221;on&#8221; _builder_version=&#8221;4.17.4&#8243; _module_preset=&#8221;default&#8221; custom_margin=&#8221;51px|||||&#8221; global_colors_info=&#8221;{}&#8221;][et_pb_column type=&#8221;1_2&#8243; _builder_version=&#8221;4.16&#8243; custom_padding=&#8221;|||&#8221; global_colors_info=&#8221;{}&#8221; custom_padding__hover=&#8221;|||&#8221;][et_pb_image src=&#8221;https:\/\/www.webmediamaster.unipr.it\/wmm\/wp-content\/uploads\/2022\/09\/andrea-pescetti.jpg&#8221; title_text=&#8221;andrea-pescetti&#8221; align=&#8221;center&#8221; _builder_version=&#8221;4.17.4&#8243; _module_preset=&#8221;default&#8221; background_color=&#8221;RGBA(255,255,255,0)&#8221; width=&#8221;98.7%&#8221; custom_margin=&#8221;-30px||0px||false|false&#8221; custom_padding=&#8221;0px|0px|0px||false|false&#8221; box_shadow_style=&#8221;preset2&#8243; global_colors_info=&#8221;{}&#8221;][\/et_pb_image][\/et_pb_column][et_pb_column type=&#8221;1_2&#8243; specialty_columns=&#8221;2&#8243; _builder_version=&#8221;4.16&#8243; custom_padding=&#8221;|||&#8221; global_colors_info=&#8221;{}&#8221; custom_padding__hover=&#8221;|||&#8221;][et_pb_row_inner column_structure=&#8221;1_2,1_2&#8243; _builder_version=&#8221;4.17.4&#8243; _module_preset=&#8221;default&#8221; global_colors_info=&#8221;{}&#8221;][et_pb_column_inner type=&#8221;1_2&#8243; saved_specialty_column_type=&#8221;1_2&#8243; _builder_version=&#8221;4.17.4&#8243; _module_preset=&#8221;default&#8221; global_colors_info=&#8221;{}&#8221;][et_pb_text _builder_version=&#8221;4.17.4&#8243; _module_preset=&#8221;default&#8221; text_font=&#8221;Montserrat||||||||&#8221; text_text_color=&#8221;#000000&#8243; text_font_size=&#8221;40px&#8221; text_line_height=&#8221;1em&#8221; custom_margin=&#8221;-6px||0px||false|false&#8221; custom_margin_tablet=&#8221;0px||||false|false&#8221; custom_margin_phone=&#8221;0px||||false|false&#8221; custom_margin_last_edited=&#8221;on|phone&#8221; custom_padding=&#8221;0px||0px||false|false&#8221; global_colors_info=&#8221;{}&#8221;]<\/p>\n<p>Andrea Pescetti<\/p>\n<p>[\/et_pb_text][\/et_pb_column_inner][et_pb_column_inner type=&#8221;1_2&#8243; saved_specialty_column_type=&#8221;1_2&#8243; _builder_version=&#8221;4.17.4&#8243; _module_preset=&#8221;default&#8221; global_colors_info=&#8221;{}&#8221;][et_pb_toggle title=&#8221;Comunicazione digitale: contesti, contenuti, analytics&#8221; open_toggle_text_color=&#8221;#000000&#8243; open_toggle_background_color=&#8221;rgba(70,77,91,0.08)&#8221; closed_toggle_background_color=&#8221;#FFFFFF&#8221; icon_color=&#8221;#000000&#8243; toggle_icon=&#8221;&#x3b;||divi||400&#8243; open_icon_color=&#8221;#000000&#8243; open_toggle_icon=&#8221;&#x4d;||divi||400&#8243; _builder_version=&#8221;4.17.4&#8243; _module_preset=&#8221;default&#8221; title_text_color=&#8221;#000000&#8243; title_font=&#8221;Montserrat|600|||||||&#8221; title_text_align=&#8221;left&#8221; title_font_size=&#8221;14px&#8221; closed_title_font=&#8221;Montserrat||||||||&#8221; closed_title_text_align=&#8221;left&#8221; closed_title_font_size=&#8221;14px&#8221; body_font=&#8221;Montserrat||||||||&#8221; body_text_color=&#8221;#000000&#8243; text_orientation=&#8221;left&#8221; custom_margin=&#8221;||||false|false&#8221; border_radii=&#8221;on|4px|4px|4px|4px&#8221; border_width_all=&#8221;2px&#8221; border_color_all=&#8221;rgba(70,77,91,0.87)&#8221; box_shadow_style=&#8221;preset4&#8243; box_shadow_color=&#8221;#0C71C3&#8243; global_colors_info=&#8221;{}&#8221;]<\/p>\n<p>I contenuti di questo insegnamento si incentrano sulla comunicazione digitale: web, mobile, social. Il pubblico, le strategie, le tecnologie, con particolare attenzione all\u2019architettura dell&#8217;informazione veicolata tramite il web.<\/p>\n<p>[\/et_pb_toggle][\/et_pb_column_inner][\/et_pb_row_inner][et_pb_row_inner _builder_version=&#8221;4.17.4&#8243; _module_preset=&#8221;default&#8221; global_colors_info=&#8221;{}&#8221;][et_pb_column_inner saved_specialty_column_type=&#8221;1_2&#8243; _builder_version=&#8221;4.17.4&#8243; _module_preset=&#8221;default&#8221; global_colors_info=&#8221;{}&#8221;][et_pb_text _builder_version=&#8221;4.17.4&#8243; _module_preset=&#8221;default&#8221; text_font=&#8221;Montserrat||||||||&#8221; text_text_color=&#8221;#000000&#8243; custom_margin=&#8221;-25px||||false|false&#8221; custom_margin_tablet=&#8221;0px||||false|false&#8221; custom_margin_phone=&#8221;0px||||false|false&#8221; custom_margin_last_edited=&#8221;on|phone&#8221; border_color_all=&#8221;RGBA(255,255,255,0)&#8221; border_style_all=&#8221;none&#8221; border_width_top=&#8221;5px&#8221; global_colors_info=&#8221;{}&#8221;]<\/p>\n<p>Andrea Pescetti \u00e8 direttore di Nuvole, societ\u00e0 specializzata in progetti web per organizzazioni internazionali a livello europeo. E\u2019 professore a contratto di informatica e comunicazione web presso l\u2019Universit\u00e0 di Parma. Impegnato da anni nella programmazione e diffusione del software libero e open source.<\/p>\n<p>[\/et_pb_text][\/et_pb_column_inner][\/et_pb_row_inner][\/et_pb_column][\/et_pb_section][et_pb_section fb_built=&#8221;1&#8243; specialty=&#8221;on&#8221; _builder_version=&#8221;4.17.4&#8243; _module_preset=&#8221;default&#8221; global_colors_info=&#8221;{}&#8221;][et_pb_column type=&#8221;1_2&#8243; specialty_columns=&#8221;2&#8243; _builder_version=&#8221;4.16&#8243; custom_padding=&#8221;|||&#8221; global_colors_info=&#8221;{}&#8221; custom_padding__hover=&#8221;|||&#8221;][et_pb_row_inner column_structure=&#8221;1_2,1_2&#8243; _builder_version=&#8221;4.17.4&#8243; _module_preset=&#8221;default&#8221; global_colors_info=&#8221;{}&#8221;][et_pb_column_inner type=&#8221;1_2&#8243; saved_specialty_column_type=&#8221;1_2&#8243; _builder_version=&#8221;4.17.4&#8243; _module_preset=&#8221;default&#8221; global_colors_info=&#8221;{}&#8221;][et_pb_text _builder_version=&#8221;4.19.2&#8243; _module_preset=&#8221;default&#8221; text_font=&#8221;Montserrat||||||||&#8221; text_text_color=&#8221;#000000&#8243; text_font_size=&#8221;40px&#8221; text_line_height=&#8221;1em&#8221; custom_margin=&#8221;-6px||0px||false|false&#8221; custom_margin_tablet=&#8221;0px||||false|false&#8221; custom_margin_phone=&#8221;0px||||false|false&#8221; custom_margin_last_edited=&#8221;on|phone&#8221; custom_padding=&#8221;0px||0px||false|false&#8221; global_colors_info=&#8221;{}&#8221;]<\/p>\n<p>Alessio\u00a0 Pomaro<\/p>\n<p>[\/et_pb_text][\/et_pb_column_inner][et_pb_column_inner type=&#8221;1_2&#8243; saved_specialty_column_type=&#8221;1_2&#8243; _builder_version=&#8221;4.17.4&#8243; _module_preset=&#8221;default&#8221; global_colors_info=&#8221;{}&#8221;][et_pb_toggle title=&#8221;AI. Dalla rivoluzione digitale agli algoritmi generativi&#8221; open_toggle_text_color=&#8221;#000000&#8243; open_toggle_background_color=&#8221;rgba(70,77,91,0.09)&#8221; closed_toggle_background_color=&#8221;#FFFFFF&#8221; icon_color=&#8221;#000000&#8243; toggle_icon=&#8221;&#x3b;||divi||400&#8243; open_icon_color=&#8221;#000000&#8243; open_toggle_icon=&#8221;&#x4d;||divi||400&#8243; _builder_version=&#8221;4.19.2&#8243; _module_preset=&#8221;default&#8221; title_text_color=&#8221;#000000&#8243; title_font=&#8221;Montserrat|600|||||||&#8221; title_font_size=&#8221;14px&#8221; closed_title_font=&#8221;Montserrat||||||||&#8221; closed_title_font_size=&#8221;14px&#8221; body_font=&#8221;Montserrat||||||||&#8221; body_text_color=&#8221;#000000&#8243; custom_margin=&#8221;||11px|||&#8221; border_radii=&#8221;on|4px|4px|4px|4px&#8221; border_width_all=&#8221;2px&#8221; border_color_all=&#8221;#464d5b&#8221; box_shadow_style=&#8221;preset4&#8243; box_shadow_color=&#8221;#0C71C3&#8243; global_colors_info=&#8221;{}&#8221;]<\/p>\n<p>I concetti chiave declinati attraverso applicazioni ed esercitazioni costituiscono il focus di questo laboratorio. Oggigiorno, infatti,, siamo testimoni di una grande rivoluzione digitale e utilizziamo sistemi basati sull&#8217;Intelligenza Artificiale, senza per\u00f2 in entrambi i casi averne piena consapevolezza. In questo laboratorio scopriremo quali sono gli attori in gioco, come interagiscono tra di loro e con la nostra quotidianit\u00e0, e come possono essere sfruttati nelle nostre attivit\u00e0 lavorative, dalla generazione dei contenuti, al marketing fino all&#8217;analisi dei dati.<\/p>\n<p>[\/et_pb_toggle][\/et_pb_column_inner][\/et_pb_row_inner][et_pb_row_inner _builder_version=&#8221;4.17.4&#8243; _module_preset=&#8221;default&#8221; global_colors_info=&#8221;{}&#8221;][et_pb_column_inner saved_specialty_column_type=&#8221;1_2&#8243; _builder_version=&#8221;4.17.4&#8243; _module_preset=&#8221;default&#8221; global_colors_info=&#8221;{}&#8221;][et_pb_text _builder_version=&#8221;4.19.2&#8243; _module_preset=&#8221;default&#8221; text_font=&#8221;Montserrat||||||||&#8221; text_text_color=&#8221;#000000&#8243; custom_margin=&#8221;-25px||||false|false&#8221; custom_margin_tablet=&#8221;0px||||false|false&#8221; custom_margin_phone=&#8221;0px||||false|false&#8221; custom_margin_last_edited=&#8221;on|phone&#8221; border_color_all=&#8221;RGBA(255,255,255,0)&#8221; border_style_all=&#8221;none&#8221; border_width_top=&#8221;5px&#8221; global_colors_info=&#8221;{}&#8221;]<\/p>\n<p>Head of SEO, Head of Voice Technology e AI Conversation Designer di site By site S.p.A.. Ingegnere informatico da sempre appassionato di web marketing e di tecnologia. Autore di Voice Technology (Dario Flaccovio Editore, 2021) e di Brand Voice (FrancoAngeli Editore, 2023). Relatore e speaker nei pi\u00f9 importanti eventi nazionali \u00e8 docente accreditato per la SEO, le tecnologie vocali e l&#8217;AI conversazionale. Fra i massimi esperti di tecnologie vocali applicate al miglioramento della vita e dell&#8217;esperienza delle persone.<\/p>\n<p>[\/et_pb_text][\/et_pb_column_inner][\/et_pb_row_inner][\/et_pb_column][et_pb_column type=&#8221;1_2&#8243; _builder_version=&#8221;4.16&#8243; custom_padding=&#8221;|||&#8221; global_colors_info=&#8221;{}&#8221; custom_padding__hover=&#8221;|||&#8221;][et_pb_image src=&#8221;https:\/\/www.webmediamaster.unipr.it\/wmm\/wp-content\/uploads\/2023\/02\/alessio-pomaro-voice-technology-rid.jpg&#8221; alt=&#8221;Isotta Piazza&#8221; title_text=&#8221;alessio-pomaro-voice-technology-rid&#8221; align=&#8221;center&#8221; force_fullwidth=&#8221;on&#8221; _builder_version=&#8221;4.19.2&#8243; _module_preset=&#8221;default&#8221; min_height=&#8221;400px&#8221; custom_margin=&#8221;-33px|0px|0px|0px|false|false&#8221; custom_margin_tablet=&#8221;||-200px||false|false&#8221; custom_margin_phone=&#8221;||-200px||false|false&#8221; custom_margin_last_edited=&#8221;on|phone&#8221; custom_padding=&#8221;0px|0px|0px|0px|false|false&#8221; box_shadow_style=&#8221;preset2&#8243; global_colors_info=&#8221;{}&#8221;][\/et_pb_image][\/et_pb_column][\/et_pb_section][et_pb_section fb_built=&#8221;1&#8243; specialty=&#8221;on&#8221; _builder_version=&#8221;4.17.4&#8243; _module_preset=&#8221;default&#8221; custom_margin=&#8221;51px|||||&#8221; global_colors_info=&#8221;{}&#8221;][et_pb_column type=&#8221;1_2&#8243; _builder_version=&#8221;4.16&#8243; custom_padding=&#8221;|||&#8221; global_colors_info=&#8221;{}&#8221; custom_padding__hover=&#8221;|||&#8221;][et_pb_image src=&#8221;https:\/\/www.webmediamaster.unipr.it\/wmm\/wp-content\/uploads\/2023\/02\/Simone-Puorto-Avatar-3-rid.jpg&#8221; title_text=&#8221;_-Simone-Puorto-Avatar-3-rid&#8221; align=&#8221;center&#8221; _builder_version=&#8221;4.19.2&#8243; _module_preset=&#8221;default&#8221; background_color=&#8221;RGBA(255,255,255,0)&#8221; width=&#8221;98.7%&#8221; custom_margin=&#8221;-30px||0px||false|false&#8221; custom_padding=&#8221;0px|0px|0px||false|false&#8221; box_shadow_style=&#8221;preset2&#8243; global_colors_info=&#8221;{}&#8221;][\/et_pb_image][\/et_pb_column][et_pb_column type=&#8221;1_2&#8243; specialty_columns=&#8221;2&#8243; _builder_version=&#8221;4.16&#8243; custom_padding=&#8221;|||&#8221; global_colors_info=&#8221;{}&#8221; custom_padding__hover=&#8221;|||&#8221;][et_pb_row_inner column_structure=&#8221;1_2,1_2&#8243; _builder_version=&#8221;4.17.4&#8243; _module_preset=&#8221;default&#8221; global_colors_info=&#8221;{}&#8221;][et_pb_column_inner type=&#8221;1_2&#8243; saved_specialty_column_type=&#8221;1_2&#8243; _builder_version=&#8221;4.17.4&#8243; _module_preset=&#8221;default&#8221; global_colors_info=&#8221;{}&#8221;][et_pb_text _builder_version=&#8221;4.19.2&#8243; _module_preset=&#8221;default&#8221; text_font=&#8221;Montserrat||||||||&#8221; text_text_color=&#8221;#000000&#8243; text_font_size=&#8221;40px&#8221; text_line_height=&#8221;1em&#8221; custom_margin=&#8221;-6px||0px||false|false&#8221; custom_margin_tablet=&#8221;0px||||false|false&#8221; custom_margin_phone=&#8221;0px||||false|false&#8221; custom_margin_last_edited=&#8221;on|phone&#8221; custom_padding=&#8221;0px||0px||false|false&#8221; global_colors_info=&#8221;{}&#8221;]<\/p>\n<p>Simone Puorto<\/p>\n<p>[\/et_pb_text][\/et_pb_column_inner][et_pb_column_inner type=&#8221;1_2&#8243; saved_specialty_column_type=&#8221;1_2&#8243; _builder_version=&#8221;4.17.4&#8243; _module_preset=&#8221;default&#8221; global_colors_info=&#8221;{}&#8221;][et_pb_toggle title=&#8221;Metaverso.Web 3.0. Scenari \u201cfigitali\u201d&#8221; open_toggle_text_color=&#8221;#000000&#8243; open_toggle_background_color=&#8221;rgba(70,77,91,0.08)&#8221; closed_toggle_background_color=&#8221;#FFFFFF&#8221; icon_color=&#8221;#000000&#8243; toggle_icon=&#8221;&#x3b;||divi||400&#8243; open_icon_color=&#8221;#000000&#8243; open_toggle_icon=&#8221;&#x4d;||divi||400&#8243; _builder_version=&#8221;4.19.2&#8243; _module_preset=&#8221;default&#8221; title_text_color=&#8221;#000000&#8243; title_font=&#8221;Montserrat|600|||||||&#8221; title_text_align=&#8221;left&#8221; title_font_size=&#8221;14px&#8221; closed_title_font=&#8221;Montserrat||||||||&#8221; closed_title_text_align=&#8221;left&#8221; closed_title_font_size=&#8221;14px&#8221; body_font=&#8221;Montserrat||||||||&#8221; body_text_color=&#8221;#000000&#8243; text_orientation=&#8221;left&#8221; custom_margin=&#8221;||||false|false&#8221; border_radii=&#8221;on|4px|4px|4px|4px&#8221; border_width_all=&#8221;2px&#8221; border_color_all=&#8221;rgba(70,77,91,0.87)&#8221; box_shadow_style=&#8221;preset4&#8243; box_shadow_color=&#8221;#0C71C3&#8243; global_colors_info=&#8221;{}&#8221;]<\/p>\n<p>Concetti come metaverso, NFT, Web3, crypto, blockchain, DAO e XR sono spesso confusi o mal interpretati. In questo laboratorio comprenderemo questi concetti in modo approfondito, per potersi preparare alla prossima iterazione di internet. Esamineremo come la convergenza di diverse tecnologie stia portando verso un mondo sempre pi\u00f9 &#8220;figitale&#8221; e come questo influir\u00e0 sulla nostra vita quotidiana e sulle opportunit\u00e0 di business. Sono previste esercitazioni \u201cimmersive\u201d<\/p>\n<p>[\/et_pb_toggle][\/et_pb_column_inner][\/et_pb_row_inner][et_pb_row_inner _builder_version=&#8221;4.17.4&#8243; _module_preset=&#8221;default&#8221; global_colors_info=&#8221;{}&#8221;][et_pb_column_inner saved_specialty_column_type=&#8221;1_2&#8243; _builder_version=&#8221;4.17.4&#8243; _module_preset=&#8221;default&#8221; global_colors_info=&#8221;{}&#8221;][et_pb_text _builder_version=&#8221;4.19.2&#8243; _module_preset=&#8221;default&#8221; text_font=&#8221;Montserrat||||||||&#8221; text_text_color=&#8221;#000000&#8243; custom_margin=&#8221;-25px||||false|false&#8221; custom_margin_tablet=&#8221;0px||||false|false&#8221; custom_margin_phone=&#8221;0px||||false|false&#8221; custom_margin_last_edited=&#8221;on|phone&#8221; border_color_all=&#8221;RGBA(255,255,255,0)&#8221; border_style_all=&#8221;none&#8221; border_width_top=&#8221;5px&#8221; global_colors_info=&#8221;{}&#8221;]<\/p>\n<p>Simone\u00a0Puorto\u00a0\u00e8 un un advisor visionario con una consolidata esperienza di 25 anni. \u00c8 autore pubblicato (x4), keynote speake, MBA lecturer e siede nella giunta consultiva di alcune delle pi\u00f9 innovative aziende tecnologiche. E\u2019 fondatore della societ\u00e0 di consulenza Travel Singularity. \u00c8 un fervido transumanista e antimortista, e si impegna come cryptoevangelista per l&#8217;e-democracy, i diritti dei cyborg e l&#8217;applicazione etica dell&#8217;AI. Simone risiede tra Roma e Parigi, e si pu\u00f2 contattare all&#8217;indirizzo\u00a0https:\/\/www.travelsingularity.com\/simonepuorto.<\/p>\n<p>[\/et_pb_text][\/et_pb_column_inner][\/et_pb_row_inner][\/et_pb_column][\/et_pb_section][et_pb_section fb_built=&#8221;1&#8243; specialty=&#8221;on&#8221; _builder_version=&#8221;4.17.4&#8243; _module_preset=&#8221;default&#8221; custom_margin=&#8221;51px|||||&#8221; global_colors_info=&#8221;{}&#8221;][et_pb_column type=&#8221;1_2&#8243; _builder_version=&#8221;4.16&#8243; custom_padding=&#8221;|||&#8221; global_colors_info=&#8221;{}&#8221; custom_padding__hover=&#8221;|||&#8221;][et_pb_image src=&#8221;https:\/\/www.webmediamaster.unipr.it\/wmm\/wp-content\/uploads\/2022\/09\/Michele.Putorti.png&#8221; title_text=&#8221;Michele.Putorti&#8221; align=&#8221;center&#8221; _builder_version=&#8221;4.17.4&#8243; _module_preset=&#8221;default&#8221; background_color=&#8221;RGBA(255,255,255,0)&#8221; width=&#8221;98.7%&#8221; custom_margin=&#8221;-30px||0px||false|false&#8221; custom_padding=&#8221;0px|0px|0px||false|false&#8221; box_shadow_style=&#8221;preset2&#8243; global_colors_info=&#8221;{}&#8221;][\/et_pb_image][\/et_pb_column][et_pb_column type=&#8221;1_2&#8243; specialty_columns=&#8221;2&#8243; _builder_version=&#8221;4.16&#8243; custom_padding=&#8221;|||&#8221; global_colors_info=&#8221;{}&#8221; custom_padding__hover=&#8221;|||&#8221;][et_pb_row_inner column_structure=&#8221;1_2,1_2&#8243; _builder_version=&#8221;4.17.4&#8243; _module_preset=&#8221;default&#8221; global_colors_info=&#8221;{}&#8221;][et_pb_column_inner type=&#8221;1_2&#8243; saved_specialty_column_type=&#8221;1_2&#8243; _builder_version=&#8221;4.17.4&#8243; _module_preset=&#8221;default&#8221; global_colors_info=&#8221;{}&#8221;][et_pb_text _builder_version=&#8221;4.17.4&#8243; _module_preset=&#8221;default&#8221; text_font=&#8221;Montserrat||||||||&#8221; text_text_color=&#8221;#000000&#8243; text_font_size=&#8221;40px&#8221; text_line_height=&#8221;1em&#8221; custom_margin=&#8221;-6px||0px||false|false&#8221; custom_margin_tablet=&#8221;0px||||false|false&#8221; custom_margin_phone=&#8221;0px||||false|false&#8221; custom_margin_last_edited=&#8221;on|phone&#8221; custom_padding=&#8221;0px||0px||false|false&#8221; global_colors_info=&#8221;{}&#8221;]<\/p>\n<p>Michele Putorti<\/p>\n<p>[\/et_pb_text][\/et_pb_column_inner][et_pb_column_inner type=&#8221;1_2&#8243; saved_specialty_column_type=&#8221;1_2&#8243; _builder_version=&#8221;4.17.4&#8243; _module_preset=&#8221;default&#8221; global_colors_info=&#8221;{}&#8221;][et_pb_toggle title=&#8221;Stop motion &#038; Video making in mobilit\u00e0&#8221; open_toggle_text_color=&#8221;#000000&#8243; open_toggle_background_color=&#8221;rgba(70,77,91,0.08)&#8221; closed_toggle_background_color=&#8221;#FFFFFF&#8221; icon_color=&#8221;#000000&#8243; toggle_icon=&#8221;&#x3b;||divi||400&#8243; open_icon_color=&#8221;#000000&#8243; open_toggle_icon=&#8221;&#x4d;||divi||400&#8243; _builder_version=&#8221;4.17.4&#8243; _module_preset=&#8221;default&#8221; title_text_color=&#8221;#000000&#8243; title_font=&#8221;Montserrat|600|||||||&#8221; title_text_align=&#8221;left&#8221; title_font_size=&#8221;14px&#8221; closed_title_font=&#8221;Montserrat||||||||&#8221; closed_title_text_align=&#8221;left&#8221; closed_title_font_size=&#8221;14px&#8221; body_font=&#8221;Montserrat||||||||&#8221; body_text_color=&#8221;#000000&#8243; text_orientation=&#8221;left&#8221; custom_margin=&#8221;||||false|false&#8221; border_radii=&#8221;on|4px|4px|4px|4px&#8221; border_width_all=&#8221;2px&#8221; border_color_all=&#8221;rgba(70,77,91,0.87)&#8221; box_shadow_style=&#8221;preset4&#8243; box_shadow_color=&#8221;#0C71C3&#8243; global_colors_info=&#8221;{}&#8221;]<\/p>\n<ul>\n<li><strong>Stop motion<\/strong><br \/>I video virali hanno &#8220;un sapore di fatto in casa con pochi soldi&#8221;. Di innovativo non c&#8217;e\u0300 nulla, solo sta riaffiorando un tipo cinematografia lasciata per anni negli archivi storici. Ma non per questo meno magica. La novita\u0300 sta nella strategia comunicativa del video virale, assai lontana dalla rigidita\u0300 televisiva<\/li>\n<li>\n<p><strong>Videomaking in mobilit\u00e0<\/strong><\/p>\n<p>Oggi \u00e8 molto importante per giornalisti, creativi, designer, videomaker essere informati sugli ultimi strumenti per smartphone. Disponiamo infatti di una vasta gamma di app di edizione per girare video, audio e immagini in pochi istanti. Se il micro storytelling nasce per essere raccontato e acquisito in poco tempo, abbiamo pochi minuti per poterlo elaborare e distribuire.<\/p>\n<\/li>\n<\/ul>\n<p>[\/et_pb_toggle][\/et_pb_column_inner][\/et_pb_row_inner][et_pb_row_inner _builder_version=&#8221;4.17.4&#8243; _module_preset=&#8221;default&#8221; global_colors_info=&#8221;{}&#8221;][et_pb_column_inner saved_specialty_column_type=&#8221;1_2&#8243; _builder_version=&#8221;4.17.4&#8243; _module_preset=&#8221;default&#8221; global_colors_info=&#8221;{}&#8221;][et_pb_text _builder_version=&#8221;4.17.4&#8243; _module_preset=&#8221;default&#8221; text_font=&#8221;Montserrat||||||||&#8221; text_text_color=&#8221;#000000&#8243; custom_margin=&#8221;-25px||||false|false&#8221; custom_margin_tablet=&#8221;0px||||false|false&#8221; custom_margin_phone=&#8221;0px||||false|false&#8221; custom_margin_last_edited=&#8221;on|phone&#8221; border_color_all=&#8221;RGBA(255,255,255,0)&#8221; border_style_all=&#8221;none&#8221; border_width_top=&#8221;5px&#8221; global_colors_info=&#8221;{}&#8221;]<\/p>\n<p>Regista di spot commerciali e videoclip, animatore con tecnica stop motion. Nel 2010 per The Guardian e\u0300 uno dei dieci migliori videomaker virali del mondo. Dal 2015 e\u0300 produttore esecutivo di Kinoki Media, hub di visual designer per la produzione di contenuti video virali, in motion graphics, character animation, VR and AR.<\/p>\n<p>[\/et_pb_text][\/et_pb_column_inner][\/et_pb_row_inner][\/et_pb_column][\/et_pb_section][et_pb_section fb_built=&#8221;1&#8243; specialty=&#8221;on&#8221; _builder_version=&#8221;4.17.4&#8243; _module_preset=&#8221;default&#8221; global_colors_info=&#8221;{}&#8221;][et_pb_column type=&#8221;1_2&#8243; specialty_columns=&#8221;2&#8243; _builder_version=&#8221;4.16&#8243; custom_padding=&#8221;|||&#8221; global_colors_info=&#8221;{}&#8221; custom_padding__hover=&#8221;|||&#8221;][et_pb_row_inner column_structure=&#8221;1_2,1_2&#8243; _builder_version=&#8221;4.17.4&#8243; _module_preset=&#8221;default&#8221; global_colors_info=&#8221;{}&#8221;][et_pb_column_inner type=&#8221;1_2&#8243; saved_specialty_column_type=&#8221;1_2&#8243; _builder_version=&#8221;4.17.4&#8243; _module_preset=&#8221;default&#8221; global_colors_info=&#8221;{}&#8221;][et_pb_text _builder_version=&#8221;4.17.4&#8243; _module_preset=&#8221;default&#8221; text_font=&#8221;Montserrat||||||||&#8221; text_text_color=&#8221;#000000&#8243; text_font_size=&#8221;40px&#8221; text_line_height=&#8221;1em&#8221; custom_margin=&#8221;-6px||0px||false|false&#8221; custom_margin_tablet=&#8221;0px||||false|false&#8221; custom_margin_phone=&#8221;0px||||false|false&#8221; custom_margin_last_edited=&#8221;on|phone&#8221; custom_padding=&#8221;0px||0px||false|false&#8221; global_colors_info=&#8221;{}&#8221;]<\/p>\n<p>Isotta Piazza<\/p>\n<p>[\/et_pb_text][\/et_pb_column_inner][et_pb_column_inner type=&#8221;1_2&#8243; saved_specialty_column_type=&#8221;1_2&#8243; _builder_version=&#8221;4.17.4&#8243; _module_preset=&#8221;default&#8221; global_colors_info=&#8221;{}&#8221;][et_pb_toggle title=&#8221;Editoria e risorse di rete&#8221; open_toggle_text_color=&#8221;#000000&#8243; open_toggle_background_color=&#8221;rgba(70,77,91,0.09)&#8221; closed_toggle_background_color=&#8221;#FFFFFF&#8221; icon_color=&#8221;#000000&#8243; toggle_icon=&#8221;&#x3b;||divi||400&#8243; open_icon_color=&#8221;#000000&#8243; open_toggle_icon=&#8221;&#x4d;||divi||400&#8243; _builder_version=&#8221;4.17.4&#8243; _module_preset=&#8221;default&#8221; title_text_color=&#8221;#000000&#8243; title_font=&#8221;Montserrat|600|||||||&#8221; title_font_size=&#8221;14px&#8221; closed_title_font=&#8221;Montserrat||||||||&#8221; closed_title_font_size=&#8221;14px&#8221; body_font=&#8221;Montserrat||||||||&#8221; body_text_color=&#8221;#000000&#8243; custom_margin=&#8221;||11px|||&#8221; border_radii=&#8221;on|4px|4px|4px|4px&#8221; border_width_all=&#8221;2px&#8221; border_color_all=&#8221;#464d5b&#8221; box_shadow_style=&#8221;preset4&#8243; box_shadow_color=&#8221;#0C71C3&#8243; global_colors_info=&#8221;{}&#8221;]<\/p>\n<p>Lo scopo di questo insegnamento \u00e8 delineare un quadro dell&#8217;editoria contemporanea e le opportunit\u00e0 offerte dalla rete nella duplice direzione dello scouting di autori, temi e generi.<\/p>\n<p>[\/et_pb_toggle][\/et_pb_column_inner][\/et_pb_row_inner][et_pb_row_inner _builder_version=&#8221;4.17.4&#8243; _module_preset=&#8221;default&#8221; global_colors_info=&#8221;{}&#8221;][et_pb_column_inner saved_specialty_column_type=&#8221;1_2&#8243; _builder_version=&#8221;4.17.4&#8243; _module_preset=&#8221;default&#8221; global_colors_info=&#8221;{}&#8221;][et_pb_text _builder_version=&#8221;4.17.4&#8243; _module_preset=&#8221;default&#8221; text_font=&#8221;Montserrat||||||||&#8221; text_text_color=&#8221;#000000&#8243; custom_margin=&#8221;-25px||||false|false&#8221; custom_margin_tablet=&#8221;0px||||false|false&#8221; custom_margin_phone=&#8221;0px||||false|false&#8221; custom_margin_last_edited=&#8221;on|phone&#8221; border_color_all=&#8221;RGBA(255,255,255,0)&#8221; border_style_all=&#8221;none&#8221; border_width_top=&#8221;5px&#8221; global_colors_info=&#8221;{}&#8221;]<\/p>\n<p>Professoressa associata presso l\u2019Universit\u00e0 di Parma, dove insegna Letteratura italiana contemporanea e Letteratura contemporanea e sistema editoriale. Ha come orientamento privilegiato di ricerca lo studio degli snodi di interazione tra i sistemi letterario ed editoriale. <br \/>Pubblicazioni recenti: Lo spazio mediale. Generi narrativi tra creativit\u00e0 letteraria e progettazione editoriale: il caso Verga (Firenze, Cesati, 2018) e la curatela, insieme a Sara Martin, di Spazio mediale e morfologia della narrazione (Firenze, Cesati, 2019).<\/p>\n<p>[\/et_pb_text][\/et_pb_column_inner][\/et_pb_row_inner][\/et_pb_column][et_pb_column type=&#8221;1_2&#8243; _builder_version=&#8221;4.16&#8243; custom_padding=&#8221;|||&#8221; global_colors_info=&#8221;{}&#8221; custom_padding__hover=&#8221;|||&#8221;][et_pb_image src=&#8221;https:\/\/www.webmediamaster.unipr.it\/wmm\/wp-content\/uploads\/2022\/09\/isotta.jpg&#8221; alt=&#8221;Isotta Piazza&#8221; title_text=&#8221;isotta&#8221; align=&#8221;center&#8221; force_fullwidth=&#8221;on&#8221; _builder_version=&#8221;4.17.4&#8243; _module_preset=&#8221;default&#8221; min_height=&#8221;400px&#8221; custom_margin=&#8221;-33px|0px|0px|0px|false|false&#8221; custom_margin_tablet=&#8221;||-200px||false|false&#8221; custom_margin_phone=&#8221;||-200px||false|false&#8221; custom_margin_last_edited=&#8221;on|phone&#8221; custom_padding=&#8221;0px|0px|0px|0px|false|false&#8221; box_shadow_style=&#8221;preset2&#8243; global_colors_info=&#8221;{}&#8221;][\/et_pb_image][\/et_pb_column][\/et_pb_section][et_pb_section fb_built=&#8221;1&#8243; specialty=&#8221;on&#8221; _builder_version=&#8221;4.17.4&#8243; _module_preset=&#8221;default&#8221; global_colors_info=&#8221;{}&#8221;][et_pb_column type=&#8221;1_2&#8243; specialty_columns=&#8221;2&#8243; _builder_version=&#8221;4.16&#8243; custom_padding=&#8221;|||&#8221; global_colors_info=&#8221;{}&#8221; custom_padding__hover=&#8221;|||&#8221;][et_pb_row_inner column_structure=&#8221;1_2,1_2&#8243; _builder_version=&#8221;4.17.4&#8243; _module_preset=&#8221;default&#8221; global_colors_info=&#8221;{}&#8221;][et_pb_column_inner type=&#8221;1_2&#8243; saved_specialty_column_type=&#8221;1_2&#8243; _builder_version=&#8221;4.17.4&#8243; _module_preset=&#8221;default&#8221; global_colors_info=&#8221;{}&#8221;][et_pb_text _builder_version=&#8221;4.17.4&#8243; _module_preset=&#8221;default&#8221; text_font=&#8221;Montserrat||||||||&#8221; text_text_color=&#8221;#000000&#8243; text_font_size=&#8221;40px&#8221; text_line_height=&#8221;1em&#8221; custom_margin=&#8221;-6px||0px||false|false&#8221; custom_margin_tablet=&#8221;0px||||false|false&#8221; custom_margin_phone=&#8221;0px||||false|false&#8221; custom_margin_last_edited=&#8221;on|phone&#8221; custom_padding=&#8221;0px||0px||false|false&#8221; global_colors_info=&#8221;{}&#8221;]<\/p>\n<p>Pier Luca Santoro<\/p>\n<p>[\/et_pb_text][\/et_pb_column_inner][et_pb_column_inner type=&#8221;1_2&#8243; saved_specialty_column_type=&#8221;1_2&#8243; _builder_version=&#8221;4.17.4&#8243; _module_preset=&#8221;default&#8221; global_colors_info=&#8221;{}&#8221;][et_pb_toggle title=&#8221;Social listening&#8221; open_toggle_text_color=&#8221;#000000&#8243; open_toggle_background_color=&#8221;rgba(70,77,91,0.09)&#8221; closed_toggle_background_color=&#8221;#FFFFFF&#8221; icon_color=&#8221;#000000&#8243; toggle_icon=&#8221;&#x3b;||divi||400&#8243; open_icon_color=&#8221;#000000&#8243; open_toggle_icon=&#8221;&#x4d;||divi||400&#8243; _builder_version=&#8221;4.17.4&#8243; _module_preset=&#8221;default&#8221; title_text_color=&#8221;#000000&#8243; title_font=&#8221;Montserrat|600|||||||&#8221; title_font_size=&#8221;14px&#8221; closed_title_font=&#8221;Montserrat||||||||&#8221; closed_title_font_size=&#8221;14px&#8221; body_font=&#8221;Montserrat||||||||&#8221; body_text_color=&#8221;#000000&#8243; custom_margin=&#8221;||11px|||&#8221; border_radii=&#8221;on|4px|4px|4px|4px&#8221; border_width_all=&#8221;2px&#8221; border_color_all=&#8221;#464d5b&#8221; box_shadow_style=&#8221;preset4&#8243; box_shadow_color=&#8221;#0C71C3&#8243; global_colors_info=&#8221;{}&#8221;]<\/p>\n<p>Posizionamento e reputazione per qualsiasi impresa\/brand \u00e8 esseenziale. Fondamentale per agire in modo ottimale sui mercati di riferimento e relazionarsi positivamente con i propri clienti\/consumatori reali e potenziali. Con la diffusione dei social media l\u2019ascolto in rete delle conversazioni e menzioni \u00e8 ormai un fondamentale strumento per le politiche di marca e di marketing. Le principali metodologie, l\u2019utilizzo di app e tool dedicati ed esercitazioni coinvolgeranno i partecipanti su casi concreti<\/p>\n<p>[\/et_pb_toggle][\/et_pb_column_inner][\/et_pb_row_inner][et_pb_row_inner _builder_version=&#8221;4.17.4&#8243; _module_preset=&#8221;default&#8221; global_colors_info=&#8221;{}&#8221;][et_pb_column_inner saved_specialty_column_type=&#8221;1_2&#8243; _builder_version=&#8221;4.17.4&#8243; _module_preset=&#8221;default&#8221; global_colors_info=&#8221;{}&#8221;][et_pb_text _builder_version=&#8221;4.17.4&#8243; _module_preset=&#8221;default&#8221; text_font=&#8221;Montserrat||||||||&#8221; text_text_color=&#8221;#000000&#8243; custom_margin=&#8221;-25px||||false|false&#8221; custom_margin_tablet=&#8221;0px||||false|false&#8221; custom_margin_phone=&#8221;0px||||false|false&#8221; custom_margin_last_edited=&#8221;on|phone&#8221; border_color_all=&#8221;RGBA(255,255,255,0)&#8221; border_style_all=&#8221;none&#8221; border_width_top=&#8221;5px&#8221; global_colors_info=&#8221;{}&#8221;]<\/p>\n<p>E\u2019 un esperto di marketing, comunicazione &amp; sales intelligence. Project Manager @DataMediaHub . Dal 1998 opera come consulente per progetti di posizionamento strategico, organizzazione, comunicazione &amp; formazione. Sperimentatore e creativo.<br \/>Dal 1987 in poi \u00e9 stato responsabile del marketing e dell\u2019organizzazione commerciale di grandi imprese [Star, Giuliani, Bonomelli].<br \/>Web site: http:\/\/www.datamediahub.it\/<br \/>Twitter: @pedroelrey<\/p>\n<p>[\/et_pb_text][\/et_pb_column_inner][\/et_pb_row_inner][\/et_pb_column][et_pb_column type=&#8221;1_2&#8243; _builder_version=&#8221;4.16&#8243; custom_padding=&#8221;|||&#8221; global_colors_info=&#8221;{}&#8221; custom_padding__hover=&#8221;|||&#8221;][et_pb_image src=&#8221;https:\/\/www.webmediamaster.unipr.it\/wmm\/wp-content\/uploads\/2022\/09\/Pier-Luca-Santoro.jpeg&#8221; title_text=&#8221;Pier Luca Santoro&#8221; align=&#8221;center&#8221; _builder_version=&#8221;4.17.4&#8243; _module_preset=&#8221;default&#8221; max_width=&#8221;100%&#8221; min_height=&#8221;100px&#8221; custom_margin=&#8221;-33px|0px|0px|0px|false|false&#8221; custom_margin_tablet=&#8221;||-200px||false|false&#8221; custom_margin_phone=&#8221;||-200px||false|false&#8221; custom_margin_last_edited=&#8221;on|phone&#8221; custom_padding=&#8221;0px|0px|0px|0px|false|false&#8221; box_shadow_style=&#8221;preset2&#8243; global_colors_info=&#8221;{}&#8221;][\/et_pb_image][\/et_pb_column][\/et_pb_section][et_pb_section fb_built=&#8221;1&#8243; specialty=&#8221;on&#8221; _builder_version=&#8221;4.17.4&#8243; _module_preset=&#8221;default&#8221; global_colors_info=&#8221;{}&#8221;][et_pb_column type=&#8221;1_2&#8243; specialty_columns=&#8221;2&#8243; _builder_version=&#8221;4.16&#8243; custom_padding=&#8221;|||&#8221; global_colors_info=&#8221;{}&#8221; custom_padding__hover=&#8221;|||&#8221;][et_pb_row_inner column_structure=&#8221;1_2,1_2&#8243; _builder_version=&#8221;4.17.4&#8243; _module_preset=&#8221;default&#8221; global_colors_info=&#8221;{}&#8221;][et_pb_column_inner type=&#8221;1_2&#8243; saved_specialty_column_type=&#8221;1_2&#8243; _builder_version=&#8221;4.17.4&#8243; _module_preset=&#8221;default&#8221; global_colors_info=&#8221;{}&#8221;][et_pb_text _builder_version=&#8221;4.17.4&#8243; _module_preset=&#8221;default&#8221; text_font=&#8221;Montserrat||||||||&#8221; text_text_color=&#8221;#000000&#8243; text_font_size=&#8221;40px&#8221; text_line_height=&#8221;1em&#8221; custom_margin=&#8221;-6px||0px||false|false&#8221; custom_margin_tablet=&#8221;0px||||false|false&#8221; custom_margin_phone=&#8221;0px||||false|false&#8221; custom_margin_last_edited=&#8221;on|phone&#8221; custom_padding=&#8221;0px||0px||false|false&#8221; global_colors_info=&#8221;{}&#8221;]<\/p>\n<p>Alberto Salarelli<\/p>\n<p>[\/et_pb_text][et_pb_text _builder_version=&#8221;4.17.4&#8243; _module_preset=&#8221;default&#8221; text_font=&#8221;||||||||&#8221; text_text_color=&#8221;#000000&#8243; text_font_size=&#8221;15px&#8221; ul_text_align=&#8221;center&#8221; ul_font_size=&#8221;20px&#8221; background_layout=&#8221;dark&#8221; custom_margin=&#8221;||24px|||&#8221; global_colors_info=&#8221;{}&#8221;]<\/p>\n<p>Presidente comitato esecutivo\u00a0<\/p>\n<p>[\/et_pb_text][et_pb_social_media_follow _builder_version=&#8221;4.19.2&#8243; _module_preset=&#8221;default&#8221; hover_enabled=&#8221;0&#8243; global_colors_info=&#8221;{}&#8221; background_color=&#8221;RGBA(255,255,255,0)&#8221; sticky_enabled=&#8221;0&#8243;][et_pb_social_media_follow_network social_network=&#8221;linkedin&#8221; url=&#8221;https:\/\/it.linkedin.com\/in\/alberto-salarelli-7b202a6%20&#8243; _builder_version=&#8221;4.17.4&#8243; _module_preset=&#8221;default&#8221; background_color=&#8221;#007bb6&#8243; global_colors_info=&#8221;{}&#8221; follow_button=&#8221;off&#8221; url_new_window=&#8221;on&#8221;]linkedin[\/et_pb_social_media_follow_network][et_pb_social_media_follow_network social_network=&#8221;researchgate&#8221; url=&#8221;https:\/\/salarelli.altervista.org\/&#8221; _builder_version=&#8221;4.17.4&#8243; _module_preset=&#8221;default&#8221; background_color=&#8221;#02396d&#8221; background_enable_color=&#8221;on&#8221; global_colors_info=&#8221;{}&#8221; follow_button=&#8221;off&#8221; url_new_window=&#8221;on&#8221;]researchgate[\/et_pb_social_media_follow_network][\/et_pb_social_media_follow][\/et_pb_column_inner][et_pb_column_inner type=&#8221;1_2&#8243; saved_specialty_column_type=&#8221;1_2&#8243; _builder_version=&#8221;4.17.4&#8243; _module_preset=&#8221;default&#8221; global_colors_info=&#8221;{}&#8221;][et_pb_toggle title=&#8221;Diritto d&#8217;autore&#8221; open_toggle_text_color=&#8221;#000000&#8243; open_toggle_background_color=&#8221;rgba(70,77,91,0.09)&#8221; closed_toggle_background_color=&#8221;#FFFFFF&#8221; icon_color=&#8221;#000000&#8243; toggle_icon=&#8221;&#x3b;||divi||400&#8243; open_icon_color=&#8221;#000000&#8243; open_toggle_icon=&#8221;&#x4d;||divi||400&#8243; _builder_version=&#8221;4.17.4&#8243; _module_preset=&#8221;default&#8221; title_text_color=&#8221;#000000&#8243; title_font=&#8221;Montserrat|600|||||||&#8221; title_font_size=&#8221;14px&#8221; closed_title_font=&#8221;Montserrat||||||||&#8221; closed_title_font_size=&#8221;14px&#8221; body_font=&#8221;Montserrat||||||||&#8221; body_text_color=&#8221;#000000&#8243; custom_margin=&#8221;||11px|||&#8221; border_radii=&#8221;on|4px|4px|4px|4px&#8221; border_width_all=&#8221;2px&#8221; border_color_all=&#8221;#464d5b&#8221; box_shadow_style=&#8221;preset4&#8243; box_shadow_color=&#8221;#0C71C3&#8243; global_colors_info=&#8221;{}&#8221;]<\/p>\n<p>Il modulo prevede una sintetica disamina dei principi alla base del moderno diritto d&#8217;autore con particolare riferimento alla normativa comunitaria e italiana. Ci si soffermer\u00e0 soprattutto sulle casistiche legate alla distribuzione dei contenuti attraverso le diverse tecnologie di internet.<\/p>\n<p>[\/et_pb_toggle][\/et_pb_column_inner][\/et_pb_row_inner][et_pb_row_inner _builder_version=&#8221;4.17.4&#8243; _module_preset=&#8221;default&#8221; global_colors_info=&#8221;{}&#8221;][et_pb_column_inner saved_specialty_column_type=&#8221;1_2&#8243; _builder_version=&#8221;4.17.4&#8243; _module_preset=&#8221;default&#8221; global_colors_info=&#8221;{}&#8221;][et_pb_text _builder_version=&#8221;4.17.4&#8243; _module_preset=&#8221;default&#8221; text_font=&#8221;Montserrat||||||||&#8221; text_text_color=&#8221;#000000&#8243; custom_margin=&#8221;-25px||||false|false&#8221; custom_margin_tablet=&#8221;0px||||false|false&#8221; custom_margin_phone=&#8221;0px||||false|false&#8221; custom_margin_last_edited=&#8221;on|phone&#8221; border_color_all=&#8221;RGBA(255,255,255,0)&#8221; border_style_all=&#8221;none&#8221; border_width_top=&#8221;5px&#8221; global_colors_info=&#8221;{}&#8221;]<\/p>\n<p>Alberto Salarelli \u00e8 professore associato presso il Dipartimento di Discipline Umanistiche, Sociali e delle Imprese Culturali dove insegna \u201cDocumentazione digitale\u201d.<\/p>\n<p>\u00c8 autore di diverse monografie e di circa un centinaio di articoli pubblicati su riviste scientifiche italiane e internazionali.<\/p>\n<p><strong>\u00c8 presidente del Master in Comunicazione Digitale, Mobile e Social.\u00a0<\/strong><\/p>\n<p>[\/et_pb_text][\/et_pb_column_inner][\/et_pb_row_inner][\/et_pb_column][et_pb_column type=&#8221;1_2&#8243; _builder_version=&#8221;4.16&#8243; custom_padding=&#8221;|||&#8221; global_colors_info=&#8221;{}&#8221; custom_padding__hover=&#8221;|||&#8221;][et_pb_image src=&#8221;https:\/\/www.webmediamaster.unipr.it\/wmm\/wp-content\/uploads\/2022\/08\/albertosalarelli..jpg&#8221; title_text=&#8221;albertosalarelli.&#8221; align=&#8221;center&#8221; _builder_version=&#8221;4.17.4&#8243; _module_preset=&#8221;default&#8221; max_width=&#8221;100%&#8221; min_height=&#8221;100px&#8221; custom_margin=&#8221;-33px|0px|0px|0px|false|false&#8221; custom_margin_tablet=&#8221;||-200px||false|false&#8221; custom_margin_phone=&#8221;||-200px||false|false&#8221; custom_margin_last_edited=&#8221;on|phone&#8221; custom_padding=&#8221;0px|0px|0px|0px|false|false&#8221; box_shadow_style=&#8221;preset2&#8243; global_colors_info=&#8221;{}&#8221;][\/et_pb_image][\/et_pb_column][\/et_pb_section][et_pb_section fb_built=&#8221;1&#8243; specialty=&#8221;on&#8221; _builder_version=&#8221;4.17.4&#8243; _module_preset=&#8221;default&#8221; global_colors_info=&#8221;{}&#8221;][et_pb_column type=&#8221;1_2&#8243; specialty_columns=&#8221;2&#8243; _builder_version=&#8221;4.16&#8243; custom_padding=&#8221;|||&#8221; global_colors_info=&#8221;{}&#8221; custom_padding__hover=&#8221;|||&#8221;][et_pb_row_inner column_structure=&#8221;1_2,1_2&#8243; _builder_version=&#8221;4.17.4&#8243; _module_preset=&#8221;default&#8221; global_colors_info=&#8221;{}&#8221;][et_pb_column_inner type=&#8221;1_2&#8243; saved_specialty_column_type=&#8221;1_2&#8243; _builder_version=&#8221;4.17.4&#8243; _module_preset=&#8221;default&#8221; global_colors_info=&#8221;{}&#8221;][et_pb_text _builder_version=&#8221;4.17.4&#8243; _module_preset=&#8221;default&#8221; text_font=&#8221;Montserrat||||||||&#8221; text_text_color=&#8221;#000000&#8243; text_font_size=&#8221;40px&#8221; text_line_height=&#8221;1em&#8221; custom_margin=&#8221;-6px||0px||false|false&#8221; custom_margin_tablet=&#8221;0px||||false|false&#8221; custom_margin_phone=&#8221;0px||||false|false&#8221; custom_margin_last_edited=&#8221;on|phone&#8221; custom_padding=&#8221;0px||0px||false|false&#8221; global_colors_info=&#8221;{}&#8221;]<\/p>\n<p>Marco Valesi<\/p>\n<p>[\/et_pb_text][\/et_pb_column_inner][et_pb_column_inner type=&#8221;1_2&#8243; saved_specialty_column_type=&#8221;1_2&#8243; _builder_version=&#8221;4.17.4&#8243; _module_preset=&#8221;default&#8221; global_colors_info=&#8221;{}&#8221;][et_pb_toggle title=&#8221;Neo giornalismo e visual journalism&#8221; open_toggle_text_color=&#8221;#000000&#8243; open_toggle_background_color=&#8221;rgba(70,77,91,0.09)&#8221; closed_toggle_background_color=&#8221;#FFFFFF&#8221; icon_color=&#8221;#000000&#8243; toggle_icon=&#8221;&#x3b;||divi||400&#8243; open_icon_color=&#8221;#000000&#8243; open_toggle_icon=&#8221;&#x4d;||divi||400&#8243; _builder_version=&#8221;4.17.4&#8243; _module_preset=&#8221;default&#8221; title_text_color=&#8221;#000000&#8243; title_font=&#8221;Montserrat|600|||||||&#8221; title_font_size=&#8221;14px&#8221; closed_title_font=&#8221;Montserrat||||||||&#8221; closed_title_font_size=&#8221;14px&#8221; body_font=&#8221;Montserrat||||||||&#8221; body_text_color=&#8221;#000000&#8243; custom_margin=&#8221;||11px|||&#8221; border_radii=&#8221;on|4px|4px|4px|4px&#8221; border_width_all=&#8221;2px&#8221; border_color_all=&#8221;#464d5b&#8221; box_shadow_style=&#8221;preset4&#8243; box_shadow_color=&#8221;#0C71C3&#8243; global_colors_info=&#8221;{}&#8221;]<\/p>\n<p>Il corso indaga le dimensioni attualki e soprattutto future del giornalismo, nella sua pi\u00f9 ampia, articolata e variegata accezione. Neo-giornalismo, citizien journalism, giornalismo visuale, ma anche stret art e forme di ribellione che si materializzano con graffiti stradali, scritte murali e altre forme alternative e memetiche. Gli scenari futuri ipotizzati, intrecceranno tradizione e postmodernit\u00e0, verso e metaverso<\/p>\n<p>[\/et_pb_toggle][\/et_pb_column_inner][\/et_pb_row_inner][et_pb_row_inner _builder_version=&#8221;4.17.4&#8243; _module_preset=&#8221;default&#8221; global_colors_info=&#8221;{}&#8221;][et_pb_column_inner saved_specialty_column_type=&#8221;1_2&#8243; _builder_version=&#8221;4.17.4&#8243; _module_preset=&#8221;default&#8221; global_colors_info=&#8221;{}&#8221;][et_pb_text _builder_version=&#8221;4.17.4&#8243; _module_preset=&#8221;default&#8221; text_font=&#8221;Montserrat||||||||&#8221; text_text_color=&#8221;#000000&#8243; custom_margin=&#8221;-25px||||false|false&#8221; custom_margin_tablet=&#8221;0px||||false|false&#8221; custom_margin_phone=&#8221;0px||||false|false&#8221; custom_margin_last_edited=&#8221;on|phone&#8221; border_color_all=&#8221;RGBA(255,255,255,0)&#8221; border_style_all=&#8221;none&#8221; border_width_top=&#8221;5px&#8221; global_colors_info=&#8221;{}&#8221;]<\/p>\n<p>Sociologo, con Laurea in Filosofia (Universit\u00e0 di Parma), Master in Comunicazione Culturale (Universidad de Barcelona), PhD (University of California. Collabora presso il Liceo Italiano di Barcellona, con la School of Philosophy and Art History presso l&#8217;University of Essex ed \u00e8 coordinatore dell\u2019area europea per l&#8217; Accademia Internazionale della Cultura Italiana (www.accademia.italiani.it).<\/p>\n<p>[\/et_pb_text][\/et_pb_column_inner][\/et_pb_row_inner][\/et_pb_column][et_pb_column type=&#8221;1_2&#8243; _builder_version=&#8221;4.16&#8243; custom_padding=&#8221;|||&#8221; global_colors_info=&#8221;{}&#8221; custom_padding__hover=&#8221;|||&#8221;][et_pb_image src=&#8221;https:\/\/www.webmediamaster.unipr.it\/wmm\/wp-content\/uploads\/2022\/09\/Marco-Valesi.jpg&#8221; title_text=&#8221;Marco Valesi&#8221; align=&#8221;center&#8221; force_fullwidth=&#8221;on&#8221; _builder_version=&#8221;4.17.4&#8243; _module_preset=&#8221;default&#8221; min_height=&#8221;350px&#8221; height=&#8221;348px&#8221; custom_margin=&#8221;-33px|0px|0px|0px|false|false&#8221; custom_margin_tablet=&#8221;||-200px||false|false&#8221; custom_margin_phone=&#8221;||-200px||false|false&#8221; custom_margin_last_edited=&#8221;on|phone&#8221; custom_padding=&#8221;0px|0px|0px|0px|false|false&#8221; box_shadow_style=&#8221;preset2&#8243; global_colors_info=&#8221;{}&#8221;][\/et_pb_image][\/et_pb_column][\/et_pb_section][et_pb_section fb_built=&#8221;1&#8243; specialty=&#8221;on&#8221; _builder_version=&#8221;4.17.4&#8243; _module_preset=&#8221;default&#8221; custom_margin=&#8221;51px|||||&#8221; global_colors_info=&#8221;{}&#8221;][et_pb_column type=&#8221;1_2&#8243; _builder_version=&#8221;4.16&#8243; custom_padding=&#8221;|||&#8221; global_colors_info=&#8221;{}&#8221; custom_padding__hover=&#8221;|||&#8221;][et_pb_image src=&#8221;https:\/\/www.webmediamaster.unipr.it\/wmm\/wp-content\/uploads\/2022\/08\/Triani-gif.gif&#8221; title_text=&#8221;Triani gif&#8221; align=&#8221;center&#8221; _builder_version=&#8221;4.17.4&#8243; _module_preset=&#8221;default&#8221; background_color=&#8221;RGBA(255,255,255,0)&#8221; width=&#8221;98.7%&#8221; custom_margin=&#8221;-30px|-30px|0px||false|false&#8221; custom_padding=&#8221;0px|0px|0px||false|false&#8221; box_shadow_style=&#8221;preset2&#8243; global_colors_info=&#8221;{}&#8221;][\/et_pb_image][\/et_pb_column][et_pb_column type=&#8221;1_2&#8243; specialty_columns=&#8221;2&#8243; _builder_version=&#8221;4.16&#8243; custom_padding=&#8221;|||&#8221; global_colors_info=&#8221;{}&#8221; custom_padding__hover=&#8221;|||&#8221;][et_pb_row_inner column_structure=&#8221;1_2,1_2&#8243; _builder_version=&#8221;4.17.4&#8243; _module_preset=&#8221;default&#8221; global_colors_info=&#8221;{}&#8221;][et_pb_column_inner type=&#8221;1_2&#8243; saved_specialty_column_type=&#8221;1_2&#8243; _builder_version=&#8221;4.17.4&#8243; _module_preset=&#8221;default&#8221; global_colors_info=&#8221;{}&#8221;][et_pb_text _builder_version=&#8221;4.17.4&#8243; _module_preset=&#8221;default&#8221; text_font=&#8221;Montserrat||||||||&#8221; text_text_color=&#8221;#000000&#8243; text_font_size=&#8221;40px&#8221; text_line_height=&#8221;1em&#8221; custom_margin=&#8221;-6px||0px||false|false&#8221; custom_margin_tablet=&#8221;0px||||false|false&#8221; custom_margin_phone=&#8221;0px||||false|false&#8221; custom_margin_last_edited=&#8221;on|phone&#8221; custom_padding=&#8221;0px||0px||false|false&#8221; global_colors_info=&#8221;{}&#8221;]<\/p>\n<p>Giorgio Triani<\/p>\n<p>[\/et_pb_text][et_pb_text _builder_version=&#8221;4.17.4&#8243; _module_preset=&#8221;default&#8221; text_font=&#8221;||||||||&#8221; text_text_color=&#8221;#000000&#8243; text_font_size=&#8221;15px&#8221; ul_text_align=&#8221;center&#8221; ul_font_size=&#8221;20px&#8221; background_layout=&#8221;dark&#8221; custom_margin=&#8221;||24px|||&#8221; global_colors_info=&#8221;{}&#8221;]<\/p>\n<p>Coordinatore del master<\/p>\n<p>[\/et_pb_text][et_pb_social_media_follow _builder_version=&#8221;4.19.2&#8243; _module_preset=&#8221;default&#8221; hover_enabled=&#8221;0&#8243; global_colors_info=&#8221;{}&#8221; background_color=&#8221;RGBA(255,255,255,0)&#8221; sticky_enabled=&#8221;0&#8243;][et_pb_social_media_follow_network social_network=&#8221;facebook&#8221; url=&#8221;http:\/\/www.facebook.com\/giorgio.triani&#8221; _builder_version=&#8221;4.17.4&#8243; _module_preset=&#8221;default&#8221; background_color=&#8221;#3b5998&#8243; global_colors_info=&#8221;{}&#8221; follow_button=&#8221;off&#8221; url_new_window=&#8221;on&#8221;]facebook[\/et_pb_social_media_follow_network][et_pb_social_media_follow_network social_network=&#8221;twitter&#8221; url=&#8221;https:\/\/twitter.com\/giorgiotriani&#8221; _builder_version=&#8221;4.17.4&#8243; _module_preset=&#8221;default&#8221; background_color=&#8221;#00aced&#8221; global_colors_info=&#8221;{}&#8221; follow_button=&#8221;off&#8221; url_new_window=&#8221;on&#8221;]twitter[\/et_pb_social_media_follow_network][et_pb_social_media_follow_network social_network=&#8221;linkedin&#8221; url=&#8221;https:\/\/www.linkedin.com\/in\/giorgio-triani&#8221; _builder_version=&#8221;4.17.4&#8243; _module_preset=&#8221;default&#8221; background_color=&#8221;#007bb6&#8243; global_colors_info=&#8221;{}&#8221; follow_button=&#8221;off&#8221; url_new_window=&#8221;on&#8221;]linkedin[\/et_pb_social_media_follow_network][\/et_pb_social_media_follow][\/et_pb_column_inner][et_pb_column_inner type=&#8221;1_2&#8243; saved_specialty_column_type=&#8221;1_2&#8243; _builder_version=&#8221;4.17.4&#8243; _module_preset=&#8221;default&#8221; global_colors_info=&#8221;{}&#8221;][et_pb_toggle title=&#8221;Internet research&#8221; open_toggle_text_color=&#8221;#000000&#8243; open_toggle_background_color=&#8221;rgba(70,77,91,0.08)&#8221; closed_toggle_background_color=&#8221;#FFFFFF&#8221; icon_color=&#8221;#000000&#8243; toggle_icon=&#8221;&#x3b;||divi||400&#8243; open_icon_color=&#8221;#000000&#8243; open_toggle_icon=&#8221;&#x4d;||divi||400&#8243; _builder_version=&#8221;4.17.4&#8243; _module_preset=&#8221;default&#8221; title_text_color=&#8221;#000000&#8243; title_font=&#8221;Montserrat|600|||||||&#8221; title_text_align=&#8221;left&#8221; title_font_size=&#8221;14px&#8221; closed_title_font=&#8221;Montserrat||||||||&#8221; closed_title_text_align=&#8221;left&#8221; closed_title_font_size=&#8221;14px&#8221; body_font=&#8221;Montserrat||||||||&#8221; body_text_color=&#8221;#000000&#8243; text_orientation=&#8221;left&#8221; custom_margin=&#8221;||||false|false&#8221; border_radii=&#8221;on|4px|4px|4px|4px&#8221; border_width_all=&#8221;2px&#8221; border_color_all=&#8221;rgba(70,77,91,0.87)&#8221; box_shadow_style=&#8221;preset4&#8243; box_shadow_color=&#8221;#0C71C3&#8243; global_colors_info=&#8221;{}&#8221;]<\/p>\n<p>I contenuti del corso comprendono: metodologie per raccogliere e studiare l&#8217;atteggiamento e la disposizione dei propri clienti e dei clienti della concorrenza, degli attori del mercato reale e potenziale nei confronti di marchi e fenomeni; tecniche di raccolta dati tramite i social media (blog, forum, wiki, mainstream, videosharing) allo scopo di evidenziare la reputazione di un marchio, un&#8217;attivit\u00e0, un&#8217;impresa; strumenti, soluzioni e buone pratiche per la redazione di report e infografiche.<\/p>\n<p>[\/et_pb_toggle][\/et_pb_column_inner][\/et_pb_row_inner][et_pb_row_inner _builder_version=&#8221;4.17.4&#8243; _module_preset=&#8221;default&#8221; global_colors_info=&#8221;{}&#8221;][et_pb_column_inner saved_specialty_column_type=&#8221;1_2&#8243; _builder_version=&#8221;4.17.4&#8243; _module_preset=&#8221;default&#8221; global_colors_info=&#8221;{}&#8221;][et_pb_text _builder_version=&#8221;4.17.4&#8243; _module_preset=&#8221;default&#8221; text_font=&#8221;Montserrat||||||||&#8221; text_text_color=&#8221;#000000&#8243; custom_margin=&#8221;-25px||||false|false&#8221; custom_margin_tablet=&#8221;0px||||false|false&#8221; custom_margin_phone=&#8221;0px||||false|false&#8221; custom_margin_last_edited=&#8221;on|phone&#8221; border_color_all=&#8221;RGBA(255,255,255,0)&#8221; border_style_all=&#8221;none&#8221; border_width_top=&#8221;5px&#8221; global_colors_info=&#8221;{}&#8221;]<\/p>\n<p>Sociologo e giornalista.<br \/>Insegna all\u2019Universit\u00e0 di Parma, Corso di Giornalismo.<\/p>\n<p>E\u2019 coordinatore didattico del Master in comunicazione digitale, mobile e social. Cura report previsionali per aziende e istituzioni. Scrive per giornali di carta e online.<\/p>\n<p><strong>Ultimi libri<\/strong>: Giornalismo aumentato, Milano 2017, Allegre apocalissi, Roma 2018\/2019, E\u2019 scoppiato il futuro. Virale. Digitale. Ibrido, Parma 2021<\/p>\n<p>[\/et_pb_text][\/et_pb_column_inner][\/et_pb_row_inner][\/et_pb_column][\/et_pb_section][et_pb_section fb_built=&#8221;1&#8243; specialty=&#8221;on&#8221; _builder_version=&#8221;4.17.4&#8243; _module_preset=&#8221;default&#8221; custom_margin=&#8221;51px|||||&#8221; global_colors_info=&#8221;{}&#8221;][et_pb_column type=&#8221;1_2&#8243; _builder_version=&#8221;4.16&#8243; custom_padding=&#8221;|||&#8221; global_colors_info=&#8221;{}&#8221; custom_padding__hover=&#8221;|||&#8221;][et_pb_image src=&#8221;https:\/\/www.webmediamaster.unipr.it\/wmm\/wp-content\/uploads\/2022\/09\/Massimo-Zaninelli.jpg&#8221; title_text=&#8221;Massimo Zaninelli&#8221; align=&#8221;center&#8221; _builder_version=&#8221;4.17.4&#8243; _module_preset=&#8221;default&#8221; background_color=&#8221;RGBA(255,255,255,0)&#8221; width=&#8221;98.7%&#8221; custom_margin=&#8221;-30px|-30px|0px||false|false&#8221; custom_padding=&#8221;0px|0px|0px||false|false&#8221; box_shadow_style=&#8221;preset2&#8243; global_colors_info=&#8221;{}&#8221;][\/et_pb_image][\/et_pb_column][et_pb_column type=&#8221;1_2&#8243; specialty_columns=&#8221;2&#8243; _builder_version=&#8221;4.16&#8243; custom_padding=&#8221;|||&#8221; global_colors_info=&#8221;{}&#8221; custom_padding__hover=&#8221;|||&#8221;][et_pb_row_inner column_structure=&#8221;1_2,1_2&#8243; _builder_version=&#8221;4.17.4&#8243; _module_preset=&#8221;default&#8221; global_colors_info=&#8221;{}&#8221;][et_pb_column_inner type=&#8221;1_2&#8243; saved_specialty_column_type=&#8221;1_2&#8243; _builder_version=&#8221;4.17.4&#8243; _module_preset=&#8221;default&#8221; global_colors_info=&#8221;{}&#8221;][et_pb_text _builder_version=&#8221;4.17.4&#8243; _module_preset=&#8221;default&#8221; text_font=&#8221;Montserrat||||||||&#8221; text_text_color=&#8221;#000000&#8243; text_font_size=&#8221;40px&#8221; text_line_height=&#8221;1em&#8221; custom_margin=&#8221;-6px||0px||false|false&#8221; custom_margin_tablet=&#8221;0px||||false|false&#8221; custom_margin_phone=&#8221;0px||||false|false&#8221; custom_margin_last_edited=&#8221;on|phone&#8221; custom_padding=&#8221;0px||0px||false|false&#8221; global_colors_info=&#8221;{}&#8221;]<\/p>\n<p>Massimo Zaninelli<\/p>\n<p>[\/et_pb_text][\/et_pb_column_inner][et_pb_column_inner type=&#8221;1_2&#8243; saved_specialty_column_type=&#8221;1_2&#8243; _builder_version=&#8221;4.17.4&#8243; _module_preset=&#8221;default&#8221; global_colors_info=&#8221;{}&#8221;][et_pb_toggle title=&#8221;Usi promozionali &#038; professionali dei social&#8221; open_toggle_text_color=&#8221;#000000&#8243; open_toggle_background_color=&#8221;rgba(70,77,91,0.08)&#8221; closed_toggle_background_color=&#8221;#FFFFFF&#8221; icon_color=&#8221;#000000&#8243; toggle_icon=&#8221;&#x3b;||divi||400&#8243; open_icon_color=&#8221;#000000&#8243; open_toggle_icon=&#8221;&#x4d;||divi||400&#8243; _builder_version=&#8221;4.17.4&#8243; _module_preset=&#8221;default&#8221; title_text_color=&#8221;#000000&#8243; title_font=&#8221;Montserrat|600|||||||&#8221; title_text_align=&#8221;left&#8221; title_font_size=&#8221;14px&#8221; closed_title_font=&#8221;Montserrat||||||||&#8221; closed_title_text_align=&#8221;left&#8221; closed_title_font_size=&#8221;14px&#8221; body_font=&#8221;Montserrat||||||||&#8221; body_text_color=&#8221;#000000&#8243; text_orientation=&#8221;left&#8221; custom_margin=&#8221;||||false|false&#8221; border_radii=&#8221;on|4px|4px|4px|4px&#8221; border_width_all=&#8221;2px&#8221; border_color_all=&#8221;rgba(70,77,91,0.87)&#8221; box_shadow_style=&#8221;preset4&#8243; box_shadow_color=&#8221;#0C71C3&#8243; global_colors_info=&#8221;{}&#8221;]<\/p>\n<p>Il laboratorio si propone di:<br \/>Illustrare le tecnologie che abilitano le funzioni di interesse professionale e promozionale dei social media pi\u00f9 diffusi<br \/>Mappare le principali attivit\u00e0 professionali che si possono svolgere attraverso i social media<br \/>Proporre case study reali di attivit\u00e0 promozionali e professionali realizzate attraverso alcuni social media.<\/p>\n<p>[\/et_pb_toggle][\/et_pb_column_inner][\/et_pb_row_inner][et_pb_row_inner _builder_version=&#8221;4.17.4&#8243; _module_preset=&#8221;default&#8221; global_colors_info=&#8221;{}&#8221;][et_pb_column_inner saved_specialty_column_type=&#8221;1_2&#8243; _builder_version=&#8221;4.17.4&#8243; _module_preset=&#8221;default&#8221; global_colors_info=&#8221;{}&#8221;][et_pb_text _builder_version=&#8221;4.17.4&#8243; _module_preset=&#8221;default&#8221; text_font=&#8221;Montserrat||||||||&#8221; text_text_color=&#8221;#000000&#8243; custom_margin=&#8221;-25px||||false|false&#8221; custom_margin_tablet=&#8221;0px||||false|false&#8221; custom_margin_phone=&#8221;0px||||false|false&#8221; custom_margin_last_edited=&#8221;on|phone&#8221; border_color_all=&#8221;RGBA(255,255,255,0)&#8221; border_style_all=&#8221;none&#8221; border_width_top=&#8221;5px&#8221; global_colors_info=&#8221;{}&#8221;]<\/p>\n<p>Storico di formazione e pubblicista, dirige dal 2011 una societ\u00e0 di consulenza per il settore farmaceutico. \u00c8 professore a contratto presso le Universit\u00e0 di Parma (web communication e social media), LUISS (comunicazione d\u2019impresa) e Pavia (trasparenza degli studi clinici).<\/p>\n<p>Ha pubblicato i romanzi Il dono inquietante (Sugarco, 2016) e Aprendo le chiuse (Altromondo, 2021) otre a numerosi articoli di storia della scienza, informatica e, pi\u00f9 di recente, di ricerca clinica.<\/p>\n<p>&nbsp;<\/p>\n<p>[\/et_pb_text][\/et_pb_column_inner][\/et_pb_row_inner][\/et_pb_column][\/et_pb_section][et_pb_section fb_built=&#8221;1&#8243; _builder_version=&#8221;4.17.4&#8243; _module_preset=&#8221;default&#8221; custom_margin=&#8221;-1px||||false|false&#8221; custom_margin_tablet=&#8221;-4px||||false|false&#8221; custom_margin_phone=&#8221;-1px||||false|false&#8221; custom_margin_last_edited=&#8221;on|phone&#8221; custom_padding=&#8221;1px|||||&#8221; global_colors_info=&#8221;{}&#8221;][\/et_pb_section][et_pb_section fb_built=&#8221;1&#8243; _builder_version=&#8221;4.17.4&#8243; _module_preset=&#8221;default&#8221; background_color=&#8221;#0C71C3&#8243; custom_margin=&#8221;0px|0px|0px|0px|true|true&#8221; custom_padding=&#8221;0px|0px|0px|0px|true|true&#8221; border_radii=&#8221;off|120px|120px||&#8221; global_colors_info=&#8221;{}&#8221;][\/et_pb_section]<\/p>\n","protected":false},"excerpt":{"rendered":"<p>I nostri DocentiEnzo ArgantefacebooktwitterlinkedinDalla mixed information all&#8217;intelligence of things.La gestione della conoscenza \u00e8 stata riscritta alla base e nelle visioni, abilitando frontiere inesplorate. Quindi nuove regole e nuovi mondi (metaverso compreso). Occorre anche esplorare e ridefinire i confini della relazione fra macchine e macchine e macchine e umani. La gestione della conoscenza con al centro [&hellip;]<\/p>\n","protected":false},"author":2,"featured_media":0,"parent":0,"menu_order":0,"comment_status":"closed","ping_status":"closed","template":"","meta":{"_et_pb_use_builder":"on","_et_pb_old_content":"","_et_gb_content_width":""},"_links":{"self":[{"href":"https:\/\/www.webmediamaster.unipr.it\/wmm\/wp-json\/wp\/v2\/pages\/43"}],"collection":[{"href":"https:\/\/www.webmediamaster.unipr.it\/wmm\/wp-json\/wp\/v2\/pages"}],"about":[{"href":"https:\/\/www.webmediamaster.unipr.it\/wmm\/wp-json\/wp\/v2\/types\/page"}],"author":[{"embeddable":true,"href":"https:\/\/www.webmediamaster.unipr.it\/wmm\/wp-json\/wp\/v2\/users\/2"}],"replies":[{"embeddable":true,"href":"https:\/\/www.webmediamaster.unipr.it\/wmm\/wp-json\/wp\/v2\/comments?post=43"}],"version-history":[{"count":83,"href":"https:\/\/www.webmediamaster.unipr.it\/wmm\/wp-json\/wp\/v2\/pages\/43\/revisions"}],"predecessor-version":[{"id":978,"href":"https:\/\/www.webmediamaster.unipr.it\/wmm\/wp-json\/wp\/v2\/pages\/43\/revisions\/978"}],"wp:attachment":[{"href":"https:\/\/www.webmediamaster.unipr.it\/wmm\/wp-json\/wp\/v2\/media?parent=43"}],"curies":[{"name":"wp","href":"https:\/\/api.w.org\/{rel}","templated":true}]}}