{"id":15,"date":"2022-07-07T11:03:54","date_gmt":"2022-07-07T09:03:54","guid":{"rendered":"http:\/\/iskranet.com\/wmm\/?page_id=15"},"modified":"2024-09-27T12:59:28","modified_gmt":"2024-09-27T10:59:28","slug":"home","status":"publish","type":"page","link":"https:\/\/www.webmediamaster.unipr.it\/wmm\/","title":{"rendered":"Home"},"content":{"rendered":"<p>[et_pb_section fb_built=&#8221;1&#8243; fullwidth=&#8221;on&#8221; disabled_on=&#8221;on|off|off&#8221; _builder_version=&#8221;4.19.2&#8243; _module_preset=&#8221;default&#8221; global_colors_info=&#8221;{}&#8221;][et_pb_fullwidth_image src=&#8221;https:\/\/www.webmediamaster.unipr.it\/wmm\/wp-content\/uploads\/2024\/09\/MDF-2024-1128&#215;191-BIANCO.jpg&#8221; title_text=&#8221;MDF&#8212;2024&#8212;1128&#215;191&#8212;BIANCO&#8221; url=&#8221;https:\/\/www.webmediamaster.unipr.it\/wmm\/770-2\/&#8221; _builder_version=&#8221;4.19.2&#8243; _module_preset=&#8221;default&#8221; custom_margin=&#8221;||-26px|||&#8221; global_colors_info=&#8221;{}&#8221;][\/et_pb_fullwidth_image][\/et_pb_section][et_pb_section fb_built=&#8221;1&#8243; fullwidth=&#8221;on&#8221; disabled_on=&#8221;off|on|on&#8221; _builder_version=&#8221;4.19.2&#8243; _module_preset=&#8221;default&#8221; global_colors_info=&#8221;{}&#8221;][et_pb_fullwidth_image src=&#8221;https:\/\/www.webmediamaster.unipr.it\/wmm\/wp-content\/uploads\/2024\/09\/MDF-2024-300X300-BIANCO.jpg&#8221; title_text=&#8221;MDF&#8212;2024&#8212;300X300&#8212;BIANCO&#8221; url=&#8221;https:\/\/www.webmediamaster.unipr.it\/wmm\/770-2\/&#8221; disabled_on=&#8221;off|on|on&#8221; _builder_version=&#8221;4.19.2&#8243; _module_preset=&#8221;default&#8221; custom_margin=&#8221;||-26px|||&#8221; hover_enabled=&#8221;0&#8243; global_colors_info=&#8221;{}&#8221; sticky_enabled=&#8221;0&#8243;][\/et_pb_fullwidth_image][\/et_pb_section][et_pb_section fb_built=&#8221;1&#8243; _builder_version=&#8221;4.19.2&#8243; _module_preset=&#8221;default&#8221; background_color=&#8221;rgba(0,19,38,0.68)&#8221; min_height=&#8221;377px&#8221; custom_margin=&#8221;27px|||||&#8221; global_colors_info=&#8221;{}&#8221;][et_pb_row _builder_version=&#8221;4.19.2&#8243; _module_preset=&#8221;default&#8221; global_colors_info=&#8221;{}&#8221;][et_pb_column type=&#8221;4_4&#8243; _builder_version=&#8221;4.19.2&#8243; _module_preset=&#8221;default&#8221; global_colors_info=&#8221;{}&#8221;][et_pb_text _builder_version=&#8221;4.19.2&#8243; _module_preset=&#8221;default&#8221; header_text_color=&#8221;#FFFFFF&#8221; header_line_height=&#8221;1.3em&#8221; global_colors_info=&#8221;{}&#8221;]<\/p>\n<h1 style=\"text-align: center;\"><strong>Immaginare e governare il web 3.0.<\/strong><br \/><strong>Lo stato dell\u2019arte, le sfide, le tendenze.<\/strong><br \/><strong>Un mondo molto intelligente.<br \/>Potenzialit\u00e0, avanzamenti, rischi, perturbazioni<\/strong><br \/><span>Conversazioni, confronti e laboratori dal vivo e in social streaming.<\/span><br \/><span>Per la tre giorni sar\u00e0 attiva l\u2019aula MetaMaster. Uno\/due incontri si terranno nel digital twin dell\u2019Aula B di via D\u2019Azeglio<\/span><\/h1>\n<p>[\/et_pb_text][\/et_pb_column][\/et_pb_row][\/et_pb_section][et_pb_section fb_built=&#8221;1&#8243; disabled_on=&#8221;on|on|on&#8221; _builder_version=&#8221;4.19.2&#8243; _module_preset=&#8221;default&#8221; background_color=&#8221;rgba(12,113,195,0.5)&#8221; min_height=&#8221;237.7px&#8221; custom_margin=&#8221;25px||||false|false&#8221; custom_padding=&#8221;0px||1px||false|false&#8221; disabled=&#8221;on&#8221; global_colors_info=&#8221;{}&#8221;][et_pb_row _builder_version=&#8221;4.17.4&#8243; _module_preset=&#8221;default&#8221; min_height=&#8221;181.7px&#8221; custom_margin=&#8221;9px|auto|37px|auto|false|false&#8221; custom_padding=&#8221;6px|||||&#8221; global_colors_info=&#8221;{}&#8221;][et_pb_column type=&#8221;4_4&#8243; _builder_version=&#8221;4.17.4&#8243; _module_preset=&#8221;default&#8221; global_colors_info=&#8221;{}&#8221;][et_pb_text _builder_version=&#8221;4.17.4&#8243; _module_preset=&#8221;default&#8221; text_font=&#8221;Montserrat||||||||&#8221; text_text_color=&#8221;#000000&#8243; text_font_size=&#8221;36px&#8221; text_orientation=&#8221;center&#8221; custom_margin=&#8221;17px||16px|||&#8221; custom_padding=&#8221;4px|||||&#8221; text_line_height_tablet=&#8221;1em&#8221; text_line_height_phone=&#8221;1em&#8221; text_line_height_last_edited=&#8221;on|phone&#8221; global_colors_info=&#8221;{}&#8221;]<\/p>\n<p style=\"text-align: center;\">La comunicazione \u00e8 andata online<\/p>\n<p>[\/et_pb_text][et_pb_text _builder_version=&#8221;4.17.4&#8243; _module_preset=&#8221;default&#8221; text_font=&#8221;Montserrat||||||||&#8221; text_text_color=&#8221;#000000&#8243; text_font_size=&#8221;36px&#8221; text_orientation=&#8221;center&#8221; global_colors_info=&#8221;{}&#8221;]e tu?<br \/>\n[\/et_pb_text][et_pb_icon font_icon=&#8221;&#x37;||divi||400&#8243; icon_color=&#8221;rgba(0,0,0,0.81)&#8221; icon_width=&#8221;30px&#8221; _builder_version=&#8221;4.19.2&#8243; _module_preset=&#8221;default&#8221; custom_margin=&#8221;18px||||false|false&#8221; custom_margin_tablet=&#8221;18px||||false|false&#8221; custom_margin_phone=&#8221;0px||||false|false&#8221; custom_margin_last_edited=&#8221;on|tablet&#8221; animation_style=&#8221;bounce&#8221; animation_direction=&#8221;bottom&#8221; animation_duration=&#8221;1250ms&#8221; animation_starting_opacity=&#8221;54%&#8221; animation_speed_curve=&#8221;ease&#8221; animation_repeat=&#8221;loop&#8221; sticky_position=&#8221;top&#8221; sticky_offset_top=&#8221;47px&#8221; sticky_limit_bottom=&#8221;section&#8221; scroll_fade_enable=&#8221;on&#8221; animation_duration_phone=&#8221;1250ms&#8221; animation_duration_last_edited=&#8221;off|desktop&#8221; animation_delay_tablet=&#8221;&#8221; animation_delay_phone=&#8221;&#8221; animation_delay_last_edited=&#8221;on|phone&#8221; global_colors_info=&#8221;{}&#8221;][\/et_pb_icon][\/et_pb_column][\/et_pb_row][\/et_pb_section][et_pb_section fb_built=&#8221;1&#8243; _builder_version=&#8221;4.19.2&#8243; _module_preset=&#8221;default&#8221; background_color=&#8221;rgba(12,113,195,0.24)&#8221; custom_padding=&#8221;0px|||||&#8221; global_colors_info=&#8221;{}&#8221;][et_pb_row _builder_version=&#8221;4.19.2&#8243; _module_preset=&#8221;default&#8221; min_height=&#8221;359px&#8221; global_colors_info=&#8221;{}&#8221;][et_pb_column type=&#8221;4_4&#8243; _builder_version=&#8221;4.19.2&#8243; _module_preset=&#8221;default&#8221; global_colors_info=&#8221;{}&#8221;][et_pb_text _builder_version=&#8221;4.19.2&#8243; _module_preset=&#8221;default&#8221; global_colors_info=&#8221;{}&#8221;]<\/p>\n<h3><a href=\"https:\/\/www.webmediamaster.unipr.it\/wmm\/wp-content\/uploads\/2024\/06\/ebook-master-22-23-defintivo.pdf\"><img loading=\"lazy\" class=\"wp-image-1102 alignnone size-medium\" style=\"display: block; margin-left: auto; margin-right: auto;\" src=\"https:\/\/www.webmediamaster.unipr.it\/wmm\/wp-content\/uploads\/2024\/06\/ebook-master-copertina-226x300.jpg\" alt=\"\" width=\"226\" height=\"300\" \/><\/a><\/h3>\n<h3 style=\"text-align: center;\"><\/h3>\n<h3 style=\"text-align: center;\">Scarica l\u2019E-book delle migliori tesi del Master anno 2022-2023<br \/><span style=\"color: #e09900;\"><br \/><\/span><\/h3>\n<p style=\"text-align: center;\"><a href=\"https:\/\/www.webmediamaster.unipr.it\/wmm\/wp-content\/uploads\/2024\/06\/ebook-master-22-23-defintivo.pdf\"><span style=\"text-decoration: underline;\"><strong><span style=\"color: #e09900; text-decoration: underline;\"><span style=\"color: #0c71c3; text-decoration: underline;\">Versione pdf<\/span><\/span><\/strong><strong>\u00a0<\/strong><\/span><\/a><\/p>\n<p style=\"text-align: center;\"><span style=\"text-decoration: underline;\"><strong><a style=\"color: #0c71c3; text-decoration: underline;\" href=\"https:\/\/univpr-my.sharepoint.com\/:u:\/g\/personal\/alberto_salarelli_unipr_it\/Ede0-1NWmAJBpm4rVmZUg0gBXSW5VWy1wl5YoXiCuDOEbw?e=90Pv5H\" target=\"_blank\" rel=\"noopener\">Versione epub<\/a><\/strong><\/span><\/p>\n<p style=\"text-align: center;\">Oppure sfoglialo online qui<\/p>\n<p style=\"text-align: center;\"><span style=\"color: #0c71c3;\"><strong><span style=\"text-decoration: underline;\"><a style=\"color: #0c71c3; text-decoration: underline;\" href=\"https:\/\/www.webmediamaster.unipr.it\/wmm\/digital-communication-excellence\/\">Digital Communication Excellence<\/a><\/span><\/strong><\/span><\/p>\n<p>&nbsp;<\/p>\n<p>[\/et_pb_text][\/et_pb_column][\/et_pb_row][\/et_pb_section][et_pb_section fb_built=&#8221;1&#8243; disabled_on=&#8221;on|on|on&#8221; _builder_version=&#8221;4.17.4&#8243; _module_preset=&#8221;default&#8221; background_color=&#8221;#0C71C3&#8243; custom_margin=&#8221;-7px||||false|false&#8221; custom_margin_tablet=&#8221;40px||||false|false&#8221; custom_margin_phone=&#8221;40px||||false|false&#8221; custom_margin_last_edited=&#8221;on|phone&#8221; custom_padding=&#8221;0px||1px||false|false&#8221; disabled=&#8221;on&#8221; global_colors_info=&#8221;{}&#8221;][et_pb_row _builder_version=&#8221;4.17.4&#8243; _module_preset=&#8221;default&#8221; background_color=&#8221;#0C71C3&#8243; custom_margin=&#8221;-34px|auto||auto|false|false&#8221; global_colors_info=&#8221;{}&#8221;][et_pb_column type=&#8221;4_4&#8243; _builder_version=&#8221;4.17.4&#8243; _module_preset=&#8221;default&#8221; global_colors_info=&#8221;{}&#8221;][et_pb_text _builder_version=&#8221;4.19.2&#8243; _module_preset=&#8221;default&#8221; text_font=&#8221;Montserrat|600|||||||&#8221; text_text_color=&#8221;#FFFFFF&#8221; text_font_size=&#8221;24px&#8221; text_line_height=&#8221;1em&#8221; header_text_color=&#8221;#000000&#8243; text_orientation=&#8221;right&#8221; custom_margin=&#8221;||3px|||&#8221; custom_padding=&#8221;4px||17px|||&#8221; text_orientation_tablet=&#8221;center&#8221; text_orientation_phone=&#8221;center&#8221; text_orientation_last_edited=&#8221;on|desktop&#8221; global_colors_info=&#8221;{}&#8221;]<\/p>\n<h2 class=\"elementToProof\" style=\"text-align: center;\"><strong><span style=\"color: #dbab00;\">2\u00aa Presentazione dell&#8217;edizione 2023-24<\/span><\/strong><\/h2>\n<div class=\"elementToProof\" style=\"text-align: center;\"><span style=\"color: #dbab00;\">18 ottobre, Palazzo del Governatore, Auditorium, ore 9.30<\/span><\/div>\n<div class=\"elementToProof\" style=\"text-align: center;\"><\/div>\n<div class=\"elementToProof\" style=\"text-align: center;\"><span style=\"color: #dbab00;\">19 ottobre, Universit\u00e0 di Parma, via D\u2019Azeglio, Aula B, ore 10.00<\/span><\/div>\n<div class=\"elementToProof\" style=\"text-align: center;\"><span style=\"color: #dbab00;\">Dal vivo e nel metaverso<\/span><\/div>\n<p>[\/et_pb_text][et_pb_text _builder_version=&#8221;4.19.2&#8243; _module_preset=&#8221;default&#8221; text_font=&#8221;Montserrat|600|||||||&#8221; text_text_color=&#8221;#FFFFFF&#8221; text_font_size=&#8221;25px&#8221; text_line_height=&#8221;1em&#8221; header_text_color=&#8221;#000000&#8243; header_font_size=&#8221;25px&#8221; text_orientation=&#8221;right&#8221; custom_margin=&#8221;||3px|||&#8221; custom_padding=&#8221;4px||17px|||&#8221; text_orientation_tablet=&#8221;center&#8221; text_orientation_phone=&#8221;center&#8221; text_orientation_last_edited=&#8221;on|desktop&#8221; global_colors_info=&#8221;{}&#8221;]<\/p>\n<p style=\"text-align: center;\">Iscrizioni aperte dal 5 settembre 2023 &#8211; ore 12.00<\/p>\n<p>[\/et_pb_text][et_pb_divider _builder_version=&#8221;4.19.2&#8243; _module_preset=&#8221;default&#8221; global_colors_info=&#8221;{}&#8221;][\/et_pb_divider][et_pb_text _builder_version=&#8221;4.19.2&#8243; _module_preset=&#8221;default&#8221; text_font=&#8221;Montserrat|600|||||||&#8221; text_text_color=&#8221;#FFFFFF&#8221; text_font_size=&#8221;25px&#8221; text_line_height=&#8221;1em&#8221; header_text_color=&#8221;#000000&#8243; header_font_size=&#8221;25px&#8221; text_orientation=&#8221;right&#8221; custom_padding=&#8221;4px||17px|||&#8221; text_orientation_tablet=&#8221;center&#8221; text_orientation_phone=&#8221;center&#8221; text_orientation_last_edited=&#8221;on|desktop&#8221; global_colors_info=&#8221;{}&#8221;]<\/p>\n<p style=\"text-align: center;\">Chiusura iscrizioni il 27 ottobre 2023 &#8211; ore 12.00<\/p>\n<p>[\/et_pb_text][et_pb_countdown_timer date_time=&#8221;2023-10-27 12:00&#8243; disabled_on=&#8221;off|off|off&#8221; _builder_version=&#8221;4.19.2&#8243; _module_preset=&#8221;default&#8221; header_font_size=&#8221;12px&#8221; numbers_font_size=&#8221;28px&#8221; numbers_line_height=&#8221;1px&#8221; separator_font_size=&#8221;20px&#8221; label_font_size=&#8221;14px&#8221; use_background_color=&#8221;off&#8221; width=&#8221;57.4%&#8221; max_width=&#8221;100%&#8221; module_alignment=&#8221;center&#8221; custom_margin=&#8221;|92px|||false|false&#8221; custom_margin_tablet=&#8221;|92px|||false|false&#8221; custom_margin_phone=&#8221;|0px||0px|false|false&#8221; custom_margin_last_edited=&#8221;on|phone&#8221; numbers_font_size_tablet=&#8221;28px&#8221; numbers_font_size_phone=&#8221;18px&#8221; numbers_font_size_last_edited=&#8221;on|phone&#8221; numbers_letter_spacing_tablet=&#8221;&#8221; numbers_letter_spacing_phone=&#8221;0px&#8221; numbers_letter_spacing_last_edited=&#8221;on|phone&#8221; global_colors_info=&#8221;{}&#8221;][\/et_pb_countdown_timer][\/et_pb_column][\/et_pb_row][\/et_pb_section][et_pb_section fb_built=&#8221;1&#8243; specialty=&#8221;on&#8221; _builder_version=&#8221;4.17.4&#8243; _module_preset=&#8221;default&#8221; custom_margin=&#8221;-1px|||||&#8221; custom_padding=&#8221;91px|||||&#8221; locked=&#8221;off&#8221; global_colors_info=&#8221;{}&#8221;][et_pb_column type=&#8221;1_2&#8243; specialty_columns=&#8221;2&#8243; _builder_version=&#8221;4.16&#8243; custom_padding=&#8221;|||&#8221; global_colors_info=&#8221;{}&#8221; custom_padding__hover=&#8221;|||&#8221;][et_pb_row_inner _builder_version=&#8221;4.17.4&#8243; _module_preset=&#8221;default&#8221; global_colors_info=&#8221;{}&#8221;][et_pb_column_inner saved_specialty_column_type=&#8221;1_2&#8243; _builder_version=&#8221;4.17.4&#8243; _module_preset=&#8221;default&#8221; global_colors_info=&#8221;{}&#8221;][et_pb_image src=&#8221;https:\/\/www.webmediamaster.unipr.it\/wmm\/wp-content\/uploads\/2022\/09\/master.png&#8221; title_text=&#8221;master&#8221; disabled_on=&#8221;on|on|on&#8221; _builder_version=&#8221;4.17.4&#8243; _module_preset=&#8221;default&#8221; disabled=&#8221;on&#8221; global_colors_info=&#8221;{}&#8221;][\/et_pb_image][et_pb_text _builder_version=&#8221;4.19.2&#8243; _module_preset=&#8221;default&#8221; global_colors_info=&#8221;{}&#8221;]<img loading=\"lazy\" class=\"wp-image-57 alignnone size-medium\" style=\"display: block; margin-left: auto; margin-right: auto;\" src=\"https:\/\/www.webmediamaster.unipr.it\/wmm\/wp-content\/uploads\/2022\/07\/LOGO-NEW-MASTER-grigio-300x195.png\" alt=\"\" width=\"300\" height=\"195\" \/><\/p>\n<h2 style=\"text-align: center;\"><strong><br \/>\n<span style=\"color: #0c71c3;\">Master universitario di I livello<\/span><\/strong><\/h2>\n<p>[\/et_pb_text][\/et_pb_column_inner][\/et_pb_row_inner][\/et_pb_column][et_pb_column type=&#8221;1_2&#8243; _builder_version=&#8221;4.16&#8243; custom_padding=&#8221;|||&#8221; global_colors_info=&#8221;{}&#8221; custom_padding__hover=&#8221;|||&#8221;][et_pb_image src=&#8221;https:\/\/www.webmediamaster.unipr.it\/wmm\/wp-content\/uploads\/2022\/07\/unipr-bn-1.png&#8221; title_text=&#8221;unipr-bn 1&#8243; _builder_version=&#8221;4.17.4&#8243; _module_preset=&#8221;default&#8221; custom_margin=&#8221;|180px||||&#8221; global_colors_info=&#8221;{}&#8221;][\/et_pb_image][et_pb_text _builder_version=&#8221;4.17.4&#8243; _module_preset=&#8221;default&#8221; text_font=&#8221;Montserrat||||||||&#8221; text_text_color=&#8221;#000000&#8243; global_colors_info=&#8221;{}&#8221;]<\/p>\n<h4><strong>Il master<\/strong><\/h4>\n<p>Il programma formativo di questo Master si rivolge a giovani laureati di tutte le aree disciplinari.<\/p>\n<p>Durante questo percorso si former\u00e0 una figura professionale in grado di utilizzare e gestire, dal punto di vista sia strategico sia operativo, strumenti e tecniche per la produzione e la distribuzione di contenuti digitali con particolare riguardo a quelli divulgati via web &amp; social.<br \/>\n[\/et_pb_text][et_pb_button button_url=&#8221;@ET-DC@eyJkeW5hbWljIjp0cnVlLCJjb250ZW50IjoicG9zdF9saW5rX3VybF9wYWdlIiwic2V0dGluZ3MiOnsicG9zdF9pZCI6IjM5In19@&#8221; url_new_window=&#8221;on&#8221; button_text=&#8221;Scopri il programma&#8221; button_alignment=&#8221;left&#8221; _builder_version=&#8221;4.17.4&#8243; _dynamic_attributes=&#8221;button_url&#8221; _module_preset=&#8221;default&#8221; custom_button=&#8221;on&#8221; box_shadow_style=&#8221;preset4&#8243; box_shadow_color=&#8221;#0C71C3&#8243; global_colors_info=&#8221;{}&#8221;][\/et_pb_button][\/et_pb_column][\/et_pb_section][et_pb_section fb_built=&#8221;1&#8243; specialty=&#8221;on&#8221; disabled_on=&#8221;on|on|on&#8221; _builder_version=&#8221;4.17.4&#8243; _module_preset=&#8221;default&#8221; background_color=&#8221;rgba(12,113,195,0.05)&#8221; custom_margin=&#8221;33px|||||&#8221; custom_padding=&#8221;70px||70px|||&#8221; disabled=&#8221;on&#8221; locked=&#8221;off&#8221; global_colors_info=&#8221;{}&#8221;][et_pb_column type=&#8221;1_2&#8243; specialty_columns=&#8221;2&#8243; _builder_version=&#8221;4.16&#8243; custom_padding=&#8221;|||&#8221; global_colors_info=&#8221;{}&#8221; custom_padding__hover=&#8221;|||&#8221;][et_pb_row_inner _builder_version=&#8221;4.17.4&#8243; _module_preset=&#8221;default&#8221; custom_margin=&#8221;57px||||false|false&#8221; custom_margin_tablet=&#8221;0px||||false|false&#8221; custom_margin_phone=&#8221;0px||||false|false&#8221; custom_margin_last_edited=&#8221;on|phone&#8221; global_colors_info=&#8221;{}&#8221;][et_pb_column_inner saved_specialty_column_type=&#8221;1_2&#8243; _builder_version=&#8221;4.17.4&#8243; _module_preset=&#8221;default&#8221; global_colors_info=&#8221;{}&#8221;][et_pb_text _builder_version=&#8221;4.19.2&#8243; _module_preset=&#8221;default&#8221; text_font=&#8221;Montserrat|700|||||||&#8221; text_text_color=&#8221;#0C71C3&#8243; text_font_size=&#8221;40px&#8221; text_line_height=&#8221;1em&#8221; header_text_color=&#8221;#000000&#8243; global_colors_info=&#8221;{}&#8221;]Come iscriversi al Master?<br \/>\n[\/et_pb_text][et_pb_divider show_divider=&#8221;off&#8221; _builder_version=&#8221;4.17.4&#8243; _module_preset=&#8221;default&#8221; global_colors_info=&#8221;{}&#8221;][\/et_pb_divider][et_pb_text _builder_version=&#8221;4.17.4&#8243; _module_preset=&#8221;default&#8221; text_font=&#8221;Montserrat||||||||&#8221; text_text_color=&#8221;#000000&#8243; global_colors_info=&#8221;{}&#8221;]Qui troverai tutte le risposte: quali sono i requisiti per accedere al bando, il costo e tutto ci\u00f2 che ti pu\u00f2 servire per la tua immatricolazione.<br \/>\n[\/et_pb_text][et_pb_button button_url=&#8221;@ET-DC@eyJkeW5hbWljIjp0cnVlLCJjb250ZW50IjoicG9zdF9saW5rX3VybF9wYWdlIiwic2V0dGluZ3MiOnsicG9zdF9pZCI6IjM3In19@&#8221; button_text=&#8221;Scopri come iscriversi&#8221; button_alignment=&#8221;left&#8221; _builder_version=&#8221;4.17.4&#8243; _dynamic_attributes=&#8221;button_url&#8221; _module_preset=&#8221;default&#8221; custom_button=&#8221;on&#8221; box_shadow_style=&#8221;preset4&#8243; box_shadow_color=&#8221;#0C71C3&#8243; global_colors_info=&#8221;{}&#8221;][\/et_pb_button][\/et_pb_column_inner][\/et_pb_row_inner][\/et_pb_column][et_pb_column type=&#8221;1_2&#8243; _builder_version=&#8221;4.16&#8243; custom_padding=&#8221;|||&#8221; global_colors_info=&#8221;{}&#8221; custom_padding__hover=&#8221;|||&#8221;][et_pb_image src=&#8221;https:\/\/www.webmediamaster.unipr.it\/wmm\/wp-content\/uploads\/2022\/09\/inscrizione.jpg&#8221; title_text=&#8221;inscrizione&#8221; _builder_version=&#8221;4.17.4&#8243; _module_preset=&#8221;default&#8221; background_color=&#8221;RGBA(255,255,255,0)&#8221; width_tablet=&#8221;&#8221; width_phone=&#8221;&#8221; width_last_edited=&#8221;on|phone&#8221; max_width=&#8221;389%&#8221; module_alignment=&#8221;center&#8221; min_height=&#8221;389px&#8221; min_height_tablet=&#8221;&#8221; min_height_phone=&#8221;&#8221; min_height_last_edited=&#8221;on|tablet&#8221; height_tablet=&#8221;&#8221; height_phone=&#8221;&#8221; height_last_edited=&#8221;on|desktop&#8221; max_height=&#8221;520px&#8221; max_height_tablet=&#8221;&#8221; max_height_phone=&#8221;&#8221; max_height_last_edited=&#8221;on|phone&#8221; custom_margin=&#8221;-11px|||||&#8221; custom_padding=&#8221;0px||||false|false&#8221; module_alignment_tablet=&#8221;center&#8221; module_alignment_phone=&#8221;center&#8221; module_alignment_last_edited=&#8221;on|desktop&#8221; box_shadow_style=&#8221;preset2&#8243; global_colors_info=&#8221;{}&#8221;][\/et_pb_image][\/et_pb_column][\/et_pb_section][et_pb_section fb_built=&#8221;1&#8243; specialty=&#8221;on&#8221; _builder_version=&#8221;4.17.4&#8243; _module_preset=&#8221;default&#8221; custom_margin=&#8221;-1px|||||&#8221; custom_padding=&#8221;75px||100px|||&#8221; locked=&#8221;off&#8221; global_colors_info=&#8221;{}&#8221;][et_pb_column type=&#8221;1_2&#8243; specialty_columns=&#8221;2&#8243; _builder_version=&#8221;4.16&#8243; custom_padding=&#8221;|||&#8221; global_colors_info=&#8221;{}&#8221; custom_padding__hover=&#8221;|||&#8221;][et_pb_row_inner _builder_version=&#8221;4.17.4&#8243; _module_preset=&#8221;default&#8221; global_colors_info=&#8221;{}&#8221;][et_pb_column_inner saved_specialty_column_type=&#8221;1_2&#8243; _builder_version=&#8221;4.17.4&#8243; _module_preset=&#8221;default&#8221; global_colors_info=&#8221;{}&#8221;][et_pb_image src=&#8221;https:\/\/www.webmediamaster.unipr.it\/wmm\/wp-content\/uploads\/2022\/08\/dom-fou-YRMWVcdyhmI-unsplash-scaled.jpg&#8221; title_text=&#8221;dom-fou-YRMWVcdyhmI-unsplash&#8221; _builder_version=&#8221;4.17.4&#8243; _module_preset=&#8221;default&#8221; background_color=&#8221;RGBA(255,255,255,0)&#8221; width_tablet=&#8221;&#8221; width_phone=&#8221;&#8221; width_last_edited=&#8221;on|phone&#8221; module_alignment=&#8221;center&#8221; min_height_tablet=&#8221;&#8221; min_height_phone=&#8221;&#8221; min_height_last_edited=&#8221;on|tablet&#8221; height_tablet=&#8221;&#8221; height_phone=&#8221;&#8221; height_last_edited=&#8221;on|desktop&#8221; max_height_tablet=&#8221;&#8221; max_height_phone=&#8221;&#8221; max_height_last_edited=&#8221;on|phone&#8221; custom_margin=&#8221;-11px|||||&#8221; custom_padding=&#8221;0px||||false|false&#8221; module_alignment_tablet=&#8221;center&#8221; module_alignment_phone=&#8221;center&#8221; module_alignment_last_edited=&#8221;on|desktop&#8221; box_shadow_style=&#8221;preset2&#8243; locked=&#8221;off&#8221; global_colors_info=&#8221;{}&#8221;][\/et_pb_image][\/et_pb_column_inner][\/et_pb_row_inner][\/et_pb_column][et_pb_column type=&#8221;1_2&#8243; _builder_version=&#8221;4.16&#8243; custom_padding=&#8221;|||&#8221; global_colors_info=&#8221;{}&#8221; custom_padding__hover=&#8221;|||&#8221;][et_pb_text _builder_version=&#8221;4.17.4&#8243; _module_preset=&#8221;default&#8221; text_font=&#8221;Montserrat|700|||||||&#8221; text_text_color=&#8221;#000000&#8243; text_font_size=&#8221;40px&#8221; text_line_height=&#8221;1em&#8221; custom_margin=&#8221;53px||||false|false&#8221; custom_margin_tablet=&#8221;0px||||false|false&#8221; custom_margin_phone=&#8221;0px||||false|false&#8221; custom_margin_last_edited=&#8221;on|phone&#8221; global_colors_info=&#8221;{}&#8221;]I nostri docenti<br \/>\n[\/et_pb_text][et_pb_text _builder_version=&#8221;4.17.4&#8243; _module_preset=&#8221;default&#8221; text_font=&#8221;Montserrat||||||||&#8221; text_text_color=&#8221;#000000&#8243; global_colors_info=&#8221;{}&#8221;]Tra i docenti del Master non ci sono solo professori universitari ma anche affermati professionisti in grado di condividere la loro esperienza maturata sul campo con gli studenti.<br \/>\n[\/et_pb_text][et_pb_button button_url=&#8221;@ET-DC@eyJkeW5hbWljIjp0cnVlLCJjb250ZW50IjoicG9zdF9saW5rX3VybF9wYWdlIiwic2V0dGluZ3MiOnsicG9zdF9pZCI6IjQzIn19@&#8221; button_text=&#8221;Conosci i nostri docenti&#8221; button_alignment=&#8221;left&#8221; _builder_version=&#8221;4.17.4&#8243; _dynamic_attributes=&#8221;button_url&#8221; _module_preset=&#8221;default&#8221; custom_button=&#8221;on&#8221; box_shadow_style=&#8221;preset4&#8243; box_shadow_color=&#8221;#0C71C3&#8243; global_colors_info=&#8221;{}&#8221;][\/et_pb_button][\/et_pb_column][\/et_pb_section][et_pb_section fb_built=&#8221;1&#8243; specialty=&#8221;on&#8221; _builder_version=&#8221;4.17.4&#8243; _module_preset=&#8221;default&#8221; background_color=&#8221;rgba(12,113,195,0.05)&#8221; custom_margin=&#8221;33px|||||&#8221; locked=&#8221;off&#8221; global_colors_info=&#8221;{}&#8221;][et_pb_column type=&#8221;1_2&#8243; specialty_columns=&#8221;2&#8243; _builder_version=&#8221;4.16&#8243; custom_padding=&#8221;|||&#8221; global_colors_info=&#8221;{}&#8221; custom_padding__hover=&#8221;|||&#8221;][et_pb_row_inner _builder_version=&#8221;4.17.4&#8243; _module_preset=&#8221;default&#8221; custom_margin=&#8221;57px||||false|false&#8221; custom_margin_tablet=&#8221;0px||||false|false&#8221; custom_margin_phone=&#8221;0px||||false|false&#8221; custom_margin_last_edited=&#8221;on|phone&#8221; global_colors_info=&#8221;{}&#8221;][et_pb_column_inner saved_specialty_column_type=&#8221;1_2&#8243; _builder_version=&#8221;4.17.4&#8243; _module_preset=&#8221;default&#8221; global_colors_info=&#8221;{}&#8221;][et_pb_text _builder_version=&#8221;4.17.4&#8243; _module_preset=&#8221;default&#8221; text_font=&#8221;Montserrat|700|||||||&#8221; text_text_color=&#8221;#0C71C3&#8243; text_font_size=&#8221;40px&#8221; text_line_height=&#8221;1em&#8221; header_text_color=&#8221;#000000&#8243; global_colors_info=&#8221;{}&#8221;]Last but not least&#8230;<br \/>\n[\/et_pb_text][et_pb_text _builder_version=&#8221;4.17.4&#8243; _module_preset=&#8221;default&#8221; text_font=&#8221;Montserrat|700|||||||&#8221; text_text_color=&#8221;#0C71C3&#8243; text_font_size=&#8221;40px&#8221; text_line_height=&#8221;1em&#8221; header_text_color=&#8221;#000000&#8243; custom_margin=&#8221;-20px|||||&#8221; global_colors_info=&#8221;{}&#8221;]I nostri Testimonials<br \/>\n[\/et_pb_text][et_pb_button button_text=&#8221;Prossimamente online&#8221; button_alignment=&#8221;left&#8221; _builder_version=&#8221;4.17.4&#8243; _module_preset=&#8221;default&#8221; custom_button=&#8221;on&#8221; box_shadow_style=&#8221;preset4&#8243; box_shadow_color=&#8221;#0C71C3&#8243; global_colors_info=&#8221;{}&#8221;][\/et_pb_button][\/et_pb_column_inner][\/et_pb_row_inner][\/et_pb_column][et_pb_column type=&#8221;1_2&#8243; _builder_version=&#8221;4.16&#8243; custom_padding=&#8221;|||&#8221; global_colors_info=&#8221;{}&#8221; custom_padding__hover=&#8221;|||&#8221;][et_pb_code _builder_version=&#8221;4.17.4&#8243; _module_preset=&#8221;default&#8221; box_shadow_style=&#8221;preset4&#8243; box_shadow_color=&#8221;#0C71C3&#8243; global_colors_info=&#8221;{}&#8221;]<iframe title=\"Master in Web Communication Social Media e IoT - Universit\u00e0 di Parma\" src=\"https:\/\/www.youtube.com\/embed\/M5V_4SCVbWw?autoplay=1&#038;mute=1<!-- [et_pb_line_break_holder] -->&#8221; width=&#8221;1280&#8243; height=&#8221;720&#8243; frameborder=&#8221;0&#8243; allowfullscreen=&#8221;allowfullscreen&#8221;><\/iframe>[\/et_pb_code][\/et_pb_column][\/et_pb_section][et_pb_section fb_built=&#8221;1&#8243; _builder_version=&#8221;4.17.4&#8243; _module_preset=&#8221;default&#8221; background_color=&#8221;#0C71C3&#8243; custom_margin=&#8221;2px|||||&#8221; global_colors_info=&#8221;{}&#8221;][et_pb_row _builder_version=&#8221;4.17.4&#8243; _module_preset=&#8221;default&#8221; custom_padding=&#8221;54px|||||&#8221; global_colors_info=&#8221;{}&#8221;][et_pb_column type=&#8221;4_4&#8243; _builder_version=&#8221;4.17.4&#8243; _module_preset=&#8221;default&#8221; global_colors_info=&#8221;{}&#8221;][et_pb_text _builder_version=&#8221;4.17.4&#8243; _module_preset=&#8221;default&#8221; text_font=&#8221;Montserrat|700|||||||&#8221; text_text_color=&#8221;#FFFFFF&#8221; text_font_size=&#8221;40px&#8221; text_line_height=&#8221;1em&#8221; custom_margin=&#8221;14px||25px||false|false&#8221; custom_margin_tablet=&#8221;0px||||false|false&#8221; custom_margin_phone=&#8221;0px||||false|false&#8221; custom_margin_last_edited=&#8221;on|phone&#8221; global_colors_info=&#8221;{}&#8221;]I nostri work in progress<br \/>\n[\/et_pb_text][\/et_pb_column][\/et_pb_row][et_pb_row column_structure=&#8221;1_3,1_3,1_3&#8243; make_equal=&#8221;on&#8221; _builder_version=&#8221;4.19.2&#8243; _module_preset=&#8221;default&#8221; animation_style=&#8221;zoom&#8221; animation_direction=&#8221;right&#8221; animation_speed_curve=&#8221;ease&#8221; global_colors_info=&#8221;{}&#8221;][et_pb_column type=&#8221;1_3&#8243; _builder_version=&#8221;4.19.2&#8243; _module_preset=&#8221;default&#8221; global_colors_info=&#8221;{}&#8221;][et_pb_slider _builder_version=&#8221;4.19.2&#8243; _module_preset=&#8221;default&#8221; custom_button=&#8221;on&#8221; button_text_size=&#8221;14px&#8221; width=&#8221;100%&#8221; max_width=&#8221;100%&#8221; content_max_width=&#8221;100%&#8221; custom_padding=&#8221;||68px|||&#8221; box_shadow_style=&#8221;preset3&#8243; global_colors_info=&#8221;{}&#8221;][et_pb_slide heading=&#8221;madeinparma.com&#8221; button_text=&#8221;www.madeinparma.com&#8221; button_link=&#8221;https:\/\/madeinparma.com&#8221; url_new_window=&#8221;on&#8221; image=&#8221;https:\/\/www.webmediamaster.unipr.it\/wmm\/wp-content\/uploads\/2022\/09\/madeinparma.jpg&#8221; _builder_version=&#8221;4.19.2&#8243; _module_preset=&#8221;default&#8221; header_font=&#8221;|600||on|||||&#8221; header_text_color=&#8221;#000000&#8243; body_text_color=&#8221;#000000&#8243; background_color=&#8221;#FFFFFF&#8221; background_enable_color=&#8221;on&#8221; custom_button=&#8221;on&#8221; button_text_color=&#8221;#000000&#8243; text_orientation=&#8221;center&#8221; background_layout=&#8221;light&#8221; box_shadow_style_image=&#8221;preset1&#8243; box_shadow_style_button=&#8221;preset4&#8243; box_shadow_color_button=&#8221;#0C71C3&#8243; global_colors_info=&#8221;{}&#8221; sticky_transition=&#8221;on&#8221;]E-commerce narrativo \u00e8 questa l\u2019innovativa formula messa a punto nella prima edizione del master. Madeinparma.com \u00e8 il nome\/logo di un progetto di e-commerce, ma pi\u00f9 in generale di marketing territoriale, che \u00e8 stato sviluppato nel corso della seconda e terza edizione. E\u2019 stato presentato agli operatori economici in due fasi presso la Camera di Commercio di Parma, trasformandosi poi in una societ\u00e0 di gestione, la NTV 3.1. E\u2019 prossimo il suo debutto commerciale.<br \/>\n[\/et_pb_slide][\/et_pb_slider][\/et_pb_column][et_pb_column type=&#8221;1_3&#8243; _builder_version=&#8221;4.17.4&#8243; _module_preset=&#8221;default&#8221; global_colors_info=&#8221;{}&#8221;][et_pb_slider _builder_version=&#8221;4.17.4&#8243; _module_preset=&#8221;default&#8221; custom_padding=&#8221;||91px|||&#8221; box_shadow_style=&#8221;preset3&#8243; global_colors_info=&#8221;{}&#8221;][et_pb_slide heading=&#8221;Tomorrow News Le notizie di domani &#8221; image=&#8221;https:\/\/www.webmediamaster.unipr.it\/wmm\/wp-content\/uploads\/2022\/09\/tomorrow-new.jpg&#8221; _builder_version=&#8221;4.17.4&#8243; _module_preset=&#8221;default&#8221; header_font=&#8221;|600||on|||||&#8221; header_text_color=&#8221;#000000&#8243; body_text_color=&#8221;#000000&#8243; background_color=&#8221;#FFFFFF&#8221; background_enable_color=&#8221;on&#8221; custom_button=&#8221;on&#8221; button_text_color=&#8221;#000000&#8243; text_orientation=&#8221;center&#8221; background_layout=&#8221;light&#8221; box_shadow_style_image=&#8221;preset1&#8243; box_shadow_style_button=&#8221;preset4&#8243; box_shadow_color_button=&#8221;#0C71C3&#8243; global_colors_info=&#8221;{}&#8221; sticky_transition=&#8221;on&#8221;]\u00c8 un progetto di info-intelligence messo a punto nel corso della seconda edizione. \u00c8 stato sostenuto, anche con un contributo economico, da AGI (Agenzia giornalistica Italia). Esiste una demo e alcuni prototipi di un prodotto innovativo anche sul piano della costruzione di un modello di business per le news. E\u2019strutturato in quattro sezioni: rassegne stampa personalizzate; piani strategici e integrati di comunicazione&amp;marketing; ricerche quali-quantitative di nuova generazione; web reporting previsionali.<br \/>\n[\/et_pb_slide][\/et_pb_slider][\/et_pb_column][et_pb_column type=&#8221;1_3&#8243; _builder_version=&#8221;4.19.2&#8243; _module_preset=&#8221;default&#8221; background_color=&#8221;#FFFFFF&#8221; box_shadow_style=&#8221;preset3&#8243; global_colors_info=&#8221;{}&#8221;][et_pb_slider _builder_version=&#8221;4.19.2&#8243; _module_preset=&#8221;default&#8221; custom_padding=&#8221;||41px|||&#8221; box_shadow_style=&#8221;preset3&#8243; global_colors_info=&#8221;{}&#8221;][et_pb_slide heading=&#8221;Parma Home Restaurant&#8221; image=&#8221;https:\/\/www.webmediamaster.unipr.it\/wmm\/wp-content\/uploads\/2022\/09\/homerestaurant2.jpg&#8221; _builder_version=&#8221;4.19.2&#8243; _module_preset=&#8221;default&#8221; header_font=&#8221;|600||on|||||&#8221; header_text_color=&#8221;#000000&#8243; body_text_color=&#8221;#000000&#8243; background_color=&#8221;#FFFFFF&#8221; background_enable_color=&#8221;on&#8221; custom_button=&#8221;on&#8221; button_text_color=&#8221;#000000&#8243; text_orientation=&#8221;center&#8221; background_layout=&#8221;light&#8221; box_shadow_style_image=&#8221;preset1&#8243; box_shadow_style_button=&#8221;preset4&#8243; box_shadow_color_button=&#8221;#0C71C3&#8243; global_colors_info=&#8221;{}&#8221; sticky_transition=&#8221;on&#8221;]\u00c8 il primo festival della cucina domestica di Parma.<br \/>\n\u00c8 stato ideato e proposto nell\u2019ambito della terza edizione del Master, ma ha coinvolto anche masteristi della prima e seconda edizione: ha finalit\u00e0 promozionali per il territorio di Parma, food valley celebrata ma bisognosa di novit\u00e0 2.0, e scaturisce da una riflessione professionale sul ruolo che il web ha avuto e avr\u00e0 sempre pi\u00f9 nella costruzione della sharing economy.<\/p>\n<p>&nbsp;<\/p>\n<p>&nbsp;<br \/>\n[\/et_pb_slide][\/et_pb_slider][\/et_pb_column][\/et_pb_row][\/et_pb_section]<\/p>\n","protected":false},"excerpt":{"rendered":"<p>Immaginare e governare il web 3.0.Lo stato dell\u2019arte, le sfide, le tendenze.Un mondo molto intelligente.Potenzialit\u00e0, avanzamenti, rischi, perturbazioniConversazioni, confronti e laboratori dal vivo e in social streaming.Per la tre giorni sar\u00e0 attiva l\u2019aula MetaMaster. Uno\/due incontri si terranno nel digital twin dell\u2019Aula B di via D\u2019AzeglioLa comunicazione \u00e8 andata online e tu? Scarica l\u2019E-book delle [&hellip;]<\/p>\n","protected":false},"author":2,"featured_media":0,"parent":0,"menu_order":0,"comment_status":"closed","ping_status":"closed","template":"","meta":{"_et_pb_use_builder":"on","_et_pb_old_content":"<p>[et_pb_section fb_built=\"1\" fullwidth=\"on\" disabled_on=\"on|off|off\" _builder_version=\"4.19.2\" _module_preset=\"default\" global_colors_info=\"{}\"][et_pb_fullwidth_image src=\"https:\/\/www.webmediamaster.unipr.it\/wmm\/wp-content\/uploads\/2023\/09\/HOME-MINI-DIGITAL-FESTIVAL2.jpg\" title_text=\"HOME-MINI-DIGITAL-FESTIVAL2\" url=\"https:\/\/www.webmediamaster.unipr.it\/wmm\/770-2\/\" _builder_version=\"4.19.2\" _module_preset=\"default\" global_colors_info=\"{}\"][\/et_pb_fullwidth_image][\/et_pb_section][et_pb_section fb_built=\"1\" fullwidth=\"on\" disabled_on=\"off|on|on\" _builder_version=\"4.19.2\" _module_preset=\"default\" global_colors_info=\"{}\"][et_pb_fullwidth_image src=\"https:\/\/www.webmediamaster.unipr.it\/wmm\/wp-content\/uploads\/2023\/09\/HOME-MINI-DIGITAL-FESTIVAL3.jpg\" title_text=\"HOME-MINI-DIGITAL-FESTIVAL3\" url=\"https:\/\/www.webmediamaster.unipr.it\/wmm\/770-2\/\" _builder_version=\"4.19.2\" _module_preset=\"default\" global_colors_info=\"{}\"][\/et_pb_fullwidth_image][\/et_pb_section][et_pb_section fb_built=\"1\" _builder_version=\"4.17.4\" _module_preset=\"default\" custom_margin=\"25px||||false|false\" custom_padding=\"0px||1px||false|false\" global_colors_info=\"{}\"][et_pb_row _builder_version=\"4.17.4\" _module_preset=\"default\" custom_margin=\"9px|auto|37px|auto|false|false\" custom_padding=\"6px|||||\" global_colors_info=\"{}\"][et_pb_column type=\"4_4\" _builder_version=\"4.17.4\" _module_preset=\"default\" global_colors_info=\"{}\"][et_pb_text _builder_version=\"4.17.4\" _module_preset=\"default\" text_font=\"Montserrat||||||||\" text_text_color=\"#000000\" text_font_size=\"36px\" text_orientation=\"center\" custom_margin=\"17px||16px|||\" custom_padding=\"4px|||||\" text_line_height_tablet=\"1em\" text_line_height_phone=\"1em\" text_line_height_last_edited=\"on|phone\" global_colors_info=\"{}\"]<\/p><p style=\"text-align: center;\">La comunicazione \u00e8 andata online<\/p><p>[\/et_pb_text][et_pb_text _builder_version=\"4.17.4\" _module_preset=\"default\" text_font=\"Montserrat||||||||\" text_text_color=\"#000000\" text_font_size=\"36px\" text_orientation=\"center\" global_colors_info=\"{}\"]<\/p><p>e tu?<\/p><p>[\/et_pb_text][et_pb_icon font_icon=\"7||divi||400\" icon_color=\"rgba(0,0,0,0.81)\" icon_width=\"30px\" _builder_version=\"4.19.2\" _module_preset=\"default\" custom_margin=\"18px||||false|false\" custom_margin_tablet=\"18px||||false|false\" custom_margin_phone=\"0px||||false|false\" custom_margin_last_edited=\"on|tablet\" animation_style=\"bounce\" animation_direction=\"bottom\" animation_duration=\"1250ms\" animation_starting_opacity=\"54%\" animation_speed_curve=\"ease\" animation_repeat=\"loop\" sticky_position=\"top\" sticky_offset_top=\"47px\" sticky_limit_bottom=\"section\" scroll_fade_enable=\"on\" animation_duration_phone=\"1250ms\" animation_duration_last_edited=\"off|desktop\" animation_delay_tablet=\"\" animation_delay_phone=\"\" animation_delay_last_edited=\"on|phone\" global_colors_info=\"{}\"][\/et_pb_icon][\/et_pb_column][\/et_pb_row][\/et_pb_section][et_pb_section fb_built=\"1\" _builder_version=\"4.19.2\" _module_preset=\"default\" background_color=\"rgba(12,113,195,0.24)\" custom_padding=\"0px|||||\" global_colors_info=\"{}\"][et_pb_row _builder_version=\"4.19.2\" _module_preset=\"default\" min_height=\"359px\" global_colors_info=\"{}\"][et_pb_column type=\"4_4\" _builder_version=\"4.19.2\" _module_preset=\"default\" global_colors_info=\"{}\"][et_pb_text _builder_version=\"4.19.2\" _module_preset=\"default\" global_colors_info=\"{}\"]<\/p><h3><a href=\"https:\/\/www.webmediamaster.unipr.it\/wmm\/wp-content\/uploads\/2024\/06\/ebook-master-22-23-defintivo.pdf\"><img class=\"wp-image-1102 alignnone size-medium\" style=\"display: block; margin-left: auto; margin-right: auto;\" src=\"https:\/\/www.webmediamaster.unipr.it\/wmm\/wp-content\/uploads\/2024\/06\/ebook-master-copertina-226x300.jpg\" alt=\"\" width=\"226\" height=\"300\" \/><\/a><\/h3><h3 style=\"text-align: center;\">\u00a0<\/h3><h3 style=\"text-align: center;\">Scarica l\u2019E-book delle migliori tesi del Master anno 2022-2023<br \/><span style=\"color: #e09900;\"><br \/><\/span><\/h3><p style=\"text-align: center;\"><a href=\"https:\/\/www.webmediamaster.unipr.it\/wmm\/wp-content\/uploads\/2024\/06\/ebook-master-22-23-defintivo.pdf\"><span style=\"text-decoration: underline;\"><strong><span style=\"color: #e09900; text-decoration: underline;\"><span style=\"color: #0c71c3; text-decoration: underline;\">Versione pdf<\/span><\/span><\/strong><strong>\u00a0<\/strong><\/span><\/a><\/p><p style=\"text-align: center;\"><span style=\"text-decoration: underline;\"><strong><a style=\"color: #0c71c3; text-decoration: underline;\" href=\"https:\/\/univpr-my.sharepoint.com\/:u:\/g\/personal\/alberto_salarelli_unipr_it\/Ede0-1NWmAJBpm4rVmZUg0gBXSW5VWy1wl5YoXiCuDOEbw?e=90Pv5H\" target=\"_blank\" rel=\"noopener\">Versione epub<\/a><\/strong><\/span><\/p><p style=\"text-align: center;\">Oppure sfoglialo online qui<\/p><p style=\"text-align: center;\"><span style=\"color: #0c71c3;\"><strong><span style=\"text-decoration: underline;\"><a style=\"color: #0c71c3; text-decoration: underline;\" href=\"https:\/\/www.webmediamaster.unipr.it\/wmm\/digital-communication-excellance\/\">Digital Communication Excellance<\/a><\/span><\/strong><\/span><\/p><p>\u00a0<\/p><p>[\/et_pb_text][\/et_pb_column][\/et_pb_row][\/et_pb_section][et_pb_section fb_built=\"1\" _builder_version=\"4.17.4\" _module_preset=\"default\" background_color=\"#0C71C3\" custom_margin=\"-7px||||false|false\" custom_margin_tablet=\"40px||||false|false\" custom_margin_phone=\"40px||||false|false\" custom_margin_last_edited=\"on|phone\" custom_padding=\"0px||1px||false|false\" global_colors_info=\"{}\"][et_pb_row _builder_version=\"4.17.4\" _module_preset=\"default\" background_color=\"#0C71C3\" custom_margin=\"-34px|auto||auto|false|false\" global_colors_info=\"{}\"][et_pb_column type=\"4_4\" _builder_version=\"4.17.4\" _module_preset=\"default\" global_colors_info=\"{}\"][et_pb_text _builder_version=\"4.19.2\" _module_preset=\"default\" text_font=\"Montserrat|600|||||||\" text_text_color=\"#FFFFFF\" text_font_size=\"24px\" text_line_height=\"1em\" header_text_color=\"#000000\" text_orientation=\"right\" custom_margin=\"||3px|||\" custom_padding=\"4px||17px|||\" text_orientation_tablet=\"center\" text_orientation_phone=\"center\" text_orientation_last_edited=\"on|desktop\" global_colors_info=\"{}\"]<\/p><h2 class=\"elementToProof\" style=\"text-align: center;\"><strong><span style=\"color: #dbab00;\">2\u00aa Presentazione dell'edizione 2023-24<\/span><\/strong><\/h2><div class=\"elementToProof\" style=\"text-align: center;\"><span style=\"color: #dbab00;\">18 ottobre, Palazzo del Governatore, Auditorium, ore 9.30<\/span><\/div><div class=\"elementToProof\" style=\"text-align: center;\">\u00a0<\/div><div class=\"elementToProof\" style=\"text-align: center;\"><span style=\"color: #dbab00;\">19 ottobre, Universit\u00e0 di Parma, via D\u2019Azeglio, Aula B, ore 10.00<\/span><\/div><div class=\"elementToProof\" style=\"text-align: center;\"><span style=\"color: #dbab00;\">Dal vivo e nel metaverso<\/span><\/div><p>[\/et_pb_text][et_pb_text _builder_version=\"4.19.2\" _module_preset=\"default\" text_font=\"Montserrat|600|||||||\" text_text_color=\"#FFFFFF\" text_font_size=\"25px\" text_line_height=\"1em\" header_text_color=\"#000000\" header_font_size=\"25px\" text_orientation=\"right\" custom_margin=\"||3px|||\" custom_padding=\"4px||17px|||\" text_orientation_tablet=\"center\" text_orientation_phone=\"center\" text_orientation_last_edited=\"on|desktop\" global_colors_info=\"{}\"]<\/p><p style=\"text-align: center;\">Iscrizioni aperte dal 5 settembre 2023 - ore 12.00<\/p><p>[\/et_pb_text][et_pb_divider _builder_version=\"4.19.2\" _module_preset=\"default\" global_colors_info=\"{}\"][\/et_pb_divider][et_pb_text _builder_version=\"4.19.2\" _module_preset=\"default\" text_font=\"Montserrat|600|||||||\" text_text_color=\"#FFFFFF\" text_font_size=\"25px\" text_line_height=\"1em\" header_text_color=\"#000000\" header_font_size=\"25px\" text_orientation=\"right\" custom_padding=\"4px||17px|||\" text_orientation_tablet=\"center\" text_orientation_phone=\"center\" text_orientation_last_edited=\"on|desktop\" global_colors_info=\"{}\"]<\/p><p style=\"text-align: center;\">Chiusura iscrizioni il 27 ottobre 2023 - ore 12.00<\/p><p>[\/et_pb_text][et_pb_countdown_timer date_time=\"2023-10-27 12:00\" disabled_on=\"off|off|off\" _builder_version=\"4.19.2\" _module_preset=\"default\" header_font_size=\"12px\" numbers_font_size=\"28px\" numbers_line_height=\"1px\" separator_font_size=\"20px\" label_font_size=\"14px\" use_background_color=\"off\" width=\"57.4%\" max_width=\"100%\" module_alignment=\"center\" custom_margin=\"|92px|||false|false\" custom_margin_tablet=\"|92px|||false|false\" custom_margin_phone=\"|0px||0px|false|false\" custom_margin_last_edited=\"on|phone\" numbers_font_size_tablet=\"28px\" numbers_font_size_phone=\"18px\" numbers_font_size_last_edited=\"on|phone\" numbers_letter_spacing_tablet=\"\" numbers_letter_spacing_phone=\"0px\" numbers_letter_spacing_last_edited=\"on|phone\" global_colors_info=\"{}\"][\/et_pb_countdown_timer][\/et_pb_column][\/et_pb_row][\/et_pb_section][et_pb_section fb_built=\"1\" specialty=\"on\" _builder_version=\"4.17.4\" _module_preset=\"default\" custom_margin=\"-1px|||||\" custom_padding=\"91px|||||\" locked=\"off\" global_colors_info=\"{}\"][et_pb_column type=\"1_2\" specialty_columns=\"2\" _builder_version=\"4.16\" custom_padding=\"|||\" global_colors_info=\"{}\" custom_padding__hover=\"|||\"][et_pb_row_inner _builder_version=\"4.17.4\" _module_preset=\"default\" global_colors_info=\"{}\"][et_pb_column_inner saved_specialty_column_type=\"1_2\" _builder_version=\"4.17.4\" _module_preset=\"default\" global_colors_info=\"{}\"][et_pb_image src=\"https:\/\/www.webmediamaster.unipr.it\/wmm\/wp-content\/uploads\/2022\/09\/master.png\" title_text=\"master\" disabled_on=\"on|on|on\" _builder_version=\"4.17.4\" _module_preset=\"default\" disabled=\"on\" global_colors_info=\"{}\"][\/et_pb_image][et_pb_text _builder_version=\"4.19.2\" _module_preset=\"default\" global_colors_info=\"{}\"]<\/p><p><img class=\"wp-image-57 alignnone size-medium\" style=\"display: block; margin-left: auto; margin-right: auto;\" src=\"https:\/\/www.webmediamaster.unipr.it\/wmm\/wp-content\/uploads\/2022\/07\/LOGO-NEW-MASTER-grigio-300x195.png\" alt=\"\" width=\"300\" height=\"195\" \/><\/p><h2 style=\"text-align: center;\"><strong><br \/><span style=\"color: #0c71c3;\">Master universitario di I livello<\/span><\/strong><\/h2><p>[\/et_pb_text][\/et_pb_column_inner][\/et_pb_row_inner][\/et_pb_column][et_pb_column type=\"1_2\" _builder_version=\"4.16\" custom_padding=\"|||\" global_colors_info=\"{}\" custom_padding__hover=\"|||\"][et_pb_image src=\"https:\/\/www.webmediamaster.unipr.it\/wmm\/wp-content\/uploads\/2022\/07\/unipr-bn-1.png\" title_text=\"unipr-bn 1\" _builder_version=\"4.17.4\" _module_preset=\"default\" custom_margin=\"|180px||||\" global_colors_info=\"{}\"][\/et_pb_image][et_pb_text _builder_version=\"4.17.4\" _module_preset=\"default\" text_font=\"Montserrat||||||||\" text_text_color=\"#000000\" global_colors_info=\"{}\"]<\/p><h4><strong>Il master<\/strong><\/h4><p>Il programma formativo di questo Master si rivolge a giovani laureati di tutte le aree disciplinari.<\/p><p>Durante questo percorso si former\u00e0 una figura professionale in grado di utilizzare e gestire, dal punto di vista sia strategico sia operativo, strumenti e tecniche per la produzione e la distribuzione di contenuti digitali con particolare riguardo a quelli divulgati via web & social.<\/p><p>[\/et_pb_text][et_pb_button button_url=\"@ET-DC@eyJkeW5hbWljIjp0cnVlLCJjb250ZW50IjoicG9zdF9saW5rX3VybF9wYWdlIiwic2V0dGluZ3MiOnsicG9zdF9pZCI6IjM5In19@\" url_new_window=\"on\" button_text=\"Scopri il programma\" button_alignment=\"left\" _builder_version=\"4.17.4\" _dynamic_attributes=\"button_url\" _module_preset=\"default\" custom_button=\"on\" box_shadow_style=\"preset4\" box_shadow_color=\"#0C71C3\" global_colors_info=\"{}\"][\/et_pb_button][\/et_pb_column][\/et_pb_section][et_pb_section fb_built=\"1\" specialty=\"on\" _builder_version=\"4.17.4\" _module_preset=\"default\" background_color=\"rgba(12,113,195,0.05)\" custom_margin=\"33px|||||\" custom_padding=\"70px||70px|||\" locked=\"off\" global_colors_info=\"{}\"][et_pb_column type=\"1_2\" specialty_columns=\"2\" _builder_version=\"4.16\" custom_padding=\"|||\" global_colors_info=\"{}\" custom_padding__hover=\"|||\"][et_pb_row_inner _builder_version=\"4.17.4\" _module_preset=\"default\" custom_margin=\"57px||||false|false\" custom_margin_tablet=\"0px||||false|false\" custom_margin_phone=\"0px||||false|false\" custom_margin_last_edited=\"on|phone\" global_colors_info=\"{}\"][et_pb_column_inner saved_specialty_column_type=\"1_2\" _builder_version=\"4.17.4\" _module_preset=\"default\" global_colors_info=\"{}\"][et_pb_text _builder_version=\"4.19.2\" _module_preset=\"default\" text_font=\"Montserrat|700|||||||\" text_text_color=\"#0C71C3\" text_font_size=\"40px\" text_line_height=\"1em\" header_text_color=\"#000000\" global_colors_info=\"{}\"]<\/p><p>Come iscriversi al Master?<\/p><p>[\/et_pb_text][et_pb_divider show_divider=\"off\" _builder_version=\"4.17.4\" _module_preset=\"default\" global_colors_info=\"{}\"][\/et_pb_divider][et_pb_text _builder_version=\"4.17.4\" _module_preset=\"default\" text_font=\"Montserrat||||||||\" text_text_color=\"#000000\" global_colors_info=\"{}\"]<\/p><p>Qui troverai tutte le risposte: quali sono i requisiti per accedere al bando, il costo e tutto ci\u00f2 che ti pu\u00f2 servire per la tua immatricolazione.<\/p><p>[\/et_pb_text][et_pb_button button_url=\"@ET-DC@eyJkeW5hbWljIjp0cnVlLCJjb250ZW50IjoicG9zdF9saW5rX3VybF9wYWdlIiwic2V0dGluZ3MiOnsicG9zdF9pZCI6IjM3In19@\" button_text=\"Scopri come iscriversi\" button_alignment=\"left\" _builder_version=\"4.17.4\" _dynamic_attributes=\"button_url\" _module_preset=\"default\" custom_button=\"on\" box_shadow_style=\"preset4\" box_shadow_color=\"#0C71C3\" global_colors_info=\"{}\"][\/et_pb_button][\/et_pb_column_inner][\/et_pb_row_inner][\/et_pb_column][et_pb_column type=\"1_2\" _builder_version=\"4.16\" custom_padding=\"|||\" global_colors_info=\"{}\" custom_padding__hover=\"|||\"][et_pb_image src=\"https:\/\/www.webmediamaster.unipr.it\/wmm\/wp-content\/uploads\/2022\/09\/inscrizione.jpg\" title_text=\"inscrizione\" _builder_version=\"4.17.4\" _module_preset=\"default\" background_color=\"RGBA(255,255,255,0)\" width_tablet=\"\" width_phone=\"\" width_last_edited=\"on|phone\" max_width=\"389%\" module_alignment=\"center\" min_height=\"389px\" min_height_tablet=\"\" min_height_phone=\"\" min_height_last_edited=\"on|tablet\" height_tablet=\"\" height_phone=\"\" height_last_edited=\"on|desktop\" max_height=\"520px\" max_height_tablet=\"\" max_height_phone=\"\" max_height_last_edited=\"on|phone\" custom_margin=\"-11px|||||\" custom_padding=\"0px||||false|false\" module_alignment_tablet=\"center\" module_alignment_phone=\"center\" module_alignment_last_edited=\"on|desktop\" box_shadow_style=\"preset2\" global_colors_info=\"{}\"][\/et_pb_image][\/et_pb_column][\/et_pb_section][et_pb_section fb_built=\"1\" specialty=\"on\" _builder_version=\"4.17.4\" _module_preset=\"default\" custom_margin=\"-1px|||||\" custom_padding=\"75px||100px|||\" locked=\"off\" global_colors_info=\"{}\"][et_pb_column type=\"1_2\" specialty_columns=\"2\" _builder_version=\"4.16\" custom_padding=\"|||\" global_colors_info=\"{}\" custom_padding__hover=\"|||\"][et_pb_row_inner _builder_version=\"4.17.4\" _module_preset=\"default\" global_colors_info=\"{}\"][et_pb_column_inner saved_specialty_column_type=\"1_2\" _builder_version=\"4.17.4\" _module_preset=\"default\" global_colors_info=\"{}\"][et_pb_image src=\"https:\/\/www.webmediamaster.unipr.it\/wmm\/wp-content\/uploads\/2022\/08\/dom-fou-YRMWVcdyhmI-unsplash-scaled.jpg\" title_text=\"dom-fou-YRMWVcdyhmI-unsplash\" _builder_version=\"4.17.4\" _module_preset=\"default\" background_color=\"RGBA(255,255,255,0)\" width_tablet=\"\" width_phone=\"\" width_last_edited=\"on|phone\" module_alignment=\"center\" min_height_tablet=\"\" min_height_phone=\"\" min_height_last_edited=\"on|tablet\" height_tablet=\"\" height_phone=\"\" height_last_edited=\"on|desktop\" max_height_tablet=\"\" max_height_phone=\"\" max_height_last_edited=\"on|phone\" custom_margin=\"-11px|||||\" custom_padding=\"0px||||false|false\" module_alignment_tablet=\"center\" module_alignment_phone=\"center\" module_alignment_last_edited=\"on|desktop\" box_shadow_style=\"preset2\" locked=\"off\" global_colors_info=\"{}\"][\/et_pb_image][\/et_pb_column_inner][\/et_pb_row_inner][\/et_pb_column][et_pb_column type=\"1_2\" _builder_version=\"4.16\" custom_padding=\"|||\" global_colors_info=\"{}\" custom_padding__hover=\"|||\"][et_pb_text _builder_version=\"4.17.4\" _module_preset=\"default\" text_font=\"Montserrat|700|||||||\" text_text_color=\"#000000\" text_font_size=\"40px\" text_line_height=\"1em\" custom_margin=\"53px||||false|false\" custom_margin_tablet=\"0px||||false|false\" custom_margin_phone=\"0px||||false|false\" custom_margin_last_edited=\"on|phone\" global_colors_info=\"{}\"]<\/p><p>I nostri docenti<\/p><p>[\/et_pb_text][et_pb_text _builder_version=\"4.17.4\" _module_preset=\"default\" text_font=\"Montserrat||||||||\" text_text_color=\"#000000\" global_colors_info=\"{}\"]<\/p><p>Tra i docenti del Master non ci sono solo professori universitari ma anche affermati professionisti in grado di condividere la loro esperienza maturata sul campo con gli studenti.<\/p><p>[\/et_pb_text][et_pb_button button_url=\"@ET-DC@eyJkeW5hbWljIjp0cnVlLCJjb250ZW50IjoicG9zdF9saW5rX3VybF9wYWdlIiwic2V0dGluZ3MiOnsicG9zdF9pZCI6IjQzIn19@\" button_text=\"Conosci i nostri docenti\" button_alignment=\"left\" _builder_version=\"4.17.4\" _dynamic_attributes=\"button_url\" _module_preset=\"default\" custom_button=\"on\" box_shadow_style=\"preset4\" box_shadow_color=\"#0C71C3\" global_colors_info=\"{}\"][\/et_pb_button][\/et_pb_column][\/et_pb_section][et_pb_section fb_built=\"1\" specialty=\"on\" _builder_version=\"4.17.4\" _module_preset=\"default\" background_color=\"rgba(12,113,195,0.05)\" custom_margin=\"33px|||||\" locked=\"off\" global_colors_info=\"{}\"][et_pb_column type=\"1_2\" specialty_columns=\"2\" _builder_version=\"4.16\" custom_padding=\"|||\" global_colors_info=\"{}\" custom_padding__hover=\"|||\"][et_pb_row_inner _builder_version=\"4.17.4\" _module_preset=\"default\" custom_margin=\"57px||||false|false\" custom_margin_tablet=\"0px||||false|false\" custom_margin_phone=\"0px||||false|false\" custom_margin_last_edited=\"on|phone\" global_colors_info=\"{}\"][et_pb_column_inner saved_specialty_column_type=\"1_2\" _builder_version=\"4.17.4\" _module_preset=\"default\" global_colors_info=\"{}\"][et_pb_text _builder_version=\"4.17.4\" _module_preset=\"default\" text_font=\"Montserrat|700|||||||\" text_text_color=\"#0C71C3\" text_font_size=\"40px\" text_line_height=\"1em\" header_text_color=\"#000000\" global_colors_info=\"{}\"]<\/p><p>Last but not least...<\/p><p>[\/et_pb_text][et_pb_text _builder_version=\"4.17.4\" _module_preset=\"default\" text_font=\"Montserrat|700|||||||\" text_text_color=\"#0C71C3\" text_font_size=\"40px\" text_line_height=\"1em\" header_text_color=\"#000000\" custom_margin=\"-20px|||||\" global_colors_info=\"{}\"]<\/p><p>I nostri Testimonials<\/p><p>[\/et_pb_text][et_pb_button button_text=\"Prossimamente online\" button_alignment=\"left\" _builder_version=\"4.17.4\" _module_preset=\"default\" custom_button=\"on\" box_shadow_style=\"preset4\" box_shadow_color=\"#0C71C3\" global_colors_info=\"{}\"][\/et_pb_button][\/et_pb_column_inner][\/et_pb_row_inner][\/et_pb_column][et_pb_column type=\"1_2\" _builder_version=\"4.16\" custom_padding=\"|||\" global_colors_info=\"{}\" custom_padding__hover=\"|||\"][et_pb_code _builder_version=\"4.17.4\" _module_preset=\"default\" box_shadow_style=\"preset4\" box_shadow_color=\"#0C71C3\" global_colors_info=\"{}\"]<iframe title=\"Master in Web Communication Social Media e IoT - Universit\u00e0 di Parma\" src=\"https:\/\/www.youtube.com\/embed\/M5V_4SCVbWw?autoplay=1&mute=1<!-- [et_pb_line_break_holder] -->\" width=\"1280\" height=\"720\" frameborder=\"0\" allowfullscreen=\"allowfullscreen\"><\/iframe>[\/et_pb_code][\/et_pb_column][\/et_pb_section][et_pb_section fb_built=\"1\" _builder_version=\"4.17.4\" _module_preset=\"default\" background_color=\"#0C71C3\" custom_margin=\"2px|||||\" global_colors_info=\"{}\"][et_pb_row _builder_version=\"4.17.4\" _module_preset=\"default\" custom_padding=\"54px|||||\" global_colors_info=\"{}\"][et_pb_column type=\"4_4\" _builder_version=\"4.17.4\" _module_preset=\"default\" global_colors_info=\"{}\"][et_pb_text _builder_version=\"4.17.4\" _module_preset=\"default\" text_font=\"Montserrat|700|||||||\" text_text_color=\"#FFFFFF\" text_font_size=\"40px\" text_line_height=\"1em\" custom_margin=\"14px||25px||false|false\" custom_margin_tablet=\"0px||||false|false\" custom_margin_phone=\"0px||||false|false\" custom_margin_last_edited=\"on|phone\" global_colors_info=\"{}\"]<\/p><p>I nostri work in progress<\/p><p>[\/et_pb_text][\/et_pb_column][\/et_pb_row][et_pb_row column_structure=\"1_3,1_3,1_3\" make_equal=\"on\" _builder_version=\"4.19.2\" _module_preset=\"default\" animation_style=\"zoom\" animation_direction=\"right\" animation_speed_curve=\"ease\" global_colors_info=\"{}\"][et_pb_column type=\"1_3\" _builder_version=\"4.19.2\" _module_preset=\"default\" global_colors_info=\"{}\"][et_pb_slider _builder_version=\"4.19.2\" _module_preset=\"default\" custom_button=\"on\" button_text_size=\"14px\" width=\"100%\" max_width=\"100%\" content_max_width=\"100%\" custom_padding=\"||68px|||\" box_shadow_style=\"preset3\" global_colors_info=\"{}\"][et_pb_slide heading=\"madeinparma.com\" button_text=\"www.madeinparma.com\" button_link=\"https:\/\/madeinparma.com\" url_new_window=\"on\" image=\"https:\/\/www.webmediamaster.unipr.it\/wmm\/wp-content\/uploads\/2022\/09\/madeinparma.jpg\" _builder_version=\"4.19.2\" _module_preset=\"default\" header_font=\"|600||on|||||\" header_text_color=\"#000000\" body_text_color=\"#000000\" background_color=\"#FFFFFF\" background_enable_color=\"on\" custom_button=\"on\" button_text_color=\"#000000\" text_orientation=\"center\" background_layout=\"light\" box_shadow_style_image=\"preset1\" box_shadow_style_button=\"preset4\" box_shadow_color_button=\"#0C71C3\" global_colors_info=\"{}\" sticky_transition=\"on\"]<\/p><p>E-commerce narrativo \u00e8 questa l\u2019innovativa formula messa a punto nella prima edizione del master. Madeinparma.com \u00e8 il nome\/logo di un progetto di e-commerce, ma pi\u00f9 in generale di marketing territoriale, che \u00e8 stato sviluppato nel corso della seconda e terza edizione. E\u2019 stato presentato agli operatori economici in due fasi presso la Camera di Commercio di Parma, trasformandosi poi in una societ\u00e0 di gestione, la NTV 3.1. E\u2019 prossimo il suo debutto commerciale.<\/p><p>[\/et_pb_slide][\/et_pb_slider][\/et_pb_column][et_pb_column type=\"1_3\" _builder_version=\"4.17.4\" _module_preset=\"default\" global_colors_info=\"{}\"][et_pb_slider _builder_version=\"4.17.4\" _module_preset=\"default\" custom_padding=\"||91px|||\" box_shadow_style=\"preset3\" global_colors_info=\"{}\"][et_pb_slide heading=\"Tomorrow News Le notizie di domani \" image=\"https:\/\/www.webmediamaster.unipr.it\/wmm\/wp-content\/uploads\/2022\/09\/tomorrow-new.jpg\" _builder_version=\"4.17.4\" _module_preset=\"default\" header_font=\"|600||on|||||\" header_text_color=\"#000000\" body_text_color=\"#000000\" background_color=\"#FFFFFF\" background_enable_color=\"on\" custom_button=\"on\" button_text_color=\"#000000\" text_orientation=\"center\" background_layout=\"light\" box_shadow_style_image=\"preset1\" box_shadow_style_button=\"preset4\" box_shadow_color_button=\"#0C71C3\" global_colors_info=\"{}\" sticky_transition=\"on\"]<\/p><p>\u00c8 un progetto di info-intelligence messo a punto nel corso della seconda edizione. \u00c8 stato sostenuto, anche con un contributo economico, da AGI (Agenzia giornalistica Italia). Esiste una demo e alcuni prototipi di un prodotto innovativo anche sul piano della costruzione di un modello di business per le news. E\u2019strutturato in quattro sezioni: rassegne stampa personalizzate; piani strategici e integrati di comunicazione&marketing; ricerche quali-quantitative di nuova generazione; web reporting previsionali.<\/p><p>[\/et_pb_slide][\/et_pb_slider][\/et_pb_column][et_pb_column type=\"1_3\" _builder_version=\"4.19.2\" _module_preset=\"default\" background_color=\"#FFFFFF\" box_shadow_style=\"preset3\" global_colors_info=\"{}\"][et_pb_slider _builder_version=\"4.19.2\" _module_preset=\"default\" custom_padding=\"||41px|||\" box_shadow_style=\"preset3\" global_colors_info=\"{}\"][et_pb_slide heading=\"Parma Home Restaurant\" image=\"https:\/\/www.webmediamaster.unipr.it\/wmm\/wp-content\/uploads\/2022\/09\/homerestaurant2.jpg\" _builder_version=\"4.19.2\" _module_preset=\"default\" header_font=\"|600||on|||||\" header_text_color=\"#000000\" body_text_color=\"#000000\" background_color=\"#FFFFFF\" background_enable_color=\"on\" custom_button=\"on\" button_text_color=\"#000000\" text_orientation=\"center\" background_layout=\"light\" box_shadow_style_image=\"preset1\" box_shadow_style_button=\"preset4\" box_shadow_color_button=\"#0C71C3\" global_colors_info=\"{}\" sticky_transition=\"on\"]<\/p><p>\u00c8 il primo festival della cucina domestica di Parma.<br \/>\u00c8 stato ideato e proposto nell\u2019ambito della terza edizione del Master, ma ha coinvolto anche masteristi della prima e seconda edizione: ha finalit\u00e0 promozionali per il territorio di Parma, food valley celebrata ma bisognosa di novit\u00e0 2.0, e scaturisce da una riflessione professionale sul ruolo che il web ha avuto e avr\u00e0 sempre pi\u00f9 nella costruzione della sharing economy.<\/p><p>\u00a0<\/p><p>\u00a0<\/p><p>[\/et_pb_slide][\/et_pb_slider][\/et_pb_column][\/et_pb_row][\/et_pb_section]<\/p>","_et_gb_content_width":""},"_links":{"self":[{"href":"https:\/\/www.webmediamaster.unipr.it\/wmm\/wp-json\/wp\/v2\/pages\/15"}],"collection":[{"href":"https:\/\/www.webmediamaster.unipr.it\/wmm\/wp-json\/wp\/v2\/pages"}],"about":[{"href":"https:\/\/www.webmediamaster.unipr.it\/wmm\/wp-json\/wp\/v2\/types\/page"}],"author":[{"embeddable":true,"href":"https:\/\/www.webmediamaster.unipr.it\/wmm\/wp-json\/wp\/v2\/users\/2"}],"replies":[{"embeddable":true,"href":"https:\/\/www.webmediamaster.unipr.it\/wmm\/wp-json\/wp\/v2\/comments?post=15"}],"version-history":[{"count":195,"href":"https:\/\/www.webmediamaster.unipr.it\/wmm\/wp-json\/wp\/v2\/pages\/15\/revisions"}],"predecessor-version":[{"id":1195,"href":"https:\/\/www.webmediamaster.unipr.it\/wmm\/wp-json\/wp\/v2\/pages\/15\/revisions\/1195"}],"wp:attachment":[{"href":"https:\/\/www.webmediamaster.unipr.it\/wmm\/wp-json\/wp\/v2\/media?parent=15"}],"curies":[{"name":"wp","href":"https:\/\/api.w.org\/{rel}","templated":true}]}}